{"id":297,"date":"2024-02-22T10:44:19","date_gmt":"2024-02-22T09:44:19","guid":{"rendered":"https:\/\/monitorykomercyjne.pl\/?post_type=product&#038;p=297"},"modified":"2024-05-09T09:39:58","modified_gmt":"2024-05-09T07:39:58","slug":"ds-d4248ri-cqfl-kolorowy-ekran-led","status":"publish","type":"product","link":"https:\/\/monitorykomercyjne.pl\/index.php\/produkt\/ds-d4248ri-cqfl-kolorowy-ekran-led\/","title":{"rendered":"DS-D4248RI-CQFL &#8211; Kolorowy ekran LED"},"content":{"rendered":"\n<div class=\"panel-body\">\n<div class=\"preserveFormatting\">\n<h4 class=\"promitel_function_header\">\n       <span style=\"font-size: 18px\"><br \/>\n         <strong>P4.8 Ekran LED  <\/strong><br \/>\n       <\/span><br \/>\n     <\/h4>\n<hr class=\"line\" \/>\n<ul class=\"product_description_item-list\">\n<li class=\"product_description_item\">\n         <span class=\"prodcuct_description_dot\"> <\/span\n        > <font style=\"vertical-align: inherit\"\n          > <font style=\"vertical-align: inherit\"\n            >Obudowa z odlewanego aluminium o wysokiej precyzji, ultracienka i<br \/>\n            lekka, 500 * 1000 \u2264 13 kg\/szaf\u0119, o grubo\u015bci zaledwie 85,5 mm; <\/font\n          > <\/font\n        >\n       <\/li>\n<li class=\"product_description_item\">\n         <span class=\"prodcuct_description_dot\"> <\/span\n        > <font style=\"vertical-align: inherit\"\n          > <font style=\"vertical-align: inherit\"\n            >Szafy o wymiarach 500 x 500\/500 x 1000 mm mo\u017cna miesza\u0107 i montowa\u0107<br \/>\n            w celu uzyskania r\u00f3\u017cnych kszta\u0142t\u00f3w; <\/font\n          > <\/font\n        >\n       <\/li>\n<li class=\"product_description_item\">\n         <span class=\"prodcuct_description_dot\"> <\/span\n        > <font style=\"vertical-align: inherit\"\n          > <font style=\"vertical-align: inherit\"\n            >Zar\u00f3wno szafki 500x500mm, jak i 500x1000mm wykorzystuj\u0105<br \/>\n            minimalistyczn\u0105 mini skrzynk\u0119 kontroln\u0105 tego samego modelu i mog\u0105<br \/>\n            by\u0107 wsp\u00f3\u0142dzielone, oszcz\u0119dzaj\u0105c czas instalacji i kalibracji; <\/font\n          > <\/font\n        >\n       <\/li>\n<li class=\"product_description_item\">\n         <span class=\"prodcuct_description_dot\"> <\/span\n        > <font style=\"vertical-align: inherit\"\n          > <font style=\"vertical-align: inherit\"\n            >Opcjonalny zamek zakrzywiony, umo\u017cliwiaj\u0105cy \u0142\u0105czenie du\u017cych ekran\u00f3w<br \/>\n            z k\u0105tem wewn\u0119trznym i zewn\u0119trznym \u00b1 10-15\u00b0, naro\u017cnikiem 90\u00b0<br \/>\n            itp.; <\/font\n          > <\/font\n        >\n       <\/li>\n<li class=\"product_description_item\">\n         <span class=\"prodcuct_description_dot\"> <\/span\n        > <font style=\"vertical-align: inherit\"\n          > <font style=\"vertical-align: inherit\"\n            >Modu\u0142owa konstrukcja zamka przyciskowego pozwala na szybki monta\u017c,<br \/>\n            demonta\u017c i konserwacj\u0119 w ci\u0105gu 5 sekund; <\/font\n          > <\/font\n        >\n       <\/li>\n<li class=\"product_description_item\">\n         <span class=\"prodcuct_description_dot\"> <\/span\n        > <font style=\"vertical-align: inherit\"\n          > <font style=\"vertical-align: inherit\"\n            >Pracuj w ciszy: bez wentylatora, ha\u0142as \u2264 40DB;  <\/font\n          > <font style=\"vertical-align: inherit\"\n            >Brak wp\u0142ywu na efekt audiowizualny na miejscu; <\/font\n          > <\/font\n        >\n       <\/li>\n<li class=\"product_description_item\">\n         <span class=\"prodcuct_description_dot\"> <\/span\n        > <font style=\"vertical-align: inherit\"\n          > <font style=\"vertical-align: inherit\"\n            >Plan optymalizacji du\u017cego ekranu w tle;  <\/font\n          > <font style=\"vertical-align: inherit\"\n            >Wysokie od\u015bwie\u017canie, lustrzanka, przechwytywanie migawki aparatu<br \/>\n            1\/3000S, brak migotania, brak linii skanowania duch\u00f3w; <\/font\n          > <\/font\n        >\n       <\/li>\n<li class=\"product_description_item\">\n         <span class=\"prodcuct_description_dot\"> <\/span\n        > <font style=\"vertical-align: inherit\"\n          > <font style=\"vertical-align: inherit\"\n            >Uniwersalne rozstawy pikseli do zastosowa\u0144 wewn\u0119trznych i<br \/>\n            zewn\u0119trznych z P1,9\/2,6\/2,9\/3,9\/4,8 ets. Specjalizujemy si\u0119 w<br \/>\n            dostarczaniu kompleksowych rozwi\u0105za\u0144 w zakresie wy\u015bwietlaczy LED na<br \/>\n            potrzeby wydarze\u0144, konferencji, scen, premier produkt\u00f3w i<br \/>\n            nieruchomo\u015bci. <\/font\n          > <\/font\n        >\n       <\/li>\n<\/ul>\n<div\n      class=\"abs-product-tab-panel\"\n      id=\"promitel_tabProductFeatures\"\n      data-grid-empty-aware=\"false\"\n    ><\/p>\n<section class=\"panel abs-panel\">\n<div class=\"panel-heading\">\n<h3>Specyfikacja produktu <\/h3>\n<\/p><\/div>\n<div class=\"tech-specs-items-description-wrap\">\n<ul class=\"tech-specs-items-description\" data-target=\"Cabinet\">\n<li class=\"tech-specs-items-description-list\">\n               <span class=\"tech-specs-items-description__title--heading\"\n                > <font style=\"vertical-align: inherit\"\n                  > <font style=\"vertical-align: inherit\">Obudowa <\/font> <\/font\n                > <\/span\n              >\n             <\/li>\n<li class=\"tech-specs-items-description-list\">\n               <span class=\"tech-specs-items-description__title\"\n                > <font style=\"vertical-align: inherit\"\n                  > <font style=\"vertical-align: inherit\"\n                    >Konfiguracja pikseli <\/font\n                  > <\/font\n                > <\/span\n              > <span class=\"tech-specs-items-description__title-details\"\n                > <font style=\"vertical-align: inherit\"\n                  > <font style=\"vertical-align: inherit\"\n                    >Triada LED SMD <\/font\n                  > <\/font\n                > <\/span\n              >\n             <\/li>\n<li class=\"tech-specs-items-description-list\">\n               <span class=\"tech-specs-items-description__title\"\n                > <font style=\"vertical-align: inherit\"\n                  > <font style=\"vertical-align: inherit\"\n                    >Kategoria rozstawu pikseli <\/font\n                  > <\/font\n                > <\/span\n              > <span class=\"tech-specs-items-description__title-details\"\n                > <font style=\"vertical-align: inherit\"\n                  > <font style=\"vertical-align: inherit\">P4.81 <\/font> <\/font\n                > <\/span\n              >\n             <\/li>\n<li class=\"tech-specs-items-description-list\">\n               <span class=\"tech-specs-items-description__title\"\n                > <font style=\"vertical-align: inherit\"\n                  > <font style=\"vertical-align: inherit\"\n                    >Rozstaw pikseli <\/font\n                  > <\/font\n                > <\/span\n              > <span class=\"tech-specs-items-description__title-details\"\n                > <font style=\"vertical-align: inherit\"\n                  > <font style=\"vertical-align: inherit\">4,81 mm <\/font> <\/font\n                > <\/span\n              >\n             <\/li>\n<li class=\"tech-specs-items-description-list\">\n               <span class=\"tech-specs-items-description__title\"\n                > <font style=\"vertical-align: inherit\"\n                  > <font style=\"vertical-align: inherit\"\n                    >Sk\u0142adnik modu\u0142\u00f3w <\/font\n                  > <\/font\n                > <\/span\n              > <span class=\"tech-specs-items-description__title-details\"\n                > <font style=\"vertical-align: inherit\"\n                  > <font style=\"vertical-align: inherit\">2 \u00d7 4 <\/font> <\/font\n                > <\/span\n              >\n             <\/li>\n<li class=\"tech-specs-items-description-list\">\n               <span class=\"tech-specs-items-description__title\"\n                > <font style=\"vertical-align: inherit\"\n                  > <font style=\"vertical-align: inherit\"\n                    >Wymiary (szer. \u00d7 wys. \u00d7 g\u0142.) <\/font\n                  > <\/font\n                > <\/span\n              > <span class=\"tech-specs-items-description__title-details\"\n                > <font style=\"vertical-align: inherit\"\n                  > <font style=\"vertical-align: inherit\"><br \/>\n                    500 mm \u00d7 1000 mm \u00d7 85,5 mm (19,69&#8243; \u00d7 39,4&#8243; \u00d7 3,37&#8243;) <\/font\n                  > <\/font\n                > <\/span\n              >\n             <\/li>\n<li class=\"tech-specs-items-description-list\">\n               <span class=\"tech-specs-items-description__title\"\n                > <font style=\"vertical-align: inherit\"\n                  > <font style=\"vertical-align: inherit\"\n                    >Rozdzielczo\u015b\u0107 <\/font\n                  > <\/font\n                > <\/span\n              > <span class=\"tech-specs-items-description__title-details\"\n                > <font style=\"vertical-align: inherit\"\n                  > <font style=\"vertical-align: inherit\">104 \u00d7 208 <\/font> <\/font\n                > <\/span\n              >\n             <\/li>\n<li class=\"tech-specs-items-description-list\">\n               <span class=\"tech-specs-items-description__title\"\n                > <font style=\"vertical-align: inherit\"\n                  > <font style=\"vertical-align: inherit\">Obszar <\/font> <\/font\n                > <\/span\n              > <span class=\"tech-specs-items-description__title-details\"\n                > <font style=\"vertical-align: inherit\"\n                  > <font style=\"vertical-align: inherit\">0,25 m\u00b2 <\/font> <\/font\n                > <\/span\n              >\n             <\/li>\n<li class=\"tech-specs-items-description-list\">\n               <span class=\"tech-specs-items-description__title\"\n                > <font style=\"vertical-align: inherit\"\n                  > <font style=\"vertical-align: inherit\">Waga <\/font> <\/font\n                > <\/span\n              > <span class=\"tech-specs-items-description__title-details\"\n                > <font style=\"vertical-align: inherit\"\n                  > <font style=\"vertical-align: inherit\"><br \/>\n                    13 kg (28,66 funta) <\/font\n                  > <\/font\n                > <\/span\n              >\n             <\/li>\n<li class=\"tech-specs-items-description-list\">\n               <span class=\"tech-specs-items-description__title\"\n                > <font style=\"vertical-align: inherit\"\n                  > <font style=\"vertical-align: inherit\"\n                    >Zag\u0119szczenie pikseli <\/font\n                  > <\/font\n                > <\/span\n              > <span class=\"tech-specs-items-description__title-details\"\n                > <font style=\"vertical-align: inherit\"\n                  > <font style=\"vertical-align: inherit\"\n                    >43264 punkt\u00f3w\/m\u00b2 <\/font\n                  > <\/font\n                > <\/span\n              >\n             <\/li>\n<li class=\"tech-specs-items-description-list\">\n               <span class=\"tech-specs-items-description__title\"\n                > <font style=\"vertical-align: inherit\"\n                  > <font style=\"vertical-align: inherit\"\n                    >Obudowa p\u0142yty lampy <\/font\n                  > <\/font\n                > <\/span\n              > <span class=\"tech-specs-items-description__title-details\"\n                > <font style=\"vertical-align: inherit\"\n                  > <font style=\"vertical-align: inherit\">z obudow\u0105 <\/font> <\/font\n                > <\/span\n              >\n             <\/li>\n<li class=\"tech-specs-items-description-list\">\n               <span class=\"tech-specs-items-description__title\"\n                > <font style=\"vertical-align: inherit\"\n                  > <font style=\"vertical-align: inherit\"\n                    >Materia\u0142 szafki <\/font\n                  > <\/font\n                > <\/span\n              > <span class=\"tech-specs-items-description__title-details\"\n                > <font style=\"vertical-align: inherit\"\n                  > <font style=\"vertical-align: inherit\"\n                    >Odlew aluminiowy <\/font\n                  > <\/font\n                > <\/span\n              >\n             <\/li>\n<li class=\"tech-specs-items-description-list\">\n               <span class=\"tech-specs-items-description__title\"\n                > <font style=\"vertical-align: inherit\"\n                  > <font style=\"vertical-align: inherit\"\n                    >Metoda konserwacji <\/font\n                  > <\/font\n                > <\/span\n              > <span class=\"tech-specs-items-description__title-details\"\n                > <font style=\"vertical-align: inherit\"\n                  > <font style=\"vertical-align: inherit\"\n                    >Konserwacja przodu\/ty\u0142u <\/font\n                  > <\/font\n                > <\/span\n              >\n             <\/li>\n<li class=\"tech-specs-items-description-list\">\n               <span class=\"tech-specs-items-description__title\"\n                > <font style=\"vertical-align: inherit\"\n                  > <font style=\"vertical-align: inherit\"\n                    >P\u0142asko\u015b\u0107 szafki <\/font\n                  > <\/font\n                > <\/span\n              > <span class=\"tech-specs-items-description__title-details\"\n                > <font style=\"vertical-align: inherit\"\n                  > <font style=\"vertical-align: inherit\">0,2 mm <\/font> <\/font\n                > <\/span\n              >\n             <\/li>\n<li class=\"tech-specs-items-description-list\">\n               <span class=\"tech-specs-items-description__title\"\n                > <font style=\"vertical-align: inherit\"\n                  > <font style=\"vertical-align: inherit\"\n                    >Poziom ochrony <\/font\n                  > <\/font\n                > <\/span\n              > <span class=\"tech-specs-items-description__title-details\"\n                > <font style=\"vertical-align: inherit\"\n                  > <font style=\"vertical-align: inherit\"\n                    >IP40(F)\/IP40(R) <\/font\n                  > <\/font\n                > <\/span\n              >\n             <\/li>\n<\/ul>\n<ul class=\"tech-specs-items-description\" data-target=\"Display\">\n<li class=\"tech-specs-items-description-list\">\n               <span class=\"tech-specs-items-description__title--heading\"\n                > <font style=\"vertical-align: inherit\"\n                  > <font style=\"vertical-align: inherit\"\n                    >Wy\u015bwietlacz <\/font\n                  > <\/font\n                > <\/span\n              >\n             <\/li>\n<li class=\"tech-specs-items-description-list\">\n               <span class=\"tech-specs-items-description__title\"\n                > <font style=\"vertical-align: inherit\"\n                  > <font style=\"vertical-align: inherit\"\n                    >Jasno\u015b\u0107 balansu bieli <\/font\n                  > <\/font\n                > <\/span\n              > <span class=\"tech-specs-items-description__title-details\"\n                > <font style=\"vertical-align: inherit\"\n                  > <font style=\"vertical-align: inherit\">800 cd\/m\u00b2 <\/font> <\/font\n                > <\/span\n              >\n             <\/li>\n<li class=\"tech-specs-items-description-list\">\n               <span class=\"tech-specs-items-description__title\"\n                > <font style=\"vertical-align: inherit\"\n                  > <font style=\"vertical-align: inherit\"\n                    >Temperatura koloru <\/font\n                  > <\/font\n                > <\/span\n              > <span class=\"tech-specs-items-description__title-details\"\n                > <font style=\"vertical-align: inherit\"\n                  > <font style=\"vertical-align: inherit\"\n                    >Regulacja w zakresie od 3000 K do 10 000 K <\/font\n                  > <\/font\n                > <\/span\n              >\n             <\/li>\n<li class=\"tech-specs-items-description-list\">\n               <span class=\"tech-specs-items-description__title\"\n                > <font style=\"vertical-align: inherit\"\n                  > <font style=\"vertical-align: inherit\"\n                    >K\u0105t widzenia <\/font\n                  > <\/font\n                > <\/span\n              > <span class=\"tech-specs-items-description__title-details\"\n                > <font style=\"vertical-align: inherit\"\n                  > <font style=\"vertical-align: inherit\"\n                    >Poziomo 120\u00b0, pionowo 120\u00b0 <\/font\n                  > <\/font\n                > <\/span\n              >\n             <\/li>\n<li class=\"tech-specs-items-description-list\">\n               <span class=\"tech-specs-items-description__title\"\n                > <font style=\"vertical-align: inherit\"\n                  > <font style=\"vertical-align: inherit\"\n                    >Wsp\u00f3\u0142czynnik kontrastu <\/font\n                  > <\/font\n                > <\/span\n              > <span class=\"tech-specs-items-description__title-details\"\n                > <font style=\"vertical-align: inherit\"\n                  > <font style=\"vertical-align: inherit\">\u2265 6000:1 <\/font> <\/font\n                > <\/span\n              >\n             <\/li>\n<li class=\"tech-specs-items-description-list\">\n               <span class=\"tech-specs-items-description__title\"\n                > <font style=\"vertical-align: inherit\"\n                  > <font style=\"vertical-align: inherit\"\n                    >Jednolito\u015b\u0107 koloru <\/font\n                  > <\/font\n                > <\/span\n              > <span class=\"tech-specs-items-description__title-details\"\n                > <font style=\"vertical-align: inherit\"\n                  > <font style=\"vertical-align: inherit\"\n                    >\u2264 \u00b1 0,003Cx\uff0cCy <\/font\n                  > <\/font\n                > <\/span\n              >\n             <\/li>\n<li class=\"tech-specs-items-description-list\">\n               <span class=\"tech-specs-items-description__title\"\n                > <font style=\"vertical-align: inherit\"\n                  > <font style=\"vertical-align: inherit\"\n                    >Jednolito\u015b\u0107 jasno\u015bci <\/font\n                  > <\/font\n                > <\/span\n              > <span class=\"tech-specs-items-description__title-details\"\n                > <font style=\"vertical-align: inherit\"\n                  > <font style=\"vertical-align: inherit\">\u2265 97% <\/font> <\/font\n                > <\/span\n              >\n             <\/li>\n<\/ul>\n<ul\n            class=\"tech-specs-items-description\"\n            data-target=\"Processing Performance\"\n          ><\/p>\n<li class=\"tech-specs-items-description-list\">\n               <span class=\"tech-specs-items-description__title--heading\"\n                > <font style=\"vertical-align: inherit\"\n                  > <font style=\"vertical-align: inherit\"\n                    >Wydajno\u015b\u0107 przetwarzania <\/font\n                  > <\/font\n                > <\/span\n              >\n             <\/li>\n<li class=\"tech-specs-items-description-list\">\n               <span class=\"tech-specs-items-description__title\"\n                > <font style=\"vertical-align: inherit\"\n                  > <font style=\"vertical-align: inherit\"\n                    >Metoda sterowania <\/font\n                  > <\/font\n                > <\/span\n              > <span class=\"tech-specs-items-description__title-details\"\n                > <font style=\"vertical-align: inherit\"\n                  > <font style=\"vertical-align: inherit\"\n                    >Sterowanie pr\u0105dem sta\u0142ym <\/font\n                  > <\/font\n                > <\/span\n              >\n             <\/li>\n<li class=\"tech-specs-items-description-list\">\n               <span class=\"tech-specs-items-description__title\"\n                > <font style=\"vertical-align: inherit\"\n                  > <font style=\"vertical-align: inherit\"\n                    >Cz\u0119stotliwo\u015b\u0107 klatek <\/font\n                  > <\/font\n                > <\/span\n              > <span class=\"tech-specs-items-description__title-details\"\n                > <font style=\"vertical-align: inherit\"\n                  > <font style=\"vertical-align: inherit\">60 Hz <\/font> <\/font\n                > <\/span\n              >\n             <\/li>\n<li class=\"tech-specs-items-description-list\">\n               <span class=\"tech-specs-items-description__title\"\n                > <font style=\"vertical-align: inherit\"\n                  > <font style=\"vertical-align: inherit\"\n                    >Cz\u0119stotliwo\u015b\u0107 od\u015bwie\u017cania <\/font\n                  > <\/font\n                > <\/span\n              > <span class=\"tech-specs-items-description__title-details\"\n                > <font style=\"vertical-align: inherit\"\n                  > <font style=\"vertical-align: inherit\">3840 Hz <\/font> <\/font\n                > <\/span\n              >\n             <\/li>\n<li class=\"tech-specs-items-description-list\">\n               <span class=\"tech-specs-items-description__title\"\n                > <font style=\"vertical-align: inherit\"\n                  > <font style=\"vertical-align: inherit\"\n                    >Poziom szaro\u015bci <\/font\n                  > <\/font\n                > <\/span\n              > <span class=\"tech-specs-items-description__title-details\"\n                > <font style=\"vertical-align: inherit\"\n                  > <font style=\"vertical-align: inherit\">14-bitowy <\/font> <\/font\n                > <\/span\n              >\n             <\/li>\n<li class=\"tech-specs-items-description-list\">\n               <span class=\"tech-specs-items-description__title\"\n                > <font style=\"vertical-align: inherit\"\n                  > <font style=\"vertical-align: inherit\"\n                    >Kolor wy\u015bwietlacza <\/font\n                  > <\/font\n                > <\/span\n              > <span class=\"tech-specs-items-description__title-details\"\n                > <font style=\"vertical-align: inherit\"\n                  > <font style=\"vertical-align: inherit\"\n                    >4,39 biliona <\/font\n                  > <\/font\n                > <\/span\n              >\n             <\/li>\n<\/ul>\n<ul class=\"tech-specs-items-description\" data-target=\"Power\">\n<li class=\"tech-specs-items-description-list\">\n               <span class=\"tech-specs-items-description__title--heading\"\n                > <font style=\"vertical-align: inherit\"\n                  > <font style=\"vertical-align: inherit\">Moc <\/font> <\/font\n                > <\/span\n              >\n             <\/li>\n<li class=\"tech-specs-items-description-list\">\n               <span class=\"tech-specs-items-description__title\"\n                > <font style=\"vertical-align: inherit\"\n                  > <font style=\"vertical-align: inherit\">Zasilacz <\/font> <\/font\n                > <\/span\n              > <span class=\"tech-specs-items-description__title-details\"\n                > <font style=\"vertical-align: inherit\"\n                  > <font style=\"vertical-align: inherit\"\n                    >110 ~ 220 V AC \u00b1 15% <\/font\n                  > <\/font\n                > <\/span\n              >\n             <\/li>\n<li class=\"tech-specs-items-description-list\">\n               <span class=\"tech-specs-items-description__title\"\n                > <font style=\"vertical-align: inherit\"\n                  > <font style=\"vertical-align: inherit\">Maks.  <\/font\n                  > <font style=\"vertical-align: inherit\">Konsumpcja <\/font> <\/font\n                > <\/span\n              > <span class=\"tech-specs-items-description__title-details\"\n                > <font style=\"vertical-align: inherit\"\n                  > <font style=\"vertical-align: inherit\">\u2264 500 W\/m\u00b2 <\/font> <\/font\n                > <\/span\n              >\n             <\/li>\n<li class=\"tech-specs-items-description-list\">\n               <span class=\"tech-specs-items-description__title\"\n                > <font style=\"vertical-align: inherit\"\n                  > <font style=\"vertical-align: inherit\"\n                    >\u015arednia konsumpcja <\/font\n                  > <\/font\n                > <\/span\n              > <span class=\"tech-specs-items-description__title-details\"\n                > <font style=\"vertical-align: inherit\"\n                  > <font style=\"vertical-align: inherit\">\u2264 170 W\/m\u00b2 <\/font> <\/font\n                > <\/span\n              >\n             <\/li>\n<\/ul>\n<ul\n            class=\"tech-specs-items-description\"\n            data-target=\"Working Environment\"\n          ><\/p>\n<li class=\"tech-specs-items-description-list\">\n               <span class=\"tech-specs-items-description__title--heading\"\n                > <font style=\"vertical-align: inherit\"\n                  > <font style=\"vertical-align: inherit\"\n                    >\u015arodowisko pracy <\/font\n                  > <\/font\n                > <\/span\n              >\n             <\/li>\n<li class=\"tech-specs-items-description-list\">\n               <span class=\"tech-specs-items-description__title\"\n                > <font style=\"vertical-align: inherit\"\n                  > <font style=\"vertical-align: inherit\"\n                    >Temperatura pracy <\/font\n                  > <\/font\n                > <\/span\n              > <span class=\"tech-specs-items-description__title-details\"\n                > <font style=\"vertical-align: inherit\"\n                  > <font style=\"vertical-align: inherit\">-15-50 \u2103 <\/font> <\/font\n                > <\/span\n              >\n             <\/li>\n<li class=\"tech-specs-items-description-list\">\n               <span class=\"tech-specs-items-description__title\"\n                > <font style=\"vertical-align: inherit\"\n                  > <font style=\"vertical-align: inherit\"\n                    >Wilgotno\u015b\u0107 robocza <\/font\n                  > <\/font\n                > <\/span\n              > <span class=\"tech-specs-items-description__title-details\"\n                > <font style=\"vertical-align: inherit\"\n                  > <font style=\"vertical-align: inherit\"\n                    >10% do 90% RH (bez kondensacji) <\/font\n                  > <\/font\n                > <\/span\n              >\n             <\/li>\n<li class=\"tech-specs-items-description-list\">\n               <span class=\"tech-specs-items-description__title\"\n                > <font style=\"vertical-align: inherit\"\n                  > <font style=\"vertical-align: inherit\"\n                    >Wilgotno\u015b\u0107 przechowywania <\/font\n                  > <\/font\n                > <\/span\n              > <span class=\"tech-specs-items-description__title-details\"\n                > <font style=\"vertical-align: inherit\"\n                  > <font style=\"vertical-align: inherit\"\n                    >10% do 90% RH (bez kondensacji) <\/font\n                  > <\/font\n                > <\/span\n              >\n             <\/li>\n<li class=\"tech-specs-items-description-list\">\n               <span class=\"tech-specs-items-description__title\"\n                > <font style=\"vertical-align: inherit\"\n                  > <font style=\"vertical-align: inherit\"\n                    >Temperatura przechowywania <\/font\n                  > <\/font\n                > <\/span\n              > <span class=\"tech-specs-items-description__title-details\"\n                > <font style=\"vertical-align: inherit\"\n                  > <font style=\"vertical-align: inherit\">-40 ~ 80 \u2103 <\/font> <\/font\n                > <\/span\n              >\n             <\/li>\n<\/ul>\n<ul\n            class=\"tech-specs-items-description\"\n            data-target=\"General\"\n            style=\"margin-bottom: 322px\"\n          ><\/p>\n<li class=\"tech-specs-items-description-list\">\n               <span class=\"tech-specs-items-description__title--heading\"\n                > <font style=\"vertical-align: inherit\"\n                  > <font style=\"vertical-align: inherit\">Og\u00f3lny <\/font> <\/font\n                > <\/span\n              >\n             <\/li>\n<li class=\"tech-specs-items-description-list\">\n               <span class=\"tech-specs-items-description__title\"\n                > <font style=\"vertical-align: inherit\"\n                  > <font style=\"vertical-align: inherit\"\n                    >Waga brutto <\/font\n                  > <\/font\n                > <\/span\n              > <span class=\"tech-specs-items-description__title-details\"\n                > <font style=\"vertical-align: inherit\"\n                  > <font style=\"vertical-align: inherit\"><br \/>\n                    115 kg (253,53 funta) (8 sztuk\/etui) <\/font\n                  > <\/font\n                > <\/span\n              >\n             <\/li>\n<li class=\"tech-specs-items-description-list\">\n               <span class=\"tech-specs-items-description__title\"\n                > <font style=\"vertical-align: inherit\"\n                  > <font style=\"vertical-align: inherit\"\n                    >Wymiary opakowania (szer. \u00d7 wys. \u00d7 g\u0142\u0119b.) <\/font\n                  > <\/font\n                > <\/span\n              > <span class=\"tech-specs-items-description__title-details\"\n                > <font style=\"vertical-align: inherit\"\n                  > <font style=\"vertical-align: inherit\"><br \/>\n                    1100 mm x 740 mm x 760 mm (43,31&#8243; \u00d7 29,13&#8243; x 29,92&#8243;) <\/font\n                  > <\/font\n                > <\/span\n              >\n             <\/li>\n<li class=\"tech-specs-items-description-list\">\n               <span class=\"tech-specs-items-description__title\"\n                > <font style=\"vertical-align: inherit\"\n                  > <font style=\"vertical-align: inherit\"\n                    >D\u0142ugo\u015b\u0107 \u017cycia <\/font\n                  > <\/font\n                > <\/span\n              > <span class=\"tech-specs-items-description__title-details\"\n                > <font style=\"vertical-align: inherit\"\n                  > <font style=\"vertical-align: inherit\"\n                    >Lampa 100 000 godzin <\/font\n                  > <\/font\n                > <\/span\n              >\n             <\/li>\n<\/ul><\/div>\n<\/section><\/div>\n<\/p><\/div>\n<\/p><\/div>\n","protected":false},"excerpt":{"rendered":"<table width=\"298\">\n<tbody>\n<tr>\n<td width=\"298\">\u00a0LED, do u\u017cytku wewn\u0105trz, rozstaw pikseli 4,8 mm, 500*1000 mm\/szaf\u0119, rozdzielczo\u015b\u0107 104*208\/szaf\u0119, 800 nit\u00f3w. Konserwacja z przodu, projekt szybkiej instalacji, z walizk\u0105 6 w 1<\/td>\n<\/tr>\n<\/tbody>\n<\/table>\n<p>&nbsp;<\/p>\n","protected":false},"featured_media":164,"template":"","meta":{"inline_featured_image":false,"neve_meta_sidebar":"","neve_meta_container":"","neve_meta_enable_content_width":"off","neve_meta_content_width":100,"neve_meta_title_alignment":"","neve_meta_author_avatar":"","neve_post_elements_order":"","neve_meta_disable_header":"","neve_meta_disable_footer":"","neve_meta_disable_title":""},"pwb-brand":[29],"product_cat":[21,26],"product_tag":[],"yoast_head":"<!-- This site is optimized with the Yoast SEO plugin v22.6 - https:\/\/yoast.com\/wordpress\/plugins\/seo\/ -->\n<title>DS-D4248RI-CQFL - Kolorowy ekran LED - Monitory Komercyjne Monitory komercyjne<\/title>\n<meta name=\"robots\" content=\"index, follow, max-snippet:-1, max-image-preview:large, max-video-preview:-1\" \/>\n<link rel=\"canonical\" href=\"https:\/\/monitorykomercyjne.pl\/index.php\/produkt\/ds-d4248ri-cqfl-kolorowy-ekran-led\/\" \/>\n<meta property=\"og:locale\" content=\"pl_PL\" \/>\n<meta property=\"og:type\" content=\"article\" \/>\n<meta property=\"og:title\" content=\"DS-D4248RI-CQFL - Kolorowy ekran LED - Monitory Komercyjne Monitory komercyjne\" \/>\n<meta property=\"og:description\" content=\"\u00a0LED, do u\u017cytku wewn\u0105trz, rozstaw pikseli 4,8 mm, 500*1000 mm\/szaf\u0119, rozdzielczo\u015b\u0107 104*208\/szaf\u0119, 800 nit\u00f3w. Konserwacja z przodu, projekt szybkiej instalacji, z walizk\u0105 6 w 1    &nbsp;\" \/>\n<meta property=\"og:url\" content=\"https:\/\/monitorykomercyjne.pl\/index.php\/produkt\/ds-d4248ri-cqfl-kolorowy-ekran-led\/\" \/>\n<meta property=\"og:site_name\" content=\"Monitory Komercyjne\" \/>\n<meta property=\"article:modified_time\" content=\"2024-05-09T07:39:58+00:00\" \/>\n<meta property=\"og:image\" content=\"https:\/\/monitorykomercyjne.pl\/wp-content\/uploads\/2024\/02\/DS-D4248RI-CQFL_foto1.png\" \/>\n\t<meta property=\"og:image:width\" content=\"960\" \/>\n\t<meta property=\"og:image:height\" content=\"720\" \/>\n\t<meta property=\"og:image:type\" content=\"image\/png\" \/>\n<meta name=\"twitter:card\" content=\"summary_large_image\" \/>\n<meta name=\"twitter:label1\" content=\"Szacowany czas czytania\" \/>\n\t<meta name=\"twitter:data1\" content=\"2 minuty\" \/>\n<script type=\"application\/ld+json\" class=\"yoast-schema-graph\">{\"@context\":\"https:\/\/schema.org\",\"@graph\":[{\"@type\":\"WebPage\",\"@id\":\"https:\/\/monitorykomercyjne.pl\/index.php\/produkt\/ds-d4248ri-cqfl-kolorowy-ekran-led\/\",\"url\":\"https:\/\/monitorykomercyjne.pl\/index.php\/produkt\/ds-d4248ri-cqfl-kolorowy-ekran-led\/\",\"name\":\"DS-D4248RI-CQFL - Kolorowy ekran LED - Monitory Komercyjne Monitory komercyjne\",\"isPartOf\":{\"@id\":\"https:\/\/monitorykomercyjne.pl\/#website\"},\"primaryImageOfPage\":{\"@id\":\"https:\/\/monitorykomercyjne.pl\/index.php\/produkt\/ds-d4248ri-cqfl-kolorowy-ekran-led\/#primaryimage\"},\"image\":{\"@id\":\"https:\/\/monitorykomercyjne.pl\/index.php\/produkt\/ds-d4248ri-cqfl-kolorowy-ekran-led\/#primaryimage\"},\"thumbnailUrl\":\"https:\/\/monitorykomercyjne.pl\/wp-content\/uploads\/2024\/02\/DS-D4248RI-CQFL_foto1.png\",\"datePublished\":\"2024-02-22T09:44:19+00:00\",\"dateModified\":\"2024-05-09T07:39:58+00:00\",\"breadcrumb\":{\"@id\":\"https:\/\/monitorykomercyjne.pl\/index.php\/produkt\/ds-d4248ri-cqfl-kolorowy-ekran-led\/#breadcrumb\"},\"inLanguage\":\"pl-PL\",\"potentialAction\":[{\"@type\":\"ReadAction\",\"target\":[\"https:\/\/monitorykomercyjne.pl\/index.php\/produkt\/ds-d4248ri-cqfl-kolorowy-ekran-led\/\"]}]},{\"@type\":\"ImageObject\",\"inLanguage\":\"pl-PL\",\"@id\":\"https:\/\/monitorykomercyjne.pl\/index.php\/produkt\/ds-d4248ri-cqfl-kolorowy-ekran-led\/#primaryimage\",\"url\":\"https:\/\/monitorykomercyjne.pl\/wp-content\/uploads\/2024\/02\/DS-D4248RI-CQFL_foto1.png\",\"contentUrl\":\"https:\/\/monitorykomercyjne.pl\/wp-content\/uploads\/2024\/02\/DS-D4248RI-CQFL_foto1.png\",\"width\":960,\"height\":720},{\"@type\":\"BreadcrumbList\",\"@id\":\"https:\/\/monitorykomercyjne.pl\/index.php\/produkt\/ds-d4248ri-cqfl-kolorowy-ekran-led\/#breadcrumb\",\"itemListElement\":[{\"@type\":\"ListItem\",\"position\":1,\"name\":\"Strona g\u0142\u00f3wna\",\"item\":\"https:\/\/monitorykomercyjne.pl\/\"},{\"@type\":\"ListItem\",\"position\":2,\"name\":\"Produkty\",\"item\":\"https:\/\/monitorykomercyjne.pl\/index.php\/produkty\/\"},{\"@type\":\"ListItem\",\"position\":3,\"name\":\"DS-D4248RI-CQFL &#8211; Kolorowy ekran LED\"}]},{\"@type\":\"WebSite\",\"@id\":\"https:\/\/monitorykomercyjne.pl\/#website\",\"url\":\"https:\/\/monitorykomercyjne.pl\/\",\"name\":\"Monitory Komercyjne\",\"description\":\"\",\"potentialAction\":[{\"@type\":\"SearchAction\",\"target\":{\"@type\":\"EntryPoint\",\"urlTemplate\":\"https:\/\/monitorykomercyjne.pl\/?s={search_term_string}\"},\"query-input\":\"required name=search_term_string\"}],\"inLanguage\":\"pl-PL\"}]}<\/script>\n<!-- \/ Yoast SEO plugin. -->","yoast_head_json":{"title":"DS-D4248RI-CQFL - Kolorowy ekran LED - Monitory Komercyjne Monitory komercyjne","robots":{"index":"index","follow":"follow","max-snippet":"max-snippet:-1","max-image-preview":"max-image-preview:large","max-video-preview":"max-video-preview:-1"},"canonical":"https:\/\/monitorykomercyjne.pl\/index.php\/produkt\/ds-d4248ri-cqfl-kolorowy-ekran-led\/","og_locale":"pl_PL","og_type":"article","og_title":"DS-D4248RI-CQFL - Kolorowy ekran LED - Monitory Komercyjne Monitory komercyjne","og_description":"\u00a0LED, do u\u017cytku wewn\u0105trz, rozstaw pikseli 4,8 mm, 500*1000 mm\/szaf\u0119, rozdzielczo\u015b\u0107 104*208\/szaf\u0119, 800 nit\u00f3w. Konserwacja z przodu, projekt szybkiej instalacji, z walizk\u0105 6 w 1    &nbsp;","og_url":"https:\/\/monitorykomercyjne.pl\/index.php\/produkt\/ds-d4248ri-cqfl-kolorowy-ekran-led\/","og_site_name":"Monitory Komercyjne","article_modified_time":"2024-05-09T07:39:58+00:00","og_image":[{"width":960,"height":720,"url":"https:\/\/monitorykomercyjne.pl\/wp-content\/uploads\/2024\/02\/DS-D4248RI-CQFL_foto1.png","type":"image\/png"}],"twitter_card":"summary_large_image","twitter_misc":{"Szacowany czas czytania":"2 minuty"},"schema":{"@context":"https:\/\/schema.org","@graph":[{"@type":"WebPage","@id":"https:\/\/monitorykomercyjne.pl\/index.php\/produkt\/ds-d4248ri-cqfl-kolorowy-ekran-led\/","url":"https:\/\/monitorykomercyjne.pl\/index.php\/produkt\/ds-d4248ri-cqfl-kolorowy-ekran-led\/","name":"DS-D4248RI-CQFL - Kolorowy ekran LED - Monitory Komercyjne Monitory komercyjne","isPartOf":{"@id":"https:\/\/monitorykomercyjne.pl\/#website"},"primaryImageOfPage":{"@id":"https:\/\/monitorykomercyjne.pl\/index.php\/produkt\/ds-d4248ri-cqfl-kolorowy-ekran-led\/#primaryimage"},"image":{"@id":"https:\/\/monitorykomercyjne.pl\/index.php\/produkt\/ds-d4248ri-cqfl-kolorowy-ekran-led\/#primaryimage"},"thumbnailUrl":"https:\/\/monitorykomercyjne.pl\/wp-content\/uploads\/2024\/02\/DS-D4248RI-CQFL_foto1.png","datePublished":"2024-02-22T09:44:19+00:00","dateModified":"2024-05-09T07:39:58+00:00","breadcrumb":{"@id":"https:\/\/monitorykomercyjne.pl\/index.php\/produkt\/ds-d4248ri-cqfl-kolorowy-ekran-led\/#breadcrumb"},"inLanguage":"pl-PL","potentialAction":[{"@type":"ReadAction","target":["https:\/\/monitorykomercyjne.pl\/index.php\/produkt\/ds-d4248ri-cqfl-kolorowy-ekran-led\/"]}]},{"@type":"ImageObject","inLanguage":"pl-PL","@id":"https:\/\/monitorykomercyjne.pl\/index.php\/produkt\/ds-d4248ri-cqfl-kolorowy-ekran-led\/#primaryimage","url":"https:\/\/monitorykomercyjne.pl\/wp-content\/uploads\/2024\/02\/DS-D4248RI-CQFL_foto1.png","contentUrl":"https:\/\/monitorykomercyjne.pl\/wp-content\/uploads\/2024\/02\/DS-D4248RI-CQFL_foto1.png","width":960,"height":720},{"@type":"BreadcrumbList","@id":"https:\/\/monitorykomercyjne.pl\/index.php\/produkt\/ds-d4248ri-cqfl-kolorowy-ekran-led\/#breadcrumb","itemListElement":[{"@type":"ListItem","position":1,"name":"Strona g\u0142\u00f3wna","item":"https:\/\/monitorykomercyjne.pl\/"},{"@type":"ListItem","position":2,"name":"Produkty","item":"https:\/\/monitorykomercyjne.pl\/index.php\/produkty\/"},{"@type":"ListItem","position":3,"name":"DS-D4248RI-CQFL &#8211; Kolorowy ekran LED"}]},{"@type":"WebSite","@id":"https:\/\/monitorykomercyjne.pl\/#website","url":"https:\/\/monitorykomercyjne.pl\/","name":"Monitory Komercyjne","description":"","potentialAction":[{"@type":"SearchAction","target":{"@type":"EntryPoint","urlTemplate":"https:\/\/monitorykomercyjne.pl\/?s={search_term_string}"},"query-input":"required name=search_term_string"}],"inLanguage":"pl-PL"}]}},"brands":[{"id":29,"name":"Hikvision","slug":"hikvision"}],"_links":{"self":[{"href":"https:\/\/monitorykomercyjne.pl\/index.php\/wp-json\/wp\/v2\/product\/297"}],"collection":[{"href":"https:\/\/monitorykomercyjne.pl\/index.php\/wp-json\/wp\/v2\/product"}],"about":[{"href":"https:\/\/monitorykomercyjne.pl\/index.php\/wp-json\/wp\/v2\/types\/product"}],"wp:featuredmedia":[{"embeddable":true,"href":"https:\/\/monitorykomercyjne.pl\/index.php\/wp-json\/wp\/v2\/media\/164"}],"wp:attachment":[{"href":"https:\/\/monitorykomercyjne.pl\/index.php\/wp-json\/wp\/v2\/media?parent=297"}],"wp:term":[{"taxonomy":"pwb-brand","embeddable":true,"href":"https:\/\/monitorykomercyjne.pl\/index.php\/wp-json\/wp\/v2\/pwb-brand?post=297"},{"taxonomy":"product_cat","embeddable":true,"href":"https:\/\/monitorykomercyjne.pl\/index.php\/wp-json\/wp\/v2\/product_cat?post=297"},{"taxonomy":"product_tag","embeddable":true,"href":"https:\/\/monitorykomercyjne.pl\/index.php\/wp-json\/wp\/v2\/product_tag?post=297"}],"curies":[{"name":"wp","href":"https:\/\/api.w.org\/{rel}","templated":true}]}}