{"id":386,"date":"2024-03-01T10:21:15","date_gmt":"2024-03-01T09:21:15","guid":{"rendered":"https:\/\/monitorykomercyjne.pl\/?post_type=product&#038;p=386"},"modified":"2024-05-09T09:39:54","modified_gmt":"2024-05-09T07:39:54","slug":"nec-multisync-e274fl-monitor-27","status":"publish","type":"product","link":"https:\/\/monitorykomercyjne.pl\/index.php\/produkt\/nec-multisync-e274fl-monitor-27\/","title":{"rendered":"NEC MultiSync E274FL &#8211; Monitor 27&#8243;"},"content":{"rendered":"<section id=\"overview\" class=\"row\">\n<div class=\"columns medium-6\">\n<p><!-- ossproductdescstart --><\/p>\n<p><b>Z\u00a0my\u015bl\u0105 o\u00a0miejscu pracy <\/b><\/p>\n<p>Monitory biurkowe z\u00a0serii\u00a0E zapewniaj\u0105 niezawodno\u015b\u0107 i\u00a0wydajno\u015b\u0107 charakterystyczne dla firmy Sharp\/NEC przy bardzo konkurencyjnej cenie, przez co pozwalaj\u0105 ograniczy\u0107 koszty bez rezygnowania z\u00a0wysokiej jako\u015bci.<\/p>\n<p>Podczas ich projektowania g\u0142\u00f3wny nacisk po\u0142o\u017cono na ergonomi\u0119 miejsca pracy, poniewa\u017c priorytetem jest dla nas komfort u\u017cytkownika. Dzi\u0119ki regulacji wysoko\u015bci do 120\u00a0mm z\u00a0mo\u017cliwo\u015bci\u0105 zmiany orientacji ekranu, jego pochylenia i\u00a0obrotu w\u00a0poziomie urz\u0105dzenie mo\u017cna dostosowa\u0107 do indywidualnych potrzeb, a\u00a0wbudowane technologie odfiltrowywania szkodliwego \u015bwiat\u0142a niebieskiego (Low Blue Light) i\u00a0eliminacji migotania (Flicker-Free) chroni\u0105 oczy bez szkody dla jako\u015bci obrazu. Urz\u0105dzenia dost\u0119pne s\u0105 w\u00a0kolorze czarnym lub bia\u0142ym, przez co mo\u017cna je dopasowa\u0107 do wn\u0119trza biura, dbaj\u0105c jednocze\u015bnie o\u00a0ergonomi\u0119 \u2014 bia\u0142e monitory zainstalowane przed bia\u0142ymi \u015bcianami ograniczaj\u0105 wra\u017cenie widzenia tunelowego.<\/p>\n<p>Opr\u00f3cz optymalizacji koszt\u00f3w, 24- i 27-calowe modele FL maj\u0105 wbudowan\u0105 \u0142\u0105czno\u015b\u0107 LAN i USB-C, co minimalizuje okablowanie i zamienia monitor w komunikacyjny hub dokuj\u0105cy.<\/p>\n<p>Od\u015bwie\u017cony uk\u0142ad menu ekranowego (OSD) gwarantuje intuicyjn\u0105 obs\u0142ug\u0119, pozwala oszcz\u0119dzi\u0107 czas i eliminuje frustracje podczas konfigurowania i regulacji. Ten monitor w rozdzielczo\u015bci Full HD z technologi\u0105 ekranu VA doskonale nadaje si\u0119 do biura domowego oraz do og\u00f3lnych zastosowa\u0144 biurowych w ma\u0142ych i \u015brednich firmach.<\/p>\n<p><!-- ossproductdescend --><\/p>\n<\/div>\n<div class=\"columns medium-6\">\n<h3>Korzy\u015bci<\/h3>\n<ul>\n<li><b>Zwi\u0119ksz swoj\u0105 produktywno\u015b\u0107<\/b> \u2013dzi\u0119ki wbudowanej sieci LAN i USB-C ten monitor s\u0142u\u017cy jako centrum dokowania w Twojej osobistej przestrzeni roboczej.<\/li>\n<li><b>Elastyczno\u015b\u0107 i\u00a0przygotowanie na technologie przysz\u0142o\u015bci<\/b> \u2013szerokie spektrum z\u0142\u0105czy, w\u00a0tym LAN, DP, HDMI, USB typu\u00a0C, USB\u00a0A i\u00a0wyj\u015bcie audio, przek\u0142ada si\u0119 na wysoki stopie\u0144 elastyczno\u015bci.<\/li>\n<li><b>Dba\u0142o\u015b\u0107 o\u00a0dobre samopoczucie u\u017cytkownika<\/b> \u2013wbudowana technologia Low Blue Light odfiltrowuje szkodliwe emisje niebieskiego \u015bwiat\u0142a, a\u00a0technologia Flicker-Free eliminuje migotanie pod\u015bwietlenia i\u00a0chroni w ten spos\u00f3b oczy u\u017cytkownik\u00f3w przed za\u0107m\u0105 oraz zwyrodnieniem plamki \u017c\u00f3\u0142tej.<\/li>\n<li><b>Ergonomia w biurze<\/b> \u2013pe\u0142na regulacja wysoko\u015bci (120 mm) wraz z mo\u017cliwo\u015bci\u0105 zmiany orientacji ekranu (pivot), pochylenia (tilt) i obrotu w poziomie (swivel) pozwalaj\u0105 na doskona\u0142e dostosowanie monitora do ergonomicznych wymaga\u0144 u\u017cytkownika.<\/li>\n<li><b>Przewaga formy i\u00a0funkcjonalno\u015bci<\/b> \u2013urz\u0105dzenie jest gotowe na\u00a0technologie przysz\u0142o\u015bci, dysponuje tr\u00f3jstronn\u0105 ultraw\u0105sk\u0105 ramk\u0105 o\u00a0szeroko\u015bci i opcjonalna p\u0142yta monta\u017cowa VESA do urz\u0105dze\u0144 typu thin client.<\/li>\n<\/ul>\n<\/div>\n<\/section>\n<dl id=\"speciList\" class=\"js-accordion\">\n<dt class=\"js-accordion__toggle accordion__toggle\">WY\u015aWIETLACZ<\/dt>\n<dd class=\"js-accordion__content\">\n<table class=\"datalist datalist--divided-inset\">\n<tbody>\n<tr>\n<td>Rodzaj panelu<\/td>\n<td>VA TFT z pod\u015bwietleniem W-LED<\/td>\n<\/tr>\n<tr>\n<td>Wielko\u015b\u0107 ekranu [cale\/cm]<\/td>\n<td>27 \/ 69<\/td>\n<\/tr>\n<tr>\n<td>Proporcje obrazu<\/td>\n<td>16:9<\/td>\n<\/tr>\n<tr>\n<td>Rozmiar plamki [mm]<\/td>\n<td>0.275<\/td>\n<\/tr>\n<tr>\n<td>Jasno\u015b\u0107 [cd\/m\u00b2]<\/td>\n<td>250<\/td>\n<\/tr>\n<tr>\n<td>Kontrast<\/td>\n<td>4000:1<\/td>\n<\/tr>\n<tr>\n<td>K\u0105ty widzenia [\u00b0]<\/td>\n<td>178 poziomo \/ 178 pionowo (CR 10:1)<\/td>\n<\/tr>\n<tr>\n<td>Czas reakcji [ms]<\/td>\n<td>6<\/td>\n<\/tr>\n<tr>\n<td>Ilo\u015b\u0107 kolor\u00f3w [Mln]<\/td>\n<td>16.77<\/td>\n<\/tr>\n<\/tbody>\n<\/table>\n<\/dd>\n<dt class=\"js-accordion__toggle accordion__toggle\">CZ\u0118STOTLIWO\u015a\u0106 SYNCHRONIZACJI<\/dt>\n<dd class=\"js-accordion__content\">\n<table class=\"datalist datalist--divided-inset\">\n<tbody>\n<tr>\n<td>Cz\u0119stotliwo\u015b\u0107 pozioma [kHz]<\/td>\n<td>31.5 &#8211; 81<\/td>\n<\/tr>\n<tr>\n<td>Cz\u0119stotliwo\u015b\u0107 pionowa [Hz]<\/td>\n<td>50 &#8211; 75<\/td>\n<\/tr>\n<\/tbody>\n<\/table>\n<\/dd>\n<dt class=\"js-accordion__toggle accordion__toggle\">ROZDZIELCZO\u015a\u0106<\/dt>\n<dd class=\"js-accordion__content\">\n<table class=\"datalist datalist--divided-inset\">\n<tbody>\n<tr>\n<td>Rozdzielczo\u015b\u0107 optymalna<\/td>\n<td>\n<div class=\"productSpecRes productSpecRes--columns\">1920 x 1080 przy 60 Hz<\/div>\n<\/td>\n<\/tr>\n<\/tbody>\n<\/table>\n<\/dd>\n<dt class=\"js-accordion__toggle accordion__toggle\">MO\u017bLIWO\u015aCI POD\u0141\u0104CZANIA<\/dt>\n<dd class=\"js-accordion__content\">\n<table class=\"datalist datalist--divided-inset\">\n<tbody>\n<tr>\n<td>Cyfrowe<\/td>\n<td>1 x DisplayPort; 1 x HDMI; 1 x USB Type C (60 W); USB wer. 3.1 (3 porty downstream \/ 1 porty upstream)<\/td>\n<\/tr>\n<tr>\n<td>Kontrola wyj\u015bcia<\/td>\n<td>1x LAN\/RJ45<\/td>\n<\/tr>\n<\/tbody>\n<\/table>\n<\/dd>\n<dt class=\"js-accordion__toggle accordion__toggle\">PARAMETRY ELEKTRYCZNE<\/dt>\n<dd class=\"js-accordion__content\">\n<table class=\"datalist datalist--divided-inset\">\n<tbody>\n<tr>\n<td>Pob\u00f3r mocy [W]<\/td>\n<td>14 (Tryb Eco 2); 20 (typ.)<\/td>\n<\/tr>\n<tr>\n<td>Tryb Power Save [W]<\/td>\n<td>0.3<\/td>\n<\/tr>\n<tr>\n<td>Zasilanie<\/td>\n<td>zintegrowany zasilacz<\/td>\n<\/tr>\n<\/tbody>\n<\/table>\n<\/dd>\n<dt class=\"js-accordion__toggle accordion__toggle\">WARUNKI OTOCZENIA<\/dt>\n<dd class=\"js-accordion__content\">\n<table class=\"datalist datalist--divided-inset\">\n<tbody>\n<tr>\n<td>Temperatura otoczenia podczes pracy [\u00b0C]<\/td>\n<td>+5 do +35<\/td>\n<\/tr>\n<tr>\n<td>Wilgotno\u015b\u0107 otoczenia podczas pracy [%]<\/td>\n<td>20 do 80<\/td>\n<\/tr>\n<tr>\n<td>Wilgotno\u015b\u0107 otoczenia podczas przechowywania [%]<\/td>\n<td>10 do 85<\/td>\n<\/tr>\n<tr>\n<td>Temperatura otoczenia podczas przechowywania [\u00b0C]<\/td>\n<td>-10 do 60<\/td>\n<\/tr>\n<\/tbody>\n<\/table>\n<\/dd>\n<dt class=\"js-accordion__toggle accordion__toggle\">ERGONOMIA<\/dt>\n<dd class=\"js-accordion__content\">\n<table class=\"datalist datalist--divided-inset\">\n<tbody>\n<tr>\n<td>Regulacja wysoko\u015bci[mm]<\/td>\n<td>120<\/td>\n<\/tr>\n<tr>\n<td>Pochylenie ekranu w pionie [\u00b0]<\/td>\n<td>-5 to 25<\/td>\n<\/tr>\n<tr>\n<td>Obr\u00f3t ekranu w poziomie [\u00b0]<\/td>\n<td>170 to -170<\/td>\n<\/tr>\n<tr>\n<td>Ekran obrotowy (Pivot) [\u00b0]<\/td>\n<td>-90 do 90 (tryb standardowy i portretowy)<\/td>\n<\/tr>\n<\/tbody>\n<\/table>\n<\/dd>\n<dt class=\"js-accordion__toggle accordion__toggle\">PARAMETRY MECHANICZNE<\/dt>\n<dd class=\"js-accordion__content\">\n<table class=\"datalist datalist--divided-inset\">\n<tbody>\n<tr>\n<td>Typ maskownicy<\/td>\n<td>Ultraw\u0105ska maskownica z\u00a03\u00a0stron<\/td>\n<\/tr>\n<tr>\n<td>Szeroko\u015b\u0107 ramki [mm]<\/td>\n<td>1 (prawa\/lewa\/g\u00f3ra); 16 (g\u00f3ra i d\u00f3\u0142)<\/td>\n<\/tr>\n<tr>\n<td>Wymiary [mm]<\/td>\n<td>610.4 x 376.9 &#8211; 506.9 x 282.6 (Landscape mode); Bez stopki: 610,4 x 359,9 x 46,6<\/td>\n<\/tr>\n<tr>\n<td>Waga [kg]<\/td>\n<td>Bez stopki: 4,5; Z n\u00f3\u017ckami: 6,6<\/td>\n<\/tr>\n<tr>\n<td>Mocowanie VESA [mm]<\/td>\n<td>100 x 100<\/td>\n<\/tr>\n<\/tbody>\n<\/table>\n<\/dd>\n<dt class=\"js-accordion__toggle accordion__toggle\">DODATKOWE FUNKCJE<\/dt>\n<dd class=\"js-accordion__content\">\n<table class=\"datalist datalist--divided-inset\">\n<tbody>\n<tr>\n<td>Cechy Specjalne<\/td>\n<td>Flicker Free; Low Blue Light<\/td>\n<\/tr>\n<tr>\n<td>Wersje kolorystyczne<\/td>\n<td>Bia\u0142a ramka ekranu, bia\u0142a obudowa; Czarna ramka ekranu, czarna obudowa<\/td>\n<\/tr>\n<tr>\n<td>Zarz\u0105dzanie kablami<\/td>\n<td>tak<\/td>\n<\/tr>\n<tr>\n<td>Z\u0142\u0105cze Kensington<\/td>\n<td>tak<\/td>\n<\/tr>\n<tr>\n<td>Plug and Play<\/td>\n<td>VESA DDC2Bi<\/td>\n<\/tr>\n<tr>\n<td>G\u0142o\u015bniki<\/td>\n<td>1W + 1W (z mo\u017cliwo\u015bci\u0105 wy\u0142\u0105czenia); Headphone Jack<\/td>\n<\/tr>\n<tr>\n<td>Zawarto\u015b\u0107 opakowania<\/td>\n<td>Kabel DisplayPort; Kabel USB-C; Kabel zasilaj\u0105cy; Przewodnik po instalacji<\/td>\n<\/tr>\n<tr>\n<td>Bezpiecze\u0144stwo i ergonomia<\/td>\n<td>EnergyStar 8.0; Flicker-free; Low Blue Light; RoHS; TCO 9.0; T\u00dcV Ergonomics; T\u00dcV GS; WEEE<\/td>\n<\/tr>\n<tr>\n<td>Gwarancja<\/td>\n<td>3 lata (w tym na pod\u015bwietlenie ekranu)<\/td>\n<\/tr>\n<\/tbody>\n<\/table>\n<\/dd>\n<dt class=\"js-accordion__toggle accordion__toggle\">FUNKCJE EKO<\/dt>\n<dd class=\"js-accordion__content\">\n<table class=\"datalist datalist--divided-inset\">\n<tbody>\n<tr>\n<td>U\u017cyteczna powierzchnia [cale\/cm]<\/td>\n<td>Licznik Carbon footprint \/ Licznik carbon savings; Tryb ECO<\/td>\n<\/tr>\n<tr>\n<td>Normy ekologiczne<\/td>\n<td>TCO 9.0; Zgodno\u015b\u0107 z RoHS<\/td>\n<\/tr>\n<\/tbody>\n<\/table>\n<\/dd>\n<\/dl>\n","protected":false},"excerpt":{"rendered":"<div class=\"columns medium-6 product-features\">\n<table class=\"datalist datalist--divided-fullwidth\">\n<tbody>\n<tr>\n<td>Regulacja wysoko\u015bci  [mm]<\/td>\n<td>120<\/td>\n<\/tr>\n<tr>\n<td>Jasno\u015b\u0107  [cd\/m\u00b2]<\/td>\n<td>250<\/td>\n<\/tr>\n<tr>\n<td>Rozdzielczo\u015b\u0107 (optymalna)<\/td>\n<td>1920 x 1080<\/td>\n<\/tr>\n<tr>\n<td>Kod produktu<\/td>\n<td>60005868 (BK), 60005870 (WH)<\/td>\n<\/tr>\n<\/tbody>\n<\/table>\n<\/div>\n","protected":false},"featured_media":388,"template":"","meta":{"inline_featured_image":false,"neve_meta_sidebar":"","neve_meta_container":"","neve_meta_enable_content_width":"off","neve_meta_content_width":100,"neve_meta_title_alignment":"","neve_meta_author_avatar":"","neve_post_elements_order":"","neve_meta_disable_header":"","neve_meta_disable_footer":"","neve_meta_disable_title":""},"pwb-brand":[28],"product_cat":[22],"product_tag":[],"yoast_head":"<!-- This site is optimized with the Yoast SEO plugin v22.6 - https:\/\/yoast.com\/wordpress\/plugins\/seo\/ -->\n<title>NEC MultiSync E274FL - Monitor 27&quot; - Monitory Komercyjne Monitory komercyjne<\/title>\n<meta name=\"robots\" content=\"index, follow, max-snippet:-1, max-image-preview:large, max-video-preview:-1\" \/>\n<link rel=\"canonical\" href=\"https:\/\/monitorykomercyjne.pl\/index.php\/produkt\/nec-multisync-e274fl-monitor-27\/\" \/>\n<meta property=\"og:locale\" content=\"pl_PL\" \/>\n<meta property=\"og:type\" content=\"article\" \/>\n<meta property=\"og:title\" content=\"NEC MultiSync E274FL - Monitor 27&quot; - Monitory Komercyjne Monitory komercyjne\" \/>\n<meta property=\"og:description\" content=\"Regulacja wysoko\u015bci [mm]120Jasno\u015b\u0107 [cd\/m\u00b2]250Rozdzielczo\u015b\u0107 (optymalna)1920 x 1080Kod produktu60005868 (BK), 60005870 (WH)\" \/>\n<meta property=\"og:url\" content=\"https:\/\/monitorykomercyjne.pl\/index.php\/produkt\/nec-multisync-e274fl-monitor-27\/\" \/>\n<meta property=\"og:site_name\" content=\"Monitory Komercyjne\" \/>\n<meta property=\"article:modified_time\" content=\"2024-05-09T07:39:54+00:00\" \/>\n<meta property=\"og:image\" content=\"https:\/\/monitorykomercyjne.pl\/wp-content\/uploads\/2024\/03\/NEC-MultiSync-E274FL1-1-1024x768.png\" \/>\n\t<meta property=\"og:image:width\" content=\"1024\" \/>\n\t<meta property=\"og:image:height\" content=\"768\" \/>\n\t<meta property=\"og:image:type\" content=\"image\/png\" \/>\n<meta name=\"twitter:card\" content=\"summary_large_image\" \/>\n<meta name=\"twitter:label1\" content=\"Szacowany czas czytania\" \/>\n\t<meta name=\"twitter:data1\" content=\"4 minuty\" \/>\n<script type=\"application\/ld+json\" class=\"yoast-schema-graph\">{\"@context\":\"https:\/\/schema.org\",\"@graph\":[{\"@type\":\"WebPage\",\"@id\":\"https:\/\/monitorykomercyjne.pl\/index.php\/produkt\/nec-multisync-e274fl-monitor-27\/\",\"url\":\"https:\/\/monitorykomercyjne.pl\/index.php\/produkt\/nec-multisync-e274fl-monitor-27\/\",\"name\":\"NEC MultiSync E274FL - Monitor 27\\\" - Monitory Komercyjne Monitory komercyjne\",\"isPartOf\":{\"@id\":\"https:\/\/monitorykomercyjne.pl\/#website\"},\"primaryImageOfPage\":{\"@id\":\"https:\/\/monitorykomercyjne.pl\/index.php\/produkt\/nec-multisync-e274fl-monitor-27\/#primaryimage\"},\"image\":{\"@id\":\"https:\/\/monitorykomercyjne.pl\/index.php\/produkt\/nec-multisync-e274fl-monitor-27\/#primaryimage\"},\"thumbnailUrl\":\"https:\/\/monitorykomercyjne.pl\/wp-content\/uploads\/2024\/03\/NEC-MultiSync-E274FL1-1.png\",\"datePublished\":\"2024-03-01T09:21:15+00:00\",\"dateModified\":\"2024-05-09T07:39:54+00:00\",\"breadcrumb\":{\"@id\":\"https:\/\/monitorykomercyjne.pl\/index.php\/produkt\/nec-multisync-e274fl-monitor-27\/#breadcrumb\"},\"inLanguage\":\"pl-PL\",\"potentialAction\":[{\"@type\":\"ReadAction\",\"target\":[\"https:\/\/monitorykomercyjne.pl\/index.php\/produkt\/nec-multisync-e274fl-monitor-27\/\"]}]},{\"@type\":\"ImageObject\",\"inLanguage\":\"pl-PL\",\"@id\":\"https:\/\/monitorykomercyjne.pl\/index.php\/produkt\/nec-multisync-e274fl-monitor-27\/#primaryimage\",\"url\":\"https:\/\/monitorykomercyjne.pl\/wp-content\/uploads\/2024\/03\/NEC-MultiSync-E274FL1-1.png\",\"contentUrl\":\"https:\/\/monitorykomercyjne.pl\/wp-content\/uploads\/2024\/03\/NEC-MultiSync-E274FL1-1.png\",\"width\":3200,\"height\":2400},{\"@type\":\"BreadcrumbList\",\"@id\":\"https:\/\/monitorykomercyjne.pl\/index.php\/produkt\/nec-multisync-e274fl-monitor-27\/#breadcrumb\",\"itemListElement\":[{\"@type\":\"ListItem\",\"position\":1,\"name\":\"Strona g\u0142\u00f3wna\",\"item\":\"https:\/\/monitorykomercyjne.pl\/\"},{\"@type\":\"ListItem\",\"position\":2,\"name\":\"Produkty\",\"item\":\"https:\/\/monitorykomercyjne.pl\/index.php\/produkty\/\"},{\"@type\":\"ListItem\",\"position\":3,\"name\":\"NEC MultiSync E274FL &#8211; Monitor 27&#8243;\"}]},{\"@type\":\"WebSite\",\"@id\":\"https:\/\/monitorykomercyjne.pl\/#website\",\"url\":\"https:\/\/monitorykomercyjne.pl\/\",\"name\":\"Monitory Komercyjne\",\"description\":\"\",\"potentialAction\":[{\"@type\":\"SearchAction\",\"target\":{\"@type\":\"EntryPoint\",\"urlTemplate\":\"https:\/\/monitorykomercyjne.pl\/?s={search_term_string}\"},\"query-input\":\"required name=search_term_string\"}],\"inLanguage\":\"pl-PL\"}]}<\/script>\n<!-- \/ Yoast SEO plugin. -->","yoast_head_json":{"title":"NEC MultiSync E274FL - Monitor 27\" - Monitory Komercyjne Monitory komercyjne","robots":{"index":"index","follow":"follow","max-snippet":"max-snippet:-1","max-image-preview":"max-image-preview:large","max-video-preview":"max-video-preview:-1"},"canonical":"https:\/\/monitorykomercyjne.pl\/index.php\/produkt\/nec-multisync-e274fl-monitor-27\/","og_locale":"pl_PL","og_type":"article","og_title":"NEC MultiSync E274FL - Monitor 27\" - Monitory Komercyjne Monitory komercyjne","og_description":"Regulacja wysoko\u015bci [mm]120Jasno\u015b\u0107 [cd\/m\u00b2]250Rozdzielczo\u015b\u0107 (optymalna)1920 x 1080Kod produktu60005868 (BK), 60005870 (WH)","og_url":"https:\/\/monitorykomercyjne.pl\/index.php\/produkt\/nec-multisync-e274fl-monitor-27\/","og_site_name":"Monitory Komercyjne","article_modified_time":"2024-05-09T07:39:54+00:00","og_image":[{"width":1024,"height":768,"url":"https:\/\/monitorykomercyjne.pl\/wp-content\/uploads\/2024\/03\/NEC-MultiSync-E274FL1-1-1024x768.png","type":"image\/png"}],"twitter_card":"summary_large_image","twitter_misc":{"Szacowany czas czytania":"4 minuty"},"schema":{"@context":"https:\/\/schema.org","@graph":[{"@type":"WebPage","@id":"https:\/\/monitorykomercyjne.pl\/index.php\/produkt\/nec-multisync-e274fl-monitor-27\/","url":"https:\/\/monitorykomercyjne.pl\/index.php\/produkt\/nec-multisync-e274fl-monitor-27\/","name":"NEC MultiSync E274FL - Monitor 27\" - Monitory Komercyjne Monitory komercyjne","isPartOf":{"@id":"https:\/\/monitorykomercyjne.pl\/#website"},"primaryImageOfPage":{"@id":"https:\/\/monitorykomercyjne.pl\/index.php\/produkt\/nec-multisync-e274fl-monitor-27\/#primaryimage"},"image":{"@id":"https:\/\/monitorykomercyjne.pl\/index.php\/produkt\/nec-multisync-e274fl-monitor-27\/#primaryimage"},"thumbnailUrl":"https:\/\/monitorykomercyjne.pl\/wp-content\/uploads\/2024\/03\/NEC-MultiSync-E274FL1-1.png","datePublished":"2024-03-01T09:21:15+00:00","dateModified":"2024-05-09T07:39:54+00:00","breadcrumb":{"@id":"https:\/\/monitorykomercyjne.pl\/index.php\/produkt\/nec-multisync-e274fl-monitor-27\/#breadcrumb"},"inLanguage":"pl-PL","potentialAction":[{"@type":"ReadAction","target":["https:\/\/monitorykomercyjne.pl\/index.php\/produkt\/nec-multisync-e274fl-monitor-27\/"]}]},{"@type":"ImageObject","inLanguage":"pl-PL","@id":"https:\/\/monitorykomercyjne.pl\/index.php\/produkt\/nec-multisync-e274fl-monitor-27\/#primaryimage","url":"https:\/\/monitorykomercyjne.pl\/wp-content\/uploads\/2024\/03\/NEC-MultiSync-E274FL1-1.png","contentUrl":"https:\/\/monitorykomercyjne.pl\/wp-content\/uploads\/2024\/03\/NEC-MultiSync-E274FL1-1.png","width":3200,"height":2400},{"@type":"BreadcrumbList","@id":"https:\/\/monitorykomercyjne.pl\/index.php\/produkt\/nec-multisync-e274fl-monitor-27\/#breadcrumb","itemListElement":[{"@type":"ListItem","position":1,"name":"Strona g\u0142\u00f3wna","item":"https:\/\/monitorykomercyjne.pl\/"},{"@type":"ListItem","position":2,"name":"Produkty","item":"https:\/\/monitorykomercyjne.pl\/index.php\/produkty\/"},{"@type":"ListItem","position":3,"name":"NEC MultiSync E274FL &#8211; Monitor 27&#8243;"}]},{"@type":"WebSite","@id":"https:\/\/monitorykomercyjne.pl\/#website","url":"https:\/\/monitorykomercyjne.pl\/","name":"Monitory Komercyjne","description":"","potentialAction":[{"@type":"SearchAction","target":{"@type":"EntryPoint","urlTemplate":"https:\/\/monitorykomercyjne.pl\/?s={search_term_string}"},"query-input":"required name=search_term_string"}],"inLanguage":"pl-PL"}]}},"brands":[{"id":28,"name":"SharpNEC","slug":"sharpnec"}],"_links":{"self":[{"href":"https:\/\/monitorykomercyjne.pl\/index.php\/wp-json\/wp\/v2\/product\/386"}],"collection":[{"href":"https:\/\/monitorykomercyjne.pl\/index.php\/wp-json\/wp\/v2\/product"}],"about":[{"href":"https:\/\/monitorykomercyjne.pl\/index.php\/wp-json\/wp\/v2\/types\/product"}],"wp:featuredmedia":[{"embeddable":true,"href":"https:\/\/monitorykomercyjne.pl\/index.php\/wp-json\/wp\/v2\/media\/388"}],"wp:attachment":[{"href":"https:\/\/monitorykomercyjne.pl\/index.php\/wp-json\/wp\/v2\/media?parent=386"}],"wp:term":[{"taxonomy":"pwb-brand","embeddable":true,"href":"https:\/\/monitorykomercyjne.pl\/index.php\/wp-json\/wp\/v2\/pwb-brand?post=386"},{"taxonomy":"product_cat","embeddable":true,"href":"https:\/\/monitorykomercyjne.pl\/index.php\/wp-json\/wp\/v2\/product_cat?post=386"},{"taxonomy":"product_tag","embeddable":true,"href":"https:\/\/monitorykomercyjne.pl\/index.php\/wp-json\/wp\/v2\/product_tag?post=386"}],"curies":[{"name":"wp","href":"https:\/\/api.w.org\/{rel}","templated":true}]}}