{"id":406,"date":"2024-03-01T11:37:33","date_gmt":"2024-03-01T10:37:33","guid":{"rendered":"https:\/\/monitorykomercyjne.pl\/?post_type=product&#038;p=406"},"modified":"2024-05-09T09:39:53","modified_gmt":"2024-05-09T07:39:53","slug":"nec-multisync-e172m-monitor-17","status":"publish","type":"product","link":"https:\/\/monitorykomercyjne.pl\/index.php\/produkt\/nec-multisync-e172m-monitor-17\/","title":{"rendered":"NEC MultiSync\u00ae\u00a0E172M &#8211; Monitor 17&#8243;"},"content":{"rendered":"<section id=\"overview\" class=\"row\">\n<div class=\"columns medium-6\">\n<p><!-- ossproductdescstart --><\/p>\n<p><b>Wzrost produktywno\u015bci<\/b><\/p>\n<p>mo\u017ce i\u015b\u0107 w parze z\u00a0podej\u015bciem ekologicznym \u2014 monitor biurkowy LCD NEC MultiSync\u00ae E172M o\u00a0przek\u0105tnej 17\u201d i\u00a0pod\u015bwietleniu LED zaprojektowano z\u00a0my\u015bl\u0105 o\u00a0\u015brodowisku, jednocze\u015bnie poprawiaj\u0105c jako\u015b\u0107 pracy na komputerze. Pod\u015bwietlenie LED pozwoli\u0142o ograniczy\u0107 wag\u0119 sprz\u0119tu i\u00a0zwi\u0119kszy\u0107 oszcz\u0119dno\u015b\u0107 energii w\u00a0por\u00f3wnaniu z\u00a0modelami wcze\u015bniejszej generacji. Urz\u0105dzenie wyposa\u017cono w\u00a0system inteligentnego zarz\u0105dzania energi\u0105 (IPM, Intelligent Power Manager) oraz w\u00a0miernik emisji dwutlenku w\u0119gla, przez co mo\u017cna \u015bledzi\u0107 generowane emisje gaz\u00f3w cieplarnianych.<\/p>\n<p>Dzi\u0119ki tym zaletom oraz ergonomicznej konstrukcji jest to idealny model do zastosowania w\u00a0firmach i\u00a0korporacjach.<\/p>\n<p><!-- ossproductdescend --><\/p>\n<\/div>\n<div class=\"columns medium-6\">\n<h3>Korzy\u015bci<\/h3>\n<ul>\n<li><b>Wej\u015bcie <\/b> \u2013monitor mo\u017ce by\u0107 u\u017cywany z\u00a0jednym wej\u015bciem cyfrowym (DVI-D) i\u00a0jednym analogowym.<\/li>\n<li><b>Przyst\u0119pna ekologia <\/b> \u2013niskie zu\u017cycie mocy z najnowsz\u0105 technologi\u0105 W-LED pod\u015bwietlenia, funkcja EcoMode oraz licznik carbon footprint \/ licznik carbon savings.<\/li>\n<li><b>Ergonomia w biurze<\/b> \u2013pe\u0142na regulacja wysoko\u015bci (50 mm) wraz z mo\u017cliwo\u015bci\u0105 zmiany orientacji ekranu (pivot), pochylenia (tilt) i obrotu w poziomie (swivel) pozwalaj\u0105 na doskona\u0142e dostosowanie monitora do ergonomicznych wymaga\u0144 u\u017cytkownika.<\/li>\n<li><b>Mocowanie Vesa (100 mm)<\/b> \u2013umo\u017cliwia zainstalowanie monitora przy u\u017cyciu r\u00f3\u017cnych rozwi\u0105za\u0144 monta\u017cowych.<\/li>\n<li><b>Kompatybilny z\u00a0NaViSet <\/b> \u2013wszechstronne zarz\u0105dzanie zasobami na poziomie ca\u0142ej sieci i\u00a0\u0142atwiejsze zdalne wsparcie techniczne.<\/li>\n<\/ul>\n<\/div>\n<\/section>\n<dl id=\"speciList\" class=\"js-accordion\">\n<dt class=\"js-accordion__toggle accordion__toggle\">WY\u015aWIETLACZ<\/dt>\n<dd class=\"js-accordion__content\">\n<table class=\"datalist datalist--divided-inset\">\n<tbody>\n<tr>\n<td>Rodzaj panelu<\/td>\n<td>TN z\u00a0pod\u015bwietleniem W-LED<\/td>\n<\/tr>\n<tr>\n<td>Wielko\u015b\u0107 ekranu [cale\/cm]<\/td>\n<td>17 \/ 43<\/td>\n<\/tr>\n<tr>\n<td>Rozmiar plamki [mm]<\/td>\n<td>0.264<\/td>\n<\/tr>\n<tr>\n<td>Jasno\u015b\u0107 [cd\/m\u00b2]<\/td>\n<td>250<\/td>\n<\/tr>\n<tr>\n<td>Kontrast<\/td>\n<td>1000:1<\/td>\n<\/tr>\n<tr>\n<td>K\u0105ty widzenia [\u00b0]<\/td>\n<td>170 poziomo \/ 160 pionowo (CR 10:1); 170 poziomo \/ 170 pionowo (CR 5:1)<\/td>\n<\/tr>\n<tr>\n<td>Czas reakcji [ms]<\/td>\n<td>5<\/td>\n<\/tr>\n<tr>\n<td>Ilo\u015b\u0107 kolor\u00f3w [Mln]<\/td>\n<td>16.7<\/td>\n<\/tr>\n<\/tbody>\n<\/table>\n<\/dd>\n<dt class=\"js-accordion__toggle accordion__toggle\">CZ\u0118STOTLIWO\u015a\u0106 SYNCHRONIZACJI<\/dt>\n<dd class=\"js-accordion__content\">\n<table class=\"datalist datalist--divided-inset\">\n<tbody>\n<tr>\n<td>Cz\u0119stotliwo\u015b\u0107 pozioma [kHz]<\/td>\n<td>31.5 &#8211; 81.1<\/td>\n<\/tr>\n<tr>\n<td>Cz\u0119stotliwo\u015b\u0107 pionowa [Hz]<\/td>\n<td>56 &#8211; 76<\/td>\n<\/tr>\n<\/tbody>\n<\/table>\n<\/dd>\n<dt class=\"js-accordion__toggle accordion__toggle\">ROZDZIELCZO\u015a\u0106<\/dt>\n<dd class=\"js-accordion__content\">\n<table class=\"datalist datalist--divided-inset\">\n<tbody>\n<tr>\n<td>Rozdzielczo\u015b\u0107 optymalna<\/td>\n<td>\n<div class=\"productSpecRes productSpecRes--columns\">1280 x 1024 przy 60 Hz<\/div>\n<\/td>\n<\/tr>\n<tr>\n<td>Obs\u0142ugiwane rozdzielczo\u015bci<\/td>\n<td>\n<div class=\"productSpecRes productSpecRes--columns\">1024 x 768; 1152 x 864; 1152 x 870; 1280 x 960; 640 x 480; 720 x 400; 800 x 600; 832 x 624<\/div>\n<\/td>\n<\/tr>\n<\/tbody>\n<\/table>\n<\/dd>\n<dt class=\"js-accordion__toggle accordion__toggle\">MO\u017bLIWO\u015aCI POD\u0141\u0104CZANIA<\/dt>\n<dd class=\"js-accordion__content\">\n<table class=\"datalist datalist--divided-inset\">\n<tbody>\n<tr>\n<td>Cyfrowe<\/td>\n<td>1 x DisplayPort; 1 x HDMI<\/td>\n<\/tr>\n<tr>\n<td>Analogowe<\/td>\n<td>1 x VGA<\/td>\n<\/tr>\n<\/tbody>\n<\/table>\n<\/dd>\n<dt class=\"js-accordion__toggle accordion__toggle\">PARAMETRY ELEKTRYCZNE<\/dt>\n<dd class=\"js-accordion__content\">\n<table class=\"datalist datalist--divided-inset\">\n<tbody>\n<tr>\n<td>Pob\u00f3r mocy [W]<\/td>\n<td>14 (typ.); 19 (maks.); 9 (Tryb Eco)<\/td>\n<\/tr>\n<tr>\n<td>Tryb Power Save [W]<\/td>\n<td>&lt; 0.4<\/td>\n<\/tr>\n<tr>\n<td>Zasilanie<\/td>\n<td>0.4 A\/0.2 A; 100-120 V\/220-240 V; internal power supply<\/td>\n<\/tr>\n<\/tbody>\n<\/table>\n<\/dd>\n<dt class=\"js-accordion__toggle accordion__toggle\">WARUNKI OTOCZENIA<\/dt>\n<dd class=\"js-accordion__content\">\n<table class=\"datalist datalist--divided-inset\">\n<tbody>\n<tr>\n<td>Temperatura otoczenia podczes pracy [\u00b0C]<\/td>\n<td>+5 do +35<\/td>\n<\/tr>\n<tr>\n<td>Wilgotno\u015b\u0107 otoczenia podczas pracy [%]<\/td>\n<td>20 do 80<\/td>\n<\/tr>\n<\/tbody>\n<\/table>\n<\/dd>\n<dt class=\"js-accordion__toggle accordion__toggle\">ERGONOMIA<\/dt>\n<dd class=\"js-accordion__content\">\n<table class=\"datalist datalist--divided-inset\">\n<tbody>\n<tr>\n<td>Regulacja wysoko\u015bci [mm]<\/td>\n<td>50<\/td>\n<\/tr>\n<tr>\n<td>Pochylenie ekranu w pionie [\u00b0]<\/td>\n<td>-5 to +20<\/td>\n<\/tr>\n<\/tbody>\n<\/table>\n<\/dd>\n<dt class=\"js-accordion__toggle accordion__toggle\">PARAMETRY MECHANICZNE<\/dt>\n<dd class=\"js-accordion__content\">\n<table class=\"datalist datalist--divided-inset\">\n<tbody>\n<tr>\n<td>Szeroko\u015b\u0107 ramki [mm]<\/td>\n<td>14,2 (prawa i lewa); 17,5 (g\u00f3ra i d\u00f3\u0142)<\/td>\n<\/tr>\n<tr>\n<td>Wymiary [mm]<\/td>\n<td>368 x 358.5 &#8211; 408.5 x 230 (Landscape mode)<\/td>\n<\/tr>\n<tr>\n<td>Waga [kg]<\/td>\n<td>Bez stopki: 2,8; Z n\u00f3\u017ckami: 4<\/td>\n<\/tr>\n<tr>\n<td>Mocowanie VESA [mm]<\/td>\n<td>100 x 100<\/td>\n<\/tr>\n<\/tbody>\n<\/table>\n<\/dd>\n<dt class=\"js-accordion__toggle accordion__toggle\">DODATKOWE FUNKCJE<\/dt>\n<dd class=\"js-accordion__content\">\n<table class=\"datalist datalist--divided-inset\">\n<tbody>\n<tr>\n<td>Cechy Specjalne<\/td>\n<td>Kompatybilno\u015b\u0107 z Windows 8; Licznik carbon savings; NaViSet Administrator 2; Technologia Rapid Responce; Wszechstronno\u015bc instalacji (standard VESA) dzi\u0119ki zintegrowanym g\u0142o\u015bnikom (1+1 W); Wysokowydajny panel 17&#8243; (5:4) z\u00a0pod\u015bwietleniem LED w\u00a0kolorze bia\u0142ym pozwala zaoszcz\u0119dzi\u0107 ponad 30 % energii<\/td>\n<\/tr>\n<tr>\n<td>Wersje kolorystyczne<\/td>\n<td>Czarna ramka ekranu, czarna obudowa<\/td>\n<\/tr>\n<tr>\n<td>Zarz\u0105dzanie kablami<\/td>\n<td>tak<\/td>\n<\/tr>\n<tr>\n<td>Z\u0142\u0105cze Kensington<\/td>\n<td>tak<\/td>\n<\/tr>\n<tr>\n<td>Plug and Play<\/td>\n<td>DDC2B\/2Bi; EDID Standard; VESA DDC\/CI<\/td>\n<\/tr>\n<tr>\n<td>G\u0142o\u015bniki<\/td>\n<td>Headphone Jack; Wbudowane (1 W + 1 W)<\/td>\n<\/tr>\n<tr>\n<td>Funkcje regulacji<\/td>\n<td>Automatyczne dostosowanie; Blokada menu OSD; Fine Adjust (tylko dla z\u0142\u0105cza analogowego); G\u0142o\u015bno\u015b\u0107; Informacje o monitorze; NTAA (Non-Touch-Auto-Adjustment); Regulacja jasno\u015bci; regulacja kontrastu; temperatury barwowej; wyb\u00f3r j\u0119zyka OSD<\/td>\n<\/tr>\n<tr>\n<td>Zawarto\u015b\u0107 opakowania<\/td>\n<td>Kabel DisplayPort; Kabel zasilaj\u0105cy; Monitor; Przewodnik po instalacji<\/td>\n<\/tr>\n<tr>\n<td>Bezpiecze\u0144stwo i ergonomia<\/td>\n<td>CE; EAC; EnergyStar 8.0; FCC Class B; ISO 9241-307 (pixel failure class I); MPR II\/ MPR III; RoHS; TCO 8.0; T\u00dcV Ergonomics; T\u00dcV GS; UL\/C-UL lub CSA<\/td>\n<\/tr>\n<tr>\n<td>Gwarancja<\/td>\n<td>3 lata (w tym na pod\u015bwietlenie ekranu)<\/td>\n<\/tr>\n<\/tbody>\n<\/table>\n<\/dd>\n<dt class=\"js-accordion__toggle accordion__toggle\">FUNKCJE EKO<\/dt>\n<dd class=\"js-accordion__content\">\n<table class=\"datalist datalist--divided-inset\">\n<tbody>\n<tr>\n<td>U\u017cyteczna powierzchnia [cale\/cm]<\/td>\n<td>Klasa efektywno\u015bci energetycznej: C; Technologia pod\u015bwietlenia LED; Zu\u017cycie energii: 9 kWh\/1000 godzin<\/td>\n<\/tr>\n<tr>\n<td>Normy ekologiczne<\/td>\n<td>Energy Star 8.0; TCO 8.0; Zgodno\u015b\u0107 z ErP; Zgodno\u015b\u0107 z RoHS<\/td>\n<\/tr>\n<\/tbody>\n<\/table>\n<\/dd>\n<\/dl>\n","protected":false},"excerpt":{"rendered":"<div class=\"columns medium-6 product-features\">\n<table class=\"datalist datalist--divided-fullwidth\">\n<tbody>\n<tr>\n<td>Regulacja wysoko\u015bci [mm]<\/td>\n<td>50<\/td>\n<\/tr>\n<tr>\n<td>Jasno\u015b\u0107 [cd\/m\u00b2]<\/td>\n<td>250<\/td>\n<\/tr>\n<tr>\n<td>Rozdzielczo\u015b\u0107 (optymalna)<\/td>\n<td>1280 x 1024<\/td>\n<\/tr>\n<tr>\n<td>Kod produktu<\/td>\n<td>60005020<\/td>\n<\/tr>\n<\/tbody>\n<\/table>\n<\/div>\n","protected":false},"featured_media":407,"template":"","meta":{"inline_featured_image":false,"neve_meta_sidebar":"","neve_meta_container":"","neve_meta_enable_content_width":"off","neve_meta_content_width":100,"neve_meta_title_alignment":"","neve_meta_author_avatar":"","neve_post_elements_order":"","neve_meta_disable_header":"","neve_meta_disable_footer":"","neve_meta_disable_title":""},"pwb-brand":[28],"product_cat":[22],"product_tag":[],"yoast_head":"<!-- This site is optimized with the Yoast SEO plugin v22.6 - https:\/\/yoast.com\/wordpress\/plugins\/seo\/ -->\n<title>NEC MultiSync\u00ae\u00a0E172M - Monitor 17&quot; - Monitory Komercyjne Monitory komercyjne<\/title>\n<meta name=\"robots\" content=\"index, follow, max-snippet:-1, max-image-preview:large, max-video-preview:-1\" \/>\n<link rel=\"canonical\" href=\"https:\/\/monitorykomercyjne.pl\/index.php\/produkt\/nec-multisync-e172m-monitor-17\/\" \/>\n<meta property=\"og:locale\" content=\"pl_PL\" \/>\n<meta property=\"og:type\" content=\"article\" \/>\n<meta property=\"og:title\" content=\"NEC MultiSync\u00ae\u00a0E172M - Monitor 17&quot; - Monitory Komercyjne Monitory komercyjne\" \/>\n<meta property=\"og:description\" content=\"Regulacja wysoko\u015bci [mm] 50   Jasno\u015b\u0107 [cd\/m\u00b2] 250   Rozdzielczo\u015b\u0107 (optymalna) 1280 x 1024   Kod produktu 60005020\" \/>\n<meta property=\"og:url\" content=\"https:\/\/monitorykomercyjne.pl\/index.php\/produkt\/nec-multisync-e172m-monitor-17\/\" \/>\n<meta property=\"og:site_name\" content=\"Monitory Komercyjne\" \/>\n<meta property=\"article:modified_time\" content=\"2024-05-09T07:39:53+00:00\" \/>\n<meta property=\"og:image\" content=\"https:\/\/monitorykomercyjne.pl\/wp-content\/uploads\/2024\/03\/E172M_productshot_front_nec0071.jpg\" \/>\n\t<meta property=\"og:image:width\" content=\"1600\" \/>\n\t<meta property=\"og:image:height\" content=\"1200\" \/>\n\t<meta property=\"og:image:type\" content=\"image\/jpeg\" \/>\n<meta name=\"twitter:card\" content=\"summary_large_image\" \/>\n<meta name=\"twitter:label1\" content=\"Szacowany czas czytania\" \/>\n\t<meta name=\"twitter:data1\" content=\"3 minuty\" \/>\n<script type=\"application\/ld+json\" class=\"yoast-schema-graph\">{\"@context\":\"https:\/\/schema.org\",\"@graph\":[{\"@type\":\"WebPage\",\"@id\":\"https:\/\/monitorykomercyjne.pl\/index.php\/produkt\/nec-multisync-e172m-monitor-17\/\",\"url\":\"https:\/\/monitorykomercyjne.pl\/index.php\/produkt\/nec-multisync-e172m-monitor-17\/\",\"name\":\"NEC MultiSync\u00ae\u00a0E172M - Monitor 17\\\" - Monitory Komercyjne Monitory komercyjne\",\"isPartOf\":{\"@id\":\"https:\/\/monitorykomercyjne.pl\/#website\"},\"primaryImageOfPage\":{\"@id\":\"https:\/\/monitorykomercyjne.pl\/index.php\/produkt\/nec-multisync-e172m-monitor-17\/#primaryimage\"},\"image\":{\"@id\":\"https:\/\/monitorykomercyjne.pl\/index.php\/produkt\/nec-multisync-e172m-monitor-17\/#primaryimage\"},\"thumbnailUrl\":\"https:\/\/monitorykomercyjne.pl\/wp-content\/uploads\/2024\/03\/E172M_productshot_front_nec0071.jpg\",\"datePublished\":\"2024-03-01T10:37:33+00:00\",\"dateModified\":\"2024-05-09T07:39:53+00:00\",\"breadcrumb\":{\"@id\":\"https:\/\/monitorykomercyjne.pl\/index.php\/produkt\/nec-multisync-e172m-monitor-17\/#breadcrumb\"},\"inLanguage\":\"pl-PL\",\"potentialAction\":[{\"@type\":\"ReadAction\",\"target\":[\"https:\/\/monitorykomercyjne.pl\/index.php\/produkt\/nec-multisync-e172m-monitor-17\/\"]}]},{\"@type\":\"ImageObject\",\"inLanguage\":\"pl-PL\",\"@id\":\"https:\/\/monitorykomercyjne.pl\/index.php\/produkt\/nec-multisync-e172m-monitor-17\/#primaryimage\",\"url\":\"https:\/\/monitorykomercyjne.pl\/wp-content\/uploads\/2024\/03\/E172M_productshot_front_nec0071.jpg\",\"contentUrl\":\"https:\/\/monitorykomercyjne.pl\/wp-content\/uploads\/2024\/03\/E172M_productshot_front_nec0071.jpg\",\"width\":1600,\"height\":1200},{\"@type\":\"BreadcrumbList\",\"@id\":\"https:\/\/monitorykomercyjne.pl\/index.php\/produkt\/nec-multisync-e172m-monitor-17\/#breadcrumb\",\"itemListElement\":[{\"@type\":\"ListItem\",\"position\":1,\"name\":\"Strona g\u0142\u00f3wna\",\"item\":\"https:\/\/monitorykomercyjne.pl\/\"},{\"@type\":\"ListItem\",\"position\":2,\"name\":\"Produkty\",\"item\":\"https:\/\/monitorykomercyjne.pl\/index.php\/produkty\/\"},{\"@type\":\"ListItem\",\"position\":3,\"name\":\"NEC MultiSync\u00ae\u00a0E172M &#8211; Monitor 17&#8243;\"}]},{\"@type\":\"WebSite\",\"@id\":\"https:\/\/monitorykomercyjne.pl\/#website\",\"url\":\"https:\/\/monitorykomercyjne.pl\/\",\"name\":\"Monitory Komercyjne\",\"description\":\"\",\"potentialAction\":[{\"@type\":\"SearchAction\",\"target\":{\"@type\":\"EntryPoint\",\"urlTemplate\":\"https:\/\/monitorykomercyjne.pl\/?s={search_term_string}\"},\"query-input\":\"required name=search_term_string\"}],\"inLanguage\":\"pl-PL\"}]}<\/script>\n<!-- \/ Yoast SEO plugin. -->","yoast_head_json":{"title":"NEC MultiSync\u00ae\u00a0E172M - Monitor 17\" - Monitory Komercyjne Monitory komercyjne","robots":{"index":"index","follow":"follow","max-snippet":"max-snippet:-1","max-image-preview":"max-image-preview:large","max-video-preview":"max-video-preview:-1"},"canonical":"https:\/\/monitorykomercyjne.pl\/index.php\/produkt\/nec-multisync-e172m-monitor-17\/","og_locale":"pl_PL","og_type":"article","og_title":"NEC MultiSync\u00ae\u00a0E172M - Monitor 17\" - Monitory Komercyjne Monitory komercyjne","og_description":"Regulacja wysoko\u015bci [mm] 50   Jasno\u015b\u0107 [cd\/m\u00b2] 250   Rozdzielczo\u015b\u0107 (optymalna) 1280 x 1024   Kod produktu 60005020","og_url":"https:\/\/monitorykomercyjne.pl\/index.php\/produkt\/nec-multisync-e172m-monitor-17\/","og_site_name":"Monitory Komercyjne","article_modified_time":"2024-05-09T07:39:53+00:00","og_image":[{"width":1600,"height":1200,"url":"https:\/\/monitorykomercyjne.pl\/wp-content\/uploads\/2024\/03\/E172M_productshot_front_nec0071.jpg","type":"image\/jpeg"}],"twitter_card":"summary_large_image","twitter_misc":{"Szacowany czas czytania":"3 minuty"},"schema":{"@context":"https:\/\/schema.org","@graph":[{"@type":"WebPage","@id":"https:\/\/monitorykomercyjne.pl\/index.php\/produkt\/nec-multisync-e172m-monitor-17\/","url":"https:\/\/monitorykomercyjne.pl\/index.php\/produkt\/nec-multisync-e172m-monitor-17\/","name":"NEC MultiSync\u00ae\u00a0E172M - Monitor 17\" - Monitory Komercyjne Monitory komercyjne","isPartOf":{"@id":"https:\/\/monitorykomercyjne.pl\/#website"},"primaryImageOfPage":{"@id":"https:\/\/monitorykomercyjne.pl\/index.php\/produkt\/nec-multisync-e172m-monitor-17\/#primaryimage"},"image":{"@id":"https:\/\/monitorykomercyjne.pl\/index.php\/produkt\/nec-multisync-e172m-monitor-17\/#primaryimage"},"thumbnailUrl":"https:\/\/monitorykomercyjne.pl\/wp-content\/uploads\/2024\/03\/E172M_productshot_front_nec0071.jpg","datePublished":"2024-03-01T10:37:33+00:00","dateModified":"2024-05-09T07:39:53+00:00","breadcrumb":{"@id":"https:\/\/monitorykomercyjne.pl\/index.php\/produkt\/nec-multisync-e172m-monitor-17\/#breadcrumb"},"inLanguage":"pl-PL","potentialAction":[{"@type":"ReadAction","target":["https:\/\/monitorykomercyjne.pl\/index.php\/produkt\/nec-multisync-e172m-monitor-17\/"]}]},{"@type":"ImageObject","inLanguage":"pl-PL","@id":"https:\/\/monitorykomercyjne.pl\/index.php\/produkt\/nec-multisync-e172m-monitor-17\/#primaryimage","url":"https:\/\/monitorykomercyjne.pl\/wp-content\/uploads\/2024\/03\/E172M_productshot_front_nec0071.jpg","contentUrl":"https:\/\/monitorykomercyjne.pl\/wp-content\/uploads\/2024\/03\/E172M_productshot_front_nec0071.jpg","width":1600,"height":1200},{"@type":"BreadcrumbList","@id":"https:\/\/monitorykomercyjne.pl\/index.php\/produkt\/nec-multisync-e172m-monitor-17\/#breadcrumb","itemListElement":[{"@type":"ListItem","position":1,"name":"Strona g\u0142\u00f3wna","item":"https:\/\/monitorykomercyjne.pl\/"},{"@type":"ListItem","position":2,"name":"Produkty","item":"https:\/\/monitorykomercyjne.pl\/index.php\/produkty\/"},{"@type":"ListItem","position":3,"name":"NEC MultiSync\u00ae\u00a0E172M &#8211; Monitor 17&#8243;"}]},{"@type":"WebSite","@id":"https:\/\/monitorykomercyjne.pl\/#website","url":"https:\/\/monitorykomercyjne.pl\/","name":"Monitory Komercyjne","description":"","potentialAction":[{"@type":"SearchAction","target":{"@type":"EntryPoint","urlTemplate":"https:\/\/monitorykomercyjne.pl\/?s={search_term_string}"},"query-input":"required name=search_term_string"}],"inLanguage":"pl-PL"}]}},"brands":[{"id":28,"name":"SharpNEC","slug":"sharpnec"}],"_links":{"self":[{"href":"https:\/\/monitorykomercyjne.pl\/index.php\/wp-json\/wp\/v2\/product\/406"}],"collection":[{"href":"https:\/\/monitorykomercyjne.pl\/index.php\/wp-json\/wp\/v2\/product"}],"about":[{"href":"https:\/\/monitorykomercyjne.pl\/index.php\/wp-json\/wp\/v2\/types\/product"}],"wp:featuredmedia":[{"embeddable":true,"href":"https:\/\/monitorykomercyjne.pl\/index.php\/wp-json\/wp\/v2\/media\/407"}],"wp:attachment":[{"href":"https:\/\/monitorykomercyjne.pl\/index.php\/wp-json\/wp\/v2\/media?parent=406"}],"wp:term":[{"taxonomy":"pwb-brand","embeddable":true,"href":"https:\/\/monitorykomercyjne.pl\/index.php\/wp-json\/wp\/v2\/pwb-brand?post=406"},{"taxonomy":"product_cat","embeddable":true,"href":"https:\/\/monitorykomercyjne.pl\/index.php\/wp-json\/wp\/v2\/product_cat?post=406"},{"taxonomy":"product_tag","embeddable":true,"href":"https:\/\/monitorykomercyjne.pl\/index.php\/wp-json\/wp\/v2\/product_tag?post=406"}],"curies":[{"name":"wp","href":"https:\/\/api.w.org\/{rel}","templated":true}]}}