{"id":408,"date":"2024-03-01T11:49:25","date_gmt":"2024-03-01T10:49:25","guid":{"rendered":"https:\/\/monitorykomercyjne.pl\/?post_type=product&#038;p=408"},"modified":"2024-05-09T09:39:53","modified_gmt":"2024-05-09T07:39:53","slug":"nec-multisync-ea241f-monitor-23-8","status":"publish","type":"product","link":"https:\/\/monitorykomercyjne.pl\/index.php\/produkt\/nec-multisync-ea241f-monitor-23-8\/","title":{"rendered":"NEC MultiSync\u00ae\u00a0EA241F &#8211; Monitor 23.8&#8243;"},"content":{"rendered":"<section id=\"overview\" class=\"row\">\n<div class=\"columns medium-6\">\n<p><!-- ossproductdescstart --><\/p>\n<p><b>Monitor NEC MultiSync\u00ae EA241F z ultracienk\u0105 maskownic\u0105 &#8211; 23,8-calowy FHD z pe\u0142n\u0105 \u0142\u0105czno\u015bci\u0105<\/b><\/p>\n<p>Wy\u015bwietlacz biurkowy NEC o przek\u0105tnej 23,8 cala jest wyposa\u017cony w funkcje niezb\u0119dne do zmaksymalizowania wydajno\u015bci biurowej. Obejmuje to znakomite mo\u017cliwo\u015bci wizualne, najlepsz\u0105 w swojej klasie ergonomi\u0119 i pe\u0142en zakres \u0142\u0105czno\u015bci, kt\u00f3ry umo\u017cliwia pod\u0142\u0105czenie wy\u015bwietlacza do istniej\u0105cych platform.<\/p>\n<p>Nowy wy\u015bwietlacz wchodzi na najbardziej wymagaj\u0105cy rynek wy\u015bwietlania pod wzgl\u0119dem wielko\u015bci. Elegancki wygl\u0105d EA241F sprawia, \u017ce idealnie nadaje si\u0119 do korzystania z wielu ekran\u00f3w, a jednocze\u015bnie dodaje elegancji do przestrzeni biurowej. Tr\u00f3jstronna, w\u0105ska ramka redukuje sw\u00f3j \u015blad bez uwzgl\u0119dniania rozmiaru ekranu. Wy\u015bwietlacz zapewnia r\u00f3wnie\u017c najlepsz\u0105 w swojej klasie ergonomi\u0119, kt\u00f3ra spe\u0142nia wszystkie przepisy bezpiecze\u0144stwa. Wysoko\u015b\u0107 dostosowuje si\u0119 od poziomu biurka do 150 mm, co stawia go w szyku pod wzgl\u0119dem nowych standard\u00f3w ergonomicznej przestrzeni roboczej.<\/p>\n<p><!-- ossproductdescend --><\/p>\n<\/div>\n<div class=\"columns medium-6\">\n<h3>Korzy\u015bci<\/h3>\n<ul>\n<li><b>Rozmiar wy\u015bwietlacza na \u017c\u0105danie <\/b> \u2013popularny ekran 23.8 &#8222;z rozdzielczo\u015bci\u0105 Full HD to idealny rozmiar dla zaj\u0119tych przestrzeni roboczych w biurze.<\/li>\n<li><b>Przewaga formy i\u00a0funkcjonalno\u015bci<\/b> \u2013urz\u0105dzenie jest gotowe na\u00a0technologie przysz\u0142o\u015bci, dysponuje tr\u00f3jstronn\u0105 ultraw\u0105sk\u0105 ramk\u0105 o\u00a0szeroko\u015bci, jest dost\u0119pne w\u00a0czerni lub bieli i\u00a0doskonale pasuje do\u00a0wzornictwa nowoczesnych przestrzeni biurowych.<\/li>\n<li><b>Maksymalne skupienie na zdrowiu i\u00a0dobrym samopoczuciu u\u017cytkownika<\/b> \u2013wyj\u0105tkowa ergonomiczna regulacja wysoko\u015bci od 0 do 150\u00a0mm, estetyczna konstrukcja z\u00a0zastosowaniem technologii odfiltrowywania szkodliwego \u015bwiat\u0142a niebieskiego (Low Blue Light) i\u00a0eliminacji migotania (Flicker-Free) oraz zintegrowany czujnik nat\u0119\u017cenia o\u015bwietlenia w\u00a0otoczeniu pozwalaj\u0105 precyzyjnie zindywidualizowa\u0107 konfiguracj\u0119 w\u00a0celu zwi\u0119kszenia produktywno\u015bci.<\/li>\n<li><b>Automatyczna regulacja zu\u017cycia energii<\/b> \u2013dzi\u0119ki zastosowaniu czujnik\u00f3w obecno\u015bci cz\u0142owieka oraz nat\u0119\u017cenia o\u015bwietlenia w\u00a0otoczeniu urz\u0105dzenia, jasno\u015b\u0107 wy\u015bwietlania jest dopasowywana do potrzeb u\u017cytkownika i\u00a0warunk\u00f3w o\u015bwietlenia, co pozwala na\u00a0ograniczenie niepotrzebnego zu\u017cycia energii elektrycznej.<\/li>\n<li><b>\u0141atwo\u015b\u0107 sterowania wieloma wy\u015bwietlaczami <\/b> \u2013technologia ControlSync\u00ae na\u00a0urz\u0105dzeniu g\u0142\u00f3wnym umo\u017cliwia dokonywanie zmian ustawie\u0144 nawet do 5 urz\u0105dze\u0144 w\u00a0konfiguracji wielomonitorowej.<\/li>\n<\/ul>\n<\/div>\n<\/section>\n<dl id=\"speciList\" class=\"js-accordion\">\n<dt class=\"js-accordion__toggle accordion__toggle\">WY\u015aWIETLACZ<\/dt>\n<dd class=\"js-accordion__content\">\n<table class=\"datalist datalist--divided-inset\">\n<tbody>\n<tr>\n<td>Rodzaj panelu<\/td>\n<td>Monitor IPS TFT z pod\u015bwietleniem W-LED<\/td>\n<\/tr>\n<tr>\n<td>Wielko\u015b\u0107 ekranu [cale\/cm]<\/td>\n<td>24 \/ 60.47<\/td>\n<\/tr>\n<tr>\n<td>Proporcje obrazu<\/td>\n<td>16:9<\/td>\n<\/tr>\n<tr>\n<td>Rozmiar gamutu barwowego<\/td>\n<td>101.6 % sRGB; 75.3% AdobeRGB, 72% NTSC<\/td>\n<\/tr>\n<tr>\n<td>Rozmiar plamki [mm]<\/td>\n<td>0.275<\/td>\n<\/tr>\n<tr>\n<td>Jasno\u015b\u0107 [cd\/m\u00b2]<\/td>\n<td>250<\/td>\n<\/tr>\n<tr>\n<td>Kontrast<\/td>\n<td>1000:1 (5000:1 kontrast dynamiczny)<\/td>\n<\/tr>\n<tr>\n<td>K\u0105ty widzenia [\u00b0]<\/td>\n<td>178 poziomo \/ 178 pionowo (CR 10:1)<\/td>\n<\/tr>\n<tr>\n<td>Czas reakcji [ms]<\/td>\n<td>5 (grey-to-grey)<\/td>\n<\/tr>\n<tr>\n<td>Ilo\u015b\u0107 kolor\u00f3w [Mln]<\/td>\n<td>16,78 (6 bit\u00f3w na kolor)<\/td>\n<\/tr>\n<\/tbody>\n<\/table>\n<\/dd>\n<dt class=\"js-accordion__toggle accordion__toggle\">CZ\u0118STOTLIWO\u015a\u0106 SYNCHRONIZACJI<\/dt>\n<dd class=\"js-accordion__content\">\n<table class=\"datalist datalist--divided-inset\">\n<tbody>\n<tr>\n<td>Cz\u0119stotliwo\u015b\u0107 pozioma [kHz]<\/td>\n<td>31.5 &#8211; 83<\/td>\n<\/tr>\n<tr>\n<td>Cz\u0119stotliwo\u015b\u0107 pionowa [Hz]<\/td>\n<td>50 &#8211; 75<\/td>\n<\/tr>\n<\/tbody>\n<\/table>\n<\/dd>\n<dt class=\"js-accordion__toggle accordion__toggle\">ROZDZIELCZO\u015a\u0106<\/dt>\n<dd class=\"js-accordion__content\">\n<table class=\"datalist datalist--divided-inset\">\n<tbody>\n<tr>\n<td>Rozdzielczo\u015b\u0107 optymalna<\/td>\n<td>\n<div class=\"productSpecRes productSpecRes--columns\">1920 x 1080 przy 60 Hz<\/div>\n<\/td>\n<\/tr>\n<tr>\n<td>Obs\u0142ugiwane rozdzielczo\u015bci<\/td>\n<td>\n<div class=\"productSpecRes productSpecRes--columns\">1024 x 768; 1280 x 1024; 1280 x 720; 1280 x 960; 1440 x 900; 1680 x 1050; 1920 x 1080; 640 x 480; 720 x 400; 720 x 480; 720 x 576; 800 x 600<\/div>\n<\/td>\n<\/tr>\n<\/tbody>\n<\/table>\n<\/dd>\n<dt class=\"js-accordion__toggle accordion__toggle\">MO\u017bLIWO\u015aCI POD\u0141\u0104CZANIA<\/dt>\n<dd class=\"js-accordion__content\">\n<table class=\"datalist datalist--divided-inset\">\n<tbody>\n<tr>\n<td>Cyfrowe<\/td>\n<td>1 x DisplayPort; 1 x DVI-D (z HDCP); 1 x HDMI; USB wer. 3.1 (3 porty downstream \/ 1 porty upstream)<\/td>\n<\/tr>\n<tr>\n<td>Analogowe<\/td>\n<td>1 x D-sub 15 pin<\/td>\n<\/tr>\n<\/tbody>\n<\/table>\n<\/dd>\n<dt class=\"js-accordion__toggle accordion__toggle\">PARAMETRY ELEKTRYCZNE<\/dt>\n<dd class=\"js-accordion__content\">\n<table class=\"datalist datalist--divided-inset\">\n<tbody>\n<tr>\n<td>Pob\u00f3r mocy [W]<\/td>\n<td>11 (Tryb Eco 2); 15 (wysy\u0142ka); 47 (maks.)<\/td>\n<\/tr>\n<tr>\n<td>Tryb Power Save [W]<\/td>\n<td>0.31<\/td>\n<\/tr>\n<tr>\n<td>Zasilanie<\/td>\n<td>0.9 A\/0.5 A; 100-240 V; internal power supply<\/td>\n<\/tr>\n<\/tbody>\n<\/table>\n<\/dd>\n<dt class=\"js-accordion__toggle accordion__toggle\">WARUNKI OTOCZENIA<\/dt>\n<dd class=\"js-accordion__content\">\n<table class=\"datalist datalist--divided-inset\">\n<tbody>\n<tr>\n<td>Temperatura otoczenia podczes pracy [\u00b0C]<\/td>\n<td>+5 do +35<\/td>\n<\/tr>\n<tr>\n<td>Wilgotno\u015b\u0107 otoczenia podczas pracy [%]<\/td>\n<td>20 do 80<\/td>\n<\/tr>\n<tr>\n<td>Wilgotno\u015b\u0107 otoczenia podczas przechowywania [%]<\/td>\n<td>10 do 85<\/td>\n<\/tr>\n<tr>\n<td>Temperatura otoczenia podczas przechowywania [\u00b0C]<\/td>\n<td>-10 do 60<\/td>\n<\/tr>\n<\/tbody>\n<\/table>\n<\/dd>\n<dt class=\"js-accordion__toggle accordion__toggle\">ERGONOMIA<\/dt>\n<dd class=\"js-accordion__content\">\n<table class=\"datalist datalist--divided-inset\">\n<tbody>\n<tr>\n<td>Regulacja wysoko\u015bci[mm]<\/td>\n<td>150 (w trybie Landscape)<\/td>\n<\/tr>\n<tr>\n<td>Pochylenie ekranu w pionie [\u00b0]<\/td>\n<td>-5 to 35<\/td>\n<\/tr>\n<tr>\n<td>Obr\u00f3t ekranu w poziomie [\u00b0]<\/td>\n<td>-170 to 170<\/td>\n<\/tr>\n<tr>\n<td>Ekran obrotowy (Pivot) [\u00b0]<\/td>\n<td>0 do 90 (tryb standardowy i portretowy)<\/td>\n<\/tr>\n<\/tbody>\n<\/table>\n<\/dd>\n<dt class=\"js-accordion__toggle accordion__toggle\">PARAMETRY MECHANICZNE<\/dt>\n<dd class=\"js-accordion__content\">\n<table class=\"datalist datalist--divided-inset\">\n<tbody>\n<tr>\n<td>Szeroko\u015b\u0107 ramki [mm]<\/td>\n<td>0,8 (prawa\/lewa\/g\u00f3ra); 15,8 (d\u00f3\u0142)<\/td>\n<\/tr>\n<tr>\n<td>Wymiary [mm]<\/td>\n<td>319.1 x 555.6 &#8211; 615.4 x 250 (Portrait mode); 537.7 x 336.6 &#8211; 486.6 x 250 (Landscape mode)<\/td>\n<\/tr>\n<tr>\n<td>Waga [kg]<\/td>\n<td>Bez stopki: 3,6; Z n\u00f3\u017ckami: 6,1<\/td>\n<\/tr>\n<tr>\n<td>Mocowanie VESA [mm]<\/td>\n<td>100 x 100 (4 otwory)<\/td>\n<\/tr>\n<\/tbody>\n<\/table>\n<\/dd>\n<dt class=\"js-accordion__toggle accordion__toggle\">DODATKOWE FUNKCJE<\/dt>\n<dd class=\"js-accordion__content\">\n<table class=\"datalist datalist--divided-inset\">\n<tbody>\n<tr>\n<td>Wersje kolorystyczne<\/td>\n<td>Bia\u0142a ramka ekranu, bia\u0142a obudowa; Czarna ramka ekranu, czarna obudowa<\/td>\n<\/tr>\n<tr>\n<td>Zarz\u0105dzanie kablami<\/td>\n<td>tak<\/td>\n<\/tr>\n<tr>\n<td>Plug and Play<\/td>\n<td>DDC2B\/2Bi; VESA DDC\/CI; VESA DDC2Bi<\/td>\n<\/tr>\n<tr>\n<td>G\u0142o\u015bniki<\/td>\n<td>Wbudowane (1 W + 1 W)<\/td>\n<\/tr>\n<tr>\n<td>Funkcje regulacji<\/td>\n<td>Advanced NTAA (Advanced Non-Touch-Auto-Adjustment)<\/td>\n<\/tr>\n<tr>\n<td>Zawarto\u015b\u0107 opakowania<\/td>\n<td>kabel Control Sync; Kabel DisplayPort; kabel USB; Kabel zasilaj\u0105cy; Monitor; Set-up Manual<\/td>\n<\/tr>\n<tr>\n<td>Bezpiecze\u0144stwo i ergonomia<\/td>\n<td>CE; EAC; EnergyStar 8.0; ErP; Flicker-free; ISO 9241-307 (pixel failure class I); Low Blue Light; PSB; RoHS; TCO 8.0; T\u00dcV Ergonomics; T\u00dcV GS; UL\/C-UL lub CSA; WEEE<\/td>\n<\/tr>\n<tr>\n<td>Gwarancja<\/td>\n<td>3 lata (w tym na pod\u015bwietlenie ekranu); opcjonalna gwarancja ca\u0142odobowej pracy przez 7\u00a0dni w\u00a0tygodniu na lata 1\u20133; opcjonalne przed\u0142u\u017cenie gwarancji na 4. i\u00a05. rok<\/td>\n<\/tr>\n<\/tbody>\n<\/table>\n<\/dd>\n<dt class=\"js-accordion__toggle accordion__toggle\">FUNKCJE EKO<\/dt>\n<dd class=\"js-accordion__content\">\n<table class=\"datalist datalist--divided-inset\">\n<tbody>\n<tr>\n<td>U\u017cyteczna powierzchnia [cale\/cm]<\/td>\n<td>Czujnik obecno\u015bci u\u017cytkownika; Czujnik \u015bwiat\u0142a zewn\u0119trznego; Klasa efektywno\u015bci energetycznej: C; Zu\u017cycie energii: 11 kWh\/1000 godzin<\/td>\n<\/tr>\n<tr>\n<td>Normy ekologiczne<\/td>\n<td>Energy Star 8.0; TCO 8.0; WEEE; Zgodno\u015b\u0107 z ErP; Zgodno\u015b\u0107 z RoHS<\/td>\n<\/tr>\n<\/tbody>\n<\/table>\n<\/dd>\n<\/dl>\n","protected":false},"excerpt":{"rendered":"<div class=\"columns medium-6 product-features\">\n<table class=\"datalist datalist--divided-fullwidth\">\n<tbody>\n<tr>\n<td>Regulacja wysoko\u015bci [mm]<\/td>\n<td>150<\/td>\n<\/tr>\n<tr>\n<td>Jasno\u015b\u0107 [cd\/m\u00b2]<\/td>\n<td>250<\/td>\n<\/tr>\n<tr>\n<td>Rozdzielczo\u015b\u0107 (optymalna)<\/td>\n<td>1920 x 1080<\/td>\n<\/tr>\n<tr>\n<td>Kod produktu<\/td>\n<td>60004786 (BK), 60004787 (WH)<\/td>\n<\/tr>\n<\/tbody>\n<\/table>\n<\/div>\n","protected":false},"featured_media":409,"template":"","meta":{"inline_featured_image":false,"neve_meta_sidebar":"","neve_meta_container":"","neve_meta_enable_content_width":"off","neve_meta_content_width":100,"neve_meta_title_alignment":"","neve_meta_author_avatar":"","neve_post_elements_order":"","neve_meta_disable_header":"","neve_meta_disable_footer":"","neve_meta_disable_title":""},"pwb-brand":[28],"product_cat":[22],"product_tag":[],"yoast_head":"<!-- This site is optimized with the Yoast SEO plugin v22.6 - https:\/\/yoast.com\/wordpress\/plugins\/seo\/ -->\n<title>NEC MultiSync\u00ae\u00a0EA241F - Monitor 23.8&quot; - Monitory Komercyjne Monitory komercyjne<\/title>\n<meta name=\"robots\" content=\"index, follow, max-snippet:-1, max-image-preview:large, max-video-preview:-1\" \/>\n<link rel=\"canonical\" href=\"https:\/\/monitorykomercyjne.pl\/index.php\/produkt\/nec-multisync-ea241f-monitor-23-8\/\" \/>\n<meta property=\"og:locale\" content=\"pl_PL\" \/>\n<meta property=\"og:type\" content=\"article\" \/>\n<meta property=\"og:title\" content=\"NEC MultiSync\u00ae\u00a0EA241F - Monitor 23.8&quot; - Monitory Komercyjne Monitory komercyjne\" \/>\n<meta property=\"og:description\" content=\"Regulacja wysoko\u015bci [mm] 150   Jasno\u015b\u0107 [cd\/m\u00b2] 250   Rozdzielczo\u015b\u0107 (optymalna) 1920 x 1080   Kod produktu 60004786 (BK), 60004787 (WH)\" \/>\n<meta property=\"og:url\" content=\"https:\/\/monitorykomercyjne.pl\/index.php\/produkt\/nec-multisync-ea241f-monitor-23-8\/\" \/>\n<meta property=\"og:site_name\" content=\"Monitory Komercyjne\" \/>\n<meta property=\"article:modified_time\" content=\"2024-05-09T07:39:53+00:00\" \/>\n<meta property=\"og:image\" content=\"https:\/\/monitorykomercyjne.pl\/wp-content\/uploads\/2024\/03\/NEC-MultiSync-EA241F1.jpg\" \/>\n\t<meta property=\"og:image:width\" content=\"1600\" \/>\n\t<meta property=\"og:image:height\" content=\"1200\" \/>\n\t<meta property=\"og:image:type\" content=\"image\/jpeg\" \/>\n<meta name=\"twitter:card\" content=\"summary_large_image\" \/>\n<meta name=\"twitter:label1\" content=\"Szacowany czas czytania\" \/>\n\t<meta name=\"twitter:data1\" content=\"4 minuty\" \/>\n<script type=\"application\/ld+json\" class=\"yoast-schema-graph\">{\"@context\":\"https:\/\/schema.org\",\"@graph\":[{\"@type\":\"WebPage\",\"@id\":\"https:\/\/monitorykomercyjne.pl\/index.php\/produkt\/nec-multisync-ea241f-monitor-23-8\/\",\"url\":\"https:\/\/monitorykomercyjne.pl\/index.php\/produkt\/nec-multisync-ea241f-monitor-23-8\/\",\"name\":\"NEC MultiSync\u00ae\u00a0EA241F - Monitor 23.8\\\" - Monitory Komercyjne Monitory komercyjne\",\"isPartOf\":{\"@id\":\"https:\/\/monitorykomercyjne.pl\/#website\"},\"primaryImageOfPage\":{\"@id\":\"https:\/\/monitorykomercyjne.pl\/index.php\/produkt\/nec-multisync-ea241f-monitor-23-8\/#primaryimage\"},\"image\":{\"@id\":\"https:\/\/monitorykomercyjne.pl\/index.php\/produkt\/nec-multisync-ea241f-monitor-23-8\/#primaryimage\"},\"thumbnailUrl\":\"https:\/\/monitorykomercyjne.pl\/wp-content\/uploads\/2024\/03\/NEC-MultiSync-EA241F1.jpg\",\"datePublished\":\"2024-03-01T10:49:25+00:00\",\"dateModified\":\"2024-05-09T07:39:53+00:00\",\"breadcrumb\":{\"@id\":\"https:\/\/monitorykomercyjne.pl\/index.php\/produkt\/nec-multisync-ea241f-monitor-23-8\/#breadcrumb\"},\"inLanguage\":\"pl-PL\",\"potentialAction\":[{\"@type\":\"ReadAction\",\"target\":[\"https:\/\/monitorykomercyjne.pl\/index.php\/produkt\/nec-multisync-ea241f-monitor-23-8\/\"]}]},{\"@type\":\"ImageObject\",\"inLanguage\":\"pl-PL\",\"@id\":\"https:\/\/monitorykomercyjne.pl\/index.php\/produkt\/nec-multisync-ea241f-monitor-23-8\/#primaryimage\",\"url\":\"https:\/\/monitorykomercyjne.pl\/wp-content\/uploads\/2024\/03\/NEC-MultiSync-EA241F1.jpg\",\"contentUrl\":\"https:\/\/monitorykomercyjne.pl\/wp-content\/uploads\/2024\/03\/NEC-MultiSync-EA241F1.jpg\",\"width\":1600,\"height\":1200},{\"@type\":\"BreadcrumbList\",\"@id\":\"https:\/\/monitorykomercyjne.pl\/index.php\/produkt\/nec-multisync-ea241f-monitor-23-8\/#breadcrumb\",\"itemListElement\":[{\"@type\":\"ListItem\",\"position\":1,\"name\":\"Strona g\u0142\u00f3wna\",\"item\":\"https:\/\/monitorykomercyjne.pl\/\"},{\"@type\":\"ListItem\",\"position\":2,\"name\":\"Produkty\",\"item\":\"https:\/\/monitorykomercyjne.pl\/index.php\/produkty\/\"},{\"@type\":\"ListItem\",\"position\":3,\"name\":\"NEC MultiSync\u00ae\u00a0EA241F &#8211; Monitor 23.8&#8243;\"}]},{\"@type\":\"WebSite\",\"@id\":\"https:\/\/monitorykomercyjne.pl\/#website\",\"url\":\"https:\/\/monitorykomercyjne.pl\/\",\"name\":\"Monitory Komercyjne\",\"description\":\"\",\"potentialAction\":[{\"@type\":\"SearchAction\",\"target\":{\"@type\":\"EntryPoint\",\"urlTemplate\":\"https:\/\/monitorykomercyjne.pl\/?s={search_term_string}\"},\"query-input\":\"required name=search_term_string\"}],\"inLanguage\":\"pl-PL\"}]}<\/script>\n<!-- \/ Yoast SEO plugin. -->","yoast_head_json":{"title":"NEC MultiSync\u00ae\u00a0EA241F - Monitor 23.8\" - Monitory Komercyjne Monitory komercyjne","robots":{"index":"index","follow":"follow","max-snippet":"max-snippet:-1","max-image-preview":"max-image-preview:large","max-video-preview":"max-video-preview:-1"},"canonical":"https:\/\/monitorykomercyjne.pl\/index.php\/produkt\/nec-multisync-ea241f-monitor-23-8\/","og_locale":"pl_PL","og_type":"article","og_title":"NEC MultiSync\u00ae\u00a0EA241F - Monitor 23.8\" - Monitory Komercyjne Monitory komercyjne","og_description":"Regulacja wysoko\u015bci [mm] 150   Jasno\u015b\u0107 [cd\/m\u00b2] 250   Rozdzielczo\u015b\u0107 (optymalna) 1920 x 1080   Kod produktu 60004786 (BK), 60004787 (WH)","og_url":"https:\/\/monitorykomercyjne.pl\/index.php\/produkt\/nec-multisync-ea241f-monitor-23-8\/","og_site_name":"Monitory Komercyjne","article_modified_time":"2024-05-09T07:39:53+00:00","og_image":[{"width":1600,"height":1200,"url":"https:\/\/monitorykomercyjne.pl\/wp-content\/uploads\/2024\/03\/NEC-MultiSync-EA241F1.jpg","type":"image\/jpeg"}],"twitter_card":"summary_large_image","twitter_misc":{"Szacowany czas czytania":"4 minuty"},"schema":{"@context":"https:\/\/schema.org","@graph":[{"@type":"WebPage","@id":"https:\/\/monitorykomercyjne.pl\/index.php\/produkt\/nec-multisync-ea241f-monitor-23-8\/","url":"https:\/\/monitorykomercyjne.pl\/index.php\/produkt\/nec-multisync-ea241f-monitor-23-8\/","name":"NEC MultiSync\u00ae\u00a0EA241F - Monitor 23.8\" - Monitory Komercyjne Monitory komercyjne","isPartOf":{"@id":"https:\/\/monitorykomercyjne.pl\/#website"},"primaryImageOfPage":{"@id":"https:\/\/monitorykomercyjne.pl\/index.php\/produkt\/nec-multisync-ea241f-monitor-23-8\/#primaryimage"},"image":{"@id":"https:\/\/monitorykomercyjne.pl\/index.php\/produkt\/nec-multisync-ea241f-monitor-23-8\/#primaryimage"},"thumbnailUrl":"https:\/\/monitorykomercyjne.pl\/wp-content\/uploads\/2024\/03\/NEC-MultiSync-EA241F1.jpg","datePublished":"2024-03-01T10:49:25+00:00","dateModified":"2024-05-09T07:39:53+00:00","breadcrumb":{"@id":"https:\/\/monitorykomercyjne.pl\/index.php\/produkt\/nec-multisync-ea241f-monitor-23-8\/#breadcrumb"},"inLanguage":"pl-PL","potentialAction":[{"@type":"ReadAction","target":["https:\/\/monitorykomercyjne.pl\/index.php\/produkt\/nec-multisync-ea241f-monitor-23-8\/"]}]},{"@type":"ImageObject","inLanguage":"pl-PL","@id":"https:\/\/monitorykomercyjne.pl\/index.php\/produkt\/nec-multisync-ea241f-monitor-23-8\/#primaryimage","url":"https:\/\/monitorykomercyjne.pl\/wp-content\/uploads\/2024\/03\/NEC-MultiSync-EA241F1.jpg","contentUrl":"https:\/\/monitorykomercyjne.pl\/wp-content\/uploads\/2024\/03\/NEC-MultiSync-EA241F1.jpg","width":1600,"height":1200},{"@type":"BreadcrumbList","@id":"https:\/\/monitorykomercyjne.pl\/index.php\/produkt\/nec-multisync-ea241f-monitor-23-8\/#breadcrumb","itemListElement":[{"@type":"ListItem","position":1,"name":"Strona g\u0142\u00f3wna","item":"https:\/\/monitorykomercyjne.pl\/"},{"@type":"ListItem","position":2,"name":"Produkty","item":"https:\/\/monitorykomercyjne.pl\/index.php\/produkty\/"},{"@type":"ListItem","position":3,"name":"NEC MultiSync\u00ae\u00a0EA241F &#8211; Monitor 23.8&#8243;"}]},{"@type":"WebSite","@id":"https:\/\/monitorykomercyjne.pl\/#website","url":"https:\/\/monitorykomercyjne.pl\/","name":"Monitory Komercyjne","description":"","potentialAction":[{"@type":"SearchAction","target":{"@type":"EntryPoint","urlTemplate":"https:\/\/monitorykomercyjne.pl\/?s={search_term_string}"},"query-input":"required name=search_term_string"}],"inLanguage":"pl-PL"}]}},"brands":[{"id":28,"name":"SharpNEC","slug":"sharpnec"}],"_links":{"self":[{"href":"https:\/\/monitorykomercyjne.pl\/index.php\/wp-json\/wp\/v2\/product\/408"}],"collection":[{"href":"https:\/\/monitorykomercyjne.pl\/index.php\/wp-json\/wp\/v2\/product"}],"about":[{"href":"https:\/\/monitorykomercyjne.pl\/index.php\/wp-json\/wp\/v2\/types\/product"}],"wp:featuredmedia":[{"embeddable":true,"href":"https:\/\/monitorykomercyjne.pl\/index.php\/wp-json\/wp\/v2\/media\/409"}],"wp:attachment":[{"href":"https:\/\/monitorykomercyjne.pl\/index.php\/wp-json\/wp\/v2\/media?parent=408"}],"wp:term":[{"taxonomy":"pwb-brand","embeddable":true,"href":"https:\/\/monitorykomercyjne.pl\/index.php\/wp-json\/wp\/v2\/pwb-brand?post=408"},{"taxonomy":"product_cat","embeddable":true,"href":"https:\/\/monitorykomercyjne.pl\/index.php\/wp-json\/wp\/v2\/product_cat?post=408"},{"taxonomy":"product_tag","embeddable":true,"href":"https:\/\/monitorykomercyjne.pl\/index.php\/wp-json\/wp\/v2\/product_tag?post=408"}],"curies":[{"name":"wp","href":"https:\/\/api.w.org\/{rel}","templated":true}]}}