{"id":420,"date":"2024-03-01T13:07:48","date_gmt":"2024-03-01T12:07:48","guid":{"rendered":"https:\/\/monitorykomercyjne.pl\/?post_type=product&#038;p=420"},"modified":"2024-05-09T09:39:53","modified_gmt":"2024-05-09T07:39:53","slug":"nec-multisync-e271n-monitor-27","status":"publish","type":"product","link":"https:\/\/monitorykomercyjne.pl\/index.php\/produkt\/nec-multisync-e271n-monitor-27\/","title":{"rendered":"NEC MultiSync\u00ae\u00a0E271N &#8211; Monitor 27&#8243;"},"content":{"rendered":"<section id=\"overview\" class=\"row\">\n<div class=\"columns medium-6\">\n<p><!-- ossproductdescstart --><\/p>\n<p><b>NEC MultiSync\u00ae E271N \u2013 atrakcyjny monitor biurowy o\u00a0bardzo korzystnym stosunku ceny do\u00a0wydajno\u015bci, kt\u00f3ry \u0142\u0105czy doskona\u0142\u0105 jako\u015b\u0107 wizualizacji z\u00a0dba\u0142o\u015bci\u0105 o\u00a0zdrowie u\u017cytkownika<\/b><\/p>\n<p>Monitor o\u00a0przek\u0105tnej 27\u201d z\u00a0ultraw\u0105sk\u0105 ramk\u0105 \u0142\u0105czy zaawansowan\u0105 jako\u015b\u0107 wy\u015bwietlania obrazu na\u00a0du\u017cym ekranie wraz z funkcjonalno\u015bci\u0105 zapewniaj\u0105c\u0105 wydajn\u0105 prac\u0119 biurow\u0105.<\/p>\n<p>Urz\u0105dzenie zbudowano z\u00a0my\u015bl\u0105 o\u00a0dobrym samopoczuciu u\u017cytkownika, dlatego zastosowano w\u00a0nim technologi\u0119 Low Blue Light Plus, kt\u00f3ra odfiltrowuje szkodliwe emisje niebieskiego \u015bwiat\u0142a, oraz\u00a0technologi\u0119 Flicker-Free eliminuj\u0105c\u0105 wp\u0142yw migotania.<\/p>\n<p>Monitor cechuje si\u0119 zaawansowanymi w\u0142a\u015bciwo\u015bciami wy\u015bwietlania i wydajno\u015bci\u0105, a\u00a0jego elegancka stylistyka dobrze wsp\u00f3\u0142gra z\u00a0nowoczesnymi wn\u0119trzami biurowymi.<\/p>\n<p><!-- ossproductdescend --><\/p>\n<\/div>\n<div class=\"columns medium-6\">\n<h3>Korzy\u015bci<\/h3>\n<ul>\n<li><b>Najbardziej korzystny stosunek ceny do\u00a0wydajno\u015bci w\u00a0gamie urz\u0105dze\u0144 o\u00a0przek\u0105tnej 27\u201d<\/b> \u2013urz\u0105dzenie oferuje jako\u015b\u0107 wy\u015bwietlania znan\u0105 z\u00a0modeli z\u00a0serii EA, ale nie jest wyposa\u017cone w\u00a0tak zaawansowane funkcje i\u00a0mo\u017cliwo\u015bci po\u0142\u0105cze\u0144. Idealnie sprawdzi si\u0119 w\u00a0codziennych zadaniach biurowych.<\/li>\n<li><b>Black and white housing<\/b> \u2013choose the housing design to best suit your office style and comply with local office ergonomic recommendations.<\/li>\n<li><b>Ochrona oczu przed nadmiernym wysi\u0142kiem i\u00a0uszkodzeniem<\/b> \u2013Wbudowana technologia Low Blue Light odfiltrowuje szkodliwe emisje niebieskiego \u015bwiat\u0142a, a\u00a0technologia Flicker-Free eliminuje migotanie pod\u015bwietlenia, chroni\u0105c oczy przed za\u0107m\u0105 i\u00a0zwyrodnieniem plamki \u017c\u00f3\u0142tej bez pogarszania rzeczywistego oddawania barw przez monitor.<\/li>\n<li><b>Rozwi\u0105zanie gotowe na technologie przysz\u0142o\u015bci<\/b> \u2013konstrukcja najlepsza pod wzgl\u0119dem formy i funkcjonalno\u015bci z\u00a0ultraw\u0105sk\u0105 maskownic\u0105 o\u00a0szeroko\u015bci\u00a03\u00a0stron wnosi do biura \u015bwie\u017cy powiew profesjonalizmu.<\/li>\n<\/ul>\n<\/div>\n<\/section>\n<dl id=\"speciList\" class=\"js-accordion\">\n<dt class=\"js-accordion__toggle accordion__toggle\">WY\u015aWIETLACZ<\/dt>\n<dd class=\"js-accordion__content\">\n<table class=\"datalist datalist--divided-inset\">\n<tbody>\n<tr>\n<td>Rodzaj panelu<\/td>\n<td>Monitor IPS TFT z pod\u015bwietleniem W-LED<\/td>\n<\/tr>\n<tr>\n<td>Wielko\u015b\u0107 ekranu [cale\/cm]<\/td>\n<td>27 \/ 69<\/td>\n<\/tr>\n<tr>\n<td>Proporcje obrazu<\/td>\n<td>16:9<\/td>\n<\/tr>\n<tr>\n<td>Rozmiar gamutu barwowego<\/td>\n<td>102 % sRGB; 75.5% AdobeRGB, 72% NTSC<\/td>\n<\/tr>\n<tr>\n<td>Rozmiar plamki [mm]<\/td>\n<td>0.311<\/td>\n<\/tr>\n<tr>\n<td>Jasno\u015b\u0107 [cd\/m\u00b2]<\/td>\n<td>250<\/td>\n<\/tr>\n<tr>\n<td>Kontrast<\/td>\n<td>1000:1<\/td>\n<\/tr>\n<tr>\n<td>K\u0105ty widzenia [\u00b0]<\/td>\n<td>178 poziomo \/ 178 pionowo (CR 10:1)<\/td>\n<\/tr>\n<tr>\n<td>Czas reakcji [ms]<\/td>\n<td>6<\/td>\n<\/tr>\n<tr>\n<td>Ilo\u015b\u0107 kolor\u00f3w [Mln]<\/td>\n<td>16.77<\/td>\n<\/tr>\n<\/tbody>\n<\/table>\n<\/dd>\n<dt class=\"js-accordion__toggle accordion__toggle\">CZ\u0118STOTLIWO\u015a\u0106 SYNCHRONIZACJI<\/dt>\n<dd class=\"js-accordion__content\">\n<table class=\"datalist datalist--divided-inset\">\n<tbody>\n<tr>\n<td>Cz\u0119stotliwo\u015b\u0107 pozioma [kHz]<\/td>\n<td>31.5 &#8211; 81.1<\/td>\n<\/tr>\n<tr>\n<td>Cz\u0119stotliwo\u015b\u0107 pionowa [Hz]<\/td>\n<td>56 &#8211; 76<\/td>\n<\/tr>\n<\/tbody>\n<\/table>\n<\/dd>\n<dt class=\"js-accordion__toggle accordion__toggle\">ROZDZIELCZO\u015a\u0106<\/dt>\n<dd class=\"js-accordion__content\">\n<table class=\"datalist datalist--divided-inset\">\n<tbody>\n<tr>\n<td>Rozdzielczo\u015b\u0107 optymalna<\/td>\n<td>\n<div class=\"productSpecRes productSpecRes--columns\">1920 x 1080 przy 60 Hz<\/div>\n<\/td>\n<\/tr>\n<tr>\n<td>Obs\u0142ugiwane rozdzielczo\u015bci<\/td>\n<td>\n<div class=\"productSpecRes productSpecRes--columns\">1024 x 768; 1280 x 1024; 1280 x 720; 1280 x 960; 1440 x 900; 1680 x 1050; 1920 x 1080; 640 x 480; 720 x 400 (70 Hz); 800 x 600<\/div>\n<\/td>\n<\/tr>\n<\/tbody>\n<\/table>\n<\/dd>\n<dt class=\"js-accordion__toggle accordion__toggle\">MO\u017bLIWO\u015aCI POD\u0141\u0104CZANIA<\/dt>\n<dd class=\"js-accordion__content\">\n<table class=\"datalist datalist--divided-inset\">\n<tbody>\n<tr>\n<td>Cyfrowe<\/td>\n<td>1 x DisplayPort; 1 x HDMI<\/td>\n<\/tr>\n<tr>\n<td>Analogowe<\/td>\n<td>1 x VGA<\/td>\n<\/tr>\n<\/tbody>\n<\/table>\n<\/dd>\n<dt class=\"js-accordion__toggle accordion__toggle\">PARAMETRY ELEKTRYCZNE<\/dt>\n<dd class=\"js-accordion__content\">\n<table class=\"datalist datalist--divided-inset\">\n<tbody>\n<tr>\n<td>Pob\u00f3r mocy [W]<\/td>\n<td>16 (Tryb Eco 1); 20 (typ.); 26 (maks.)<\/td>\n<\/tr>\n<tr>\n<td>Tryb Power Save [W]<\/td>\n<td>0.26<\/td>\n<\/tr>\n<tr>\n<td>Zasilanie<\/td>\n<td>0.55 A\/0.35 A; 100-240 V; zintegrowany zasilacz<\/td>\n<\/tr>\n<\/tbody>\n<\/table>\n<\/dd>\n<dt class=\"js-accordion__toggle accordion__toggle\">WARUNKI OTOCZENIA<\/dt>\n<dd class=\"js-accordion__content\">\n<table class=\"datalist datalist--divided-inset\">\n<tbody>\n<tr>\n<td>Temperatura otoczenia podczes pracy [\u00b0C]<\/td>\n<td>+5 do +35<\/td>\n<\/tr>\n<tr>\n<td>Wilgotno\u015b\u0107 otoczenia podczas pracy [%]<\/td>\n<td>20 do 80<\/td>\n<\/tr>\n<tr>\n<td>Wilgotno\u015b\u0107 otoczenia podczas przechowywania [%]<\/td>\n<td>10 do 85<\/td>\n<\/tr>\n<tr>\n<td>Temperatura otoczenia podczas przechowywania [\u00b0C]<\/td>\n<td>-10 do 60<\/td>\n<\/tr>\n<\/tbody>\n<\/table>\n<\/dd>\n<dt class=\"js-accordion__toggle accordion__toggle\">ERGONOMIA<\/dt>\n<dd class=\"js-accordion__content\">\n<table class=\"datalist datalist--divided-inset\">\n<tbody>\n<tr>\n<td>Regulacja wysoko\u015bci[mm]<\/td>\n<td>130 (w trybie Landscape)<\/td>\n<\/tr>\n<tr>\n<td>Pochylenie ekranu w pionie [\u00b0]<\/td>\n<td>&#8211; 5 to 35<\/td>\n<\/tr>\n<tr>\n<td>Obr\u00f3t ekranu w poziomie [\u00b0]<\/td>\n<td>170 to 170<\/td>\n<\/tr>\n<tr>\n<td>Ekran obrotowy (Pivot) [\u00b0]<\/td>\n<td>-90 do 90 (tryb standardowy i portretowy)<\/td>\n<\/tr>\n<\/tbody>\n<\/table>\n<\/dd>\n<dt class=\"js-accordion__toggle accordion__toggle\">PARAMETRY MECHANICZNE<\/dt>\n<dd class=\"js-accordion__content\">\n<table class=\"datalist datalist--divided-inset\">\n<tbody>\n<tr>\n<td>Szeroko\u015b\u0107 ramki [mm]<\/td>\n<td>1 (g\u00f3ra); 1 (prawa i lewa)<\/td>\n<\/tr>\n<tr>\n<td>Wymiary [mm]<\/td>\n<td>610.4 x 376.9 &#8211; 506.9 x 282 (Landscape mode); Bez stopki: 610,4 x 359,9 x 46,6<\/td>\n<\/tr>\n<tr>\n<td>Waga [kg]<\/td>\n<td>Bez stopki: 5,1; Z n\u00f3\u017ckami: 8,2<\/td>\n<\/tr>\n<tr>\n<td>Mocowanie VESA [mm]<\/td>\n<td>100 x 100<\/td>\n<\/tr>\n<\/tbody>\n<\/table>\n<\/dd>\n<dt class=\"js-accordion__toggle accordion__toggle\">DODATKOWE FUNKCJE<\/dt>\n<dd class=\"js-accordion__content\">\n<table class=\"datalist datalist--divided-inset\">\n<tbody>\n<tr>\n<td>Cechy Specjalne<\/td>\n<td>DisplayPort; Tryby ekonomiczne<\/td>\n<\/tr>\n<tr>\n<td>Wersje kolorystyczne<\/td>\n<td>Bia\u0142a ramka ekranu, bia\u0142a obudowa; Czarna ramka ekranu, czarna obudowa<\/td>\n<\/tr>\n<tr>\n<td>Zarz\u0105dzanie kablami<\/td>\n<td>tak<\/td>\n<\/tr>\n<tr>\n<td>Z\u0142\u0105cze Kensington<\/td>\n<td>tak<\/td>\n<\/tr>\n<tr>\n<td>Plug and Play<\/td>\n<td>VESA DDC2Bi<\/td>\n<\/tr>\n<tr>\n<td>G\u0142o\u015bniki<\/td>\n<td>Headphone Jack; Wbudowane (1 W + 1 W)<\/td>\n<\/tr>\n<tr>\n<td>Funkcje regulacji<\/td>\n<td>Automatyczne dostosowanie; DV Mode; Licznik carbon savings \/ Licznik carbon savings; Regulacja jasno\u015bci; Tryb ekonomiczny; wyb\u00f3r j\u0119zyka OSD<\/td>\n<\/tr>\n<tr>\n<td>Zawarto\u015b\u0107 opakowania<\/td>\n<td>Kabel DisplayPort; Kabel VGA-VGA; Kabel zasilaj\u0105cy; Przewodnik po instalacji; Set-up Manual; VESA Plate<\/td>\n<\/tr>\n<tr>\n<td>Bezpiecze\u0144stwo i ergonomia<\/td>\n<td>CE; EAC; EnergyStar 8.0; ErP; Flicker-free; ISO 9241-307 (pixel failure class I); Low Blue Light; RoHS; T\u00dcV Ergonomics; T\u00dcV GS; WEEE<\/td>\n<\/tr>\n<tr>\n<td>Gwarancja<\/td>\n<td>3 lata (w tym na pod\u015bwietlenie ekranu); opcjonalne przed\u0142u\u017cenie gwarancji na 4. i\u00a05. rok<\/td>\n<\/tr>\n<\/tbody>\n<\/table>\n<\/dd>\n<dt class=\"js-accordion__toggle accordion__toggle\">FUNKCJE EKO<\/dt>\n<dd class=\"js-accordion__content\">\n<table class=\"datalist datalist--divided-inset\">\n<tbody>\n<tr>\n<td>U\u017cyteczna powierzchnia [cale\/cm]<\/td>\n<td>Klasa efektywno\u015bci energetycznej: C; Licznik Carbon footprint \/ Licznik carbon savings; Tryb ECO; Zu\u017cycie energii: 13 kWh\/1000 godzin<\/td>\n<\/tr>\n<tr>\n<td>Normy ekologiczne<\/td>\n<td>Energy Star 8.0; WEEE; Zgodno\u015b\u0107 z RoHS<\/td>\n<\/tr>\n<\/tbody>\n<\/table>\n<\/dd>\n<\/dl>\n","protected":false},"excerpt":{"rendered":"<div class=\"columns medium-6 product-features\">\n<table class=\"datalist datalist--divided-fullwidth\">\n<tbody>\n<tr>\n<td>Regulacja wysoko\u015bci [mm]<\/td>\n<td>130<\/td>\n<\/tr>\n<tr>\n<td>Jasno\u015b\u0107 [cd\/m\u00b2]<\/td>\n<td>250<\/td>\n<\/tr>\n<tr>\n<td>Rozdzielczo\u015b\u0107 (optymalna)<\/td>\n<td>1920 x 1080<\/td>\n<\/tr>\n<tr>\n<td>Kod produktu<\/td>\n<td>60004496 (BK), 60004633 (WH)<\/td>\n<\/tr>\n<\/tbody>\n<\/table>\n<\/div>\n","protected":false},"featured_media":421,"template":"","meta":{"inline_featured_image":false,"neve_meta_sidebar":"","neve_meta_container":"","neve_meta_enable_content_width":"off","neve_meta_content_width":100,"neve_meta_title_alignment":"","neve_meta_author_avatar":"","neve_post_elements_order":"","neve_meta_disable_header":"","neve_meta_disable_footer":"","neve_meta_disable_title":""},"pwb-brand":[28],"product_cat":[22],"product_tag":[],"yoast_head":"<!-- This site is optimized with the Yoast SEO plugin v22.6 - https:\/\/yoast.com\/wordpress\/plugins\/seo\/ -->\n<title>NEC MultiSync\u00ae\u00a0E271N - Monitor 27&quot; - Monitory Komercyjne Monitory komercyjne<\/title>\n<meta name=\"robots\" content=\"index, follow, max-snippet:-1, max-image-preview:large, max-video-preview:-1\" \/>\n<link rel=\"canonical\" href=\"https:\/\/monitorykomercyjne.pl\/index.php\/produkt\/nec-multisync-e271n-monitor-27\/\" \/>\n<meta property=\"og:locale\" content=\"pl_PL\" \/>\n<meta property=\"og:type\" content=\"article\" \/>\n<meta property=\"og:title\" content=\"NEC MultiSync\u00ae\u00a0E271N - Monitor 27&quot; - Monitory Komercyjne Monitory komercyjne\" \/>\n<meta property=\"og:description\" content=\"Regulacja wysoko\u015bci [mm] 130   Jasno\u015b\u0107 [cd\/m\u00b2] 250   Rozdzielczo\u015b\u0107 (optymalna) 1920 x 1080   Kod produktu 60004496 (BK), 60004633 (WH)\" \/>\n<meta property=\"og:url\" content=\"https:\/\/monitorykomercyjne.pl\/index.php\/produkt\/nec-multisync-e271n-monitor-27\/\" \/>\n<meta property=\"og:site_name\" content=\"Monitory Komercyjne\" \/>\n<meta property=\"article:modified_time\" content=\"2024-05-09T07:39:53+00:00\" \/>\n<meta property=\"og:image\" content=\"https:\/\/monitorykomercyjne.pl\/wp-content\/uploads\/2024\/03\/NEC-MultiSync-E271N1.jpg\" \/>\n\t<meta property=\"og:image:width\" content=\"1600\" \/>\n\t<meta property=\"og:image:height\" content=\"1200\" \/>\n\t<meta property=\"og:image:type\" content=\"image\/jpeg\" \/>\n<meta name=\"twitter:card\" content=\"summary_large_image\" \/>\n<meta name=\"twitter:label1\" content=\"Szacowany czas czytania\" \/>\n\t<meta name=\"twitter:data1\" content=\"3 minuty\" \/>\n<script type=\"application\/ld+json\" class=\"yoast-schema-graph\">{\"@context\":\"https:\/\/schema.org\",\"@graph\":[{\"@type\":\"WebPage\",\"@id\":\"https:\/\/monitorykomercyjne.pl\/index.php\/produkt\/nec-multisync-e271n-monitor-27\/\",\"url\":\"https:\/\/monitorykomercyjne.pl\/index.php\/produkt\/nec-multisync-e271n-monitor-27\/\",\"name\":\"NEC MultiSync\u00ae\u00a0E271N - Monitor 27\\\" - Monitory Komercyjne Monitory komercyjne\",\"isPartOf\":{\"@id\":\"https:\/\/monitorykomercyjne.pl\/#website\"},\"primaryImageOfPage\":{\"@id\":\"https:\/\/monitorykomercyjne.pl\/index.php\/produkt\/nec-multisync-e271n-monitor-27\/#primaryimage\"},\"image\":{\"@id\":\"https:\/\/monitorykomercyjne.pl\/index.php\/produkt\/nec-multisync-e271n-monitor-27\/#primaryimage\"},\"thumbnailUrl\":\"https:\/\/monitorykomercyjne.pl\/wp-content\/uploads\/2024\/03\/NEC-MultiSync-E271N1.jpg\",\"datePublished\":\"2024-03-01T12:07:48+00:00\",\"dateModified\":\"2024-05-09T07:39:53+00:00\",\"breadcrumb\":{\"@id\":\"https:\/\/monitorykomercyjne.pl\/index.php\/produkt\/nec-multisync-e271n-monitor-27\/#breadcrumb\"},\"inLanguage\":\"pl-PL\",\"potentialAction\":[{\"@type\":\"ReadAction\",\"target\":[\"https:\/\/monitorykomercyjne.pl\/index.php\/produkt\/nec-multisync-e271n-monitor-27\/\"]}]},{\"@type\":\"ImageObject\",\"inLanguage\":\"pl-PL\",\"@id\":\"https:\/\/monitorykomercyjne.pl\/index.php\/produkt\/nec-multisync-e271n-monitor-27\/#primaryimage\",\"url\":\"https:\/\/monitorykomercyjne.pl\/wp-content\/uploads\/2024\/03\/NEC-MultiSync-E271N1.jpg\",\"contentUrl\":\"https:\/\/monitorykomercyjne.pl\/wp-content\/uploads\/2024\/03\/NEC-MultiSync-E271N1.jpg\",\"width\":1600,\"height\":1200},{\"@type\":\"BreadcrumbList\",\"@id\":\"https:\/\/monitorykomercyjne.pl\/index.php\/produkt\/nec-multisync-e271n-monitor-27\/#breadcrumb\",\"itemListElement\":[{\"@type\":\"ListItem\",\"position\":1,\"name\":\"Strona g\u0142\u00f3wna\",\"item\":\"https:\/\/monitorykomercyjne.pl\/\"},{\"@type\":\"ListItem\",\"position\":2,\"name\":\"Produkty\",\"item\":\"https:\/\/monitorykomercyjne.pl\/index.php\/produkty\/\"},{\"@type\":\"ListItem\",\"position\":3,\"name\":\"NEC MultiSync\u00ae\u00a0E271N &#8211; Monitor 27&#8243;\"}]},{\"@type\":\"WebSite\",\"@id\":\"https:\/\/monitorykomercyjne.pl\/#website\",\"url\":\"https:\/\/monitorykomercyjne.pl\/\",\"name\":\"Monitory Komercyjne\",\"description\":\"\",\"potentialAction\":[{\"@type\":\"SearchAction\",\"target\":{\"@type\":\"EntryPoint\",\"urlTemplate\":\"https:\/\/monitorykomercyjne.pl\/?s={search_term_string}\"},\"query-input\":\"required name=search_term_string\"}],\"inLanguage\":\"pl-PL\"}]}<\/script>\n<!-- \/ Yoast SEO plugin. -->","yoast_head_json":{"title":"NEC MultiSync\u00ae\u00a0E271N - Monitor 27\" - Monitory Komercyjne Monitory komercyjne","robots":{"index":"index","follow":"follow","max-snippet":"max-snippet:-1","max-image-preview":"max-image-preview:large","max-video-preview":"max-video-preview:-1"},"canonical":"https:\/\/monitorykomercyjne.pl\/index.php\/produkt\/nec-multisync-e271n-monitor-27\/","og_locale":"pl_PL","og_type":"article","og_title":"NEC MultiSync\u00ae\u00a0E271N - Monitor 27\" - Monitory Komercyjne Monitory komercyjne","og_description":"Regulacja wysoko\u015bci [mm] 130   Jasno\u015b\u0107 [cd\/m\u00b2] 250   Rozdzielczo\u015b\u0107 (optymalna) 1920 x 1080   Kod produktu 60004496 (BK), 60004633 (WH)","og_url":"https:\/\/monitorykomercyjne.pl\/index.php\/produkt\/nec-multisync-e271n-monitor-27\/","og_site_name":"Monitory Komercyjne","article_modified_time":"2024-05-09T07:39:53+00:00","og_image":[{"width":1600,"height":1200,"url":"https:\/\/monitorykomercyjne.pl\/wp-content\/uploads\/2024\/03\/NEC-MultiSync-E271N1.jpg","type":"image\/jpeg"}],"twitter_card":"summary_large_image","twitter_misc":{"Szacowany czas czytania":"3 minuty"},"schema":{"@context":"https:\/\/schema.org","@graph":[{"@type":"WebPage","@id":"https:\/\/monitorykomercyjne.pl\/index.php\/produkt\/nec-multisync-e271n-monitor-27\/","url":"https:\/\/monitorykomercyjne.pl\/index.php\/produkt\/nec-multisync-e271n-monitor-27\/","name":"NEC MultiSync\u00ae\u00a0E271N - Monitor 27\" - Monitory Komercyjne Monitory komercyjne","isPartOf":{"@id":"https:\/\/monitorykomercyjne.pl\/#website"},"primaryImageOfPage":{"@id":"https:\/\/monitorykomercyjne.pl\/index.php\/produkt\/nec-multisync-e271n-monitor-27\/#primaryimage"},"image":{"@id":"https:\/\/monitorykomercyjne.pl\/index.php\/produkt\/nec-multisync-e271n-monitor-27\/#primaryimage"},"thumbnailUrl":"https:\/\/monitorykomercyjne.pl\/wp-content\/uploads\/2024\/03\/NEC-MultiSync-E271N1.jpg","datePublished":"2024-03-01T12:07:48+00:00","dateModified":"2024-05-09T07:39:53+00:00","breadcrumb":{"@id":"https:\/\/monitorykomercyjne.pl\/index.php\/produkt\/nec-multisync-e271n-monitor-27\/#breadcrumb"},"inLanguage":"pl-PL","potentialAction":[{"@type":"ReadAction","target":["https:\/\/monitorykomercyjne.pl\/index.php\/produkt\/nec-multisync-e271n-monitor-27\/"]}]},{"@type":"ImageObject","inLanguage":"pl-PL","@id":"https:\/\/monitorykomercyjne.pl\/index.php\/produkt\/nec-multisync-e271n-monitor-27\/#primaryimage","url":"https:\/\/monitorykomercyjne.pl\/wp-content\/uploads\/2024\/03\/NEC-MultiSync-E271N1.jpg","contentUrl":"https:\/\/monitorykomercyjne.pl\/wp-content\/uploads\/2024\/03\/NEC-MultiSync-E271N1.jpg","width":1600,"height":1200},{"@type":"BreadcrumbList","@id":"https:\/\/monitorykomercyjne.pl\/index.php\/produkt\/nec-multisync-e271n-monitor-27\/#breadcrumb","itemListElement":[{"@type":"ListItem","position":1,"name":"Strona g\u0142\u00f3wna","item":"https:\/\/monitorykomercyjne.pl\/"},{"@type":"ListItem","position":2,"name":"Produkty","item":"https:\/\/monitorykomercyjne.pl\/index.php\/produkty\/"},{"@type":"ListItem","position":3,"name":"NEC MultiSync\u00ae\u00a0E271N &#8211; Monitor 27&#8243;"}]},{"@type":"WebSite","@id":"https:\/\/monitorykomercyjne.pl\/#website","url":"https:\/\/monitorykomercyjne.pl\/","name":"Monitory Komercyjne","description":"","potentialAction":[{"@type":"SearchAction","target":{"@type":"EntryPoint","urlTemplate":"https:\/\/monitorykomercyjne.pl\/?s={search_term_string}"},"query-input":"required name=search_term_string"}],"inLanguage":"pl-PL"}]}},"brands":[{"id":28,"name":"SharpNEC","slug":"sharpnec"}],"_links":{"self":[{"href":"https:\/\/monitorykomercyjne.pl\/index.php\/wp-json\/wp\/v2\/product\/420"}],"collection":[{"href":"https:\/\/monitorykomercyjne.pl\/index.php\/wp-json\/wp\/v2\/product"}],"about":[{"href":"https:\/\/monitorykomercyjne.pl\/index.php\/wp-json\/wp\/v2\/types\/product"}],"wp:featuredmedia":[{"embeddable":true,"href":"https:\/\/monitorykomercyjne.pl\/index.php\/wp-json\/wp\/v2\/media\/421"}],"wp:attachment":[{"href":"https:\/\/monitorykomercyjne.pl\/index.php\/wp-json\/wp\/v2\/media?parent=420"}],"wp:term":[{"taxonomy":"pwb-brand","embeddable":true,"href":"https:\/\/monitorykomercyjne.pl\/index.php\/wp-json\/wp\/v2\/pwb-brand?post=420"},{"taxonomy":"product_cat","embeddable":true,"href":"https:\/\/monitorykomercyjne.pl\/index.php\/wp-json\/wp\/v2\/product_cat?post=420"},{"taxonomy":"product_tag","embeddable":true,"href":"https:\/\/monitorykomercyjne.pl\/index.php\/wp-json\/wp\/v2\/product_tag?post=420"}],"curies":[{"name":"wp","href":"https:\/\/api.w.org\/{rel}","templated":true}]}}