{"id":604,"date":"2024-03-05T11:15:22","date_gmt":"2024-03-05T10:15:22","guid":{"rendered":"https:\/\/monitorykomercyjne.pl\/?post_type=product&#038;p=604"},"modified":"2024-05-09T09:39:48","modified_gmt":"2024-05-09T07:39:48","slug":"nec-led-e012i-217-modul-led","status":"publish","type":"product","link":"https:\/\/monitorykomercyjne.pl\/index.php\/produkt\/nec-led-e012i-217-modul-led\/","title":{"rendered":"NEC LED-E012i-217 &#8211; Modu\u0142 LED"},"content":{"rendered":"<section id=\"overview\" class=\"row\">\n<div class=\"columns medium-6\">\n<p><!-- ossproductdescstart --><\/p>\n<p><b>Prezentacja du\u017cych obraz\u00f3w bez obci\u0105\u017ce\u0144 dla bud\u017cetu<\/b><\/p>\n<p>Urz\u0105dzenia z\u00a0serii\u00a0E pozwalaj\u0105 korzysta\u0107 ze wszystkich zalet ekran\u00f3w LED o\u00a0ma\u0142ym rozstawie pikseli w\u00a0bardziej oszcz\u0119dnych zastosowaniach w\u00a0korporacyjnych salach konferencyjnych i\u00a0systemach informacyjno-reklamowych, bez rezygnacji z\u00a0dostarczania tre\u015bci o\u00a0du\u017cej sile oddzia\u0142ywania. Fabrycznie zestawione rozwi\u0105zanie zawiera wszystkie elementy potrzebne do uruchomienia wielkopowierzchniowych wizualizacji bez przeszkadzaj\u0105cych ramek, przy doskona\u0142ej jasno\u015bci i\u00a0wysokim kontra\u015bcie, przyci\u0105gaj\u0105cych uwag\u0119 nawet w\u00a0bardzo jasno o\u015bwietlonych miejscach.<\/p>\n<p>Produkt zaprojektowano z\u00a0my\u015bl\u0105 o\u00a0przyspieszeniu i\u00a0u\u0142atwieniu konfiguracji. Jest lekki i\u00a0bardzo cienki, przez co p\u0142ynnie wtapia si\u0119 w\u00a0otoczenie zar\u00f3wno w\u00a0uk\u0142adzie wolnostoj\u0105cym, jak i\u00a0przy monta\u017cu na \u015bcianie. Dzi\u0119ki mo\u017cliwo\u015bci serwisowania od przodu wszystkie podzespo\u0142y s\u0105 \u0142atwo dost\u0119pne dla cel\u00f3w konserwacji.<\/p>\n<p>Jak mo\u017cna spodziewa\u0107 si\u0119 po producencie urz\u0105dze\u0144 wysokiej jako\u015bci, to ekonomiczne rozwi\u0105zanie oferowane jest bez \u017cadnych kompromis\u00f3w w zakresie niezawodno\u015bci, czasu eksploatacji i bezpiecze\u0144stwa.<\/p>\n<p><!-- ossproductdescend --><\/p>\n<\/div>\n<div class=\"columns medium-6\">\n<h3>Korzy\u015bci<\/h3>\n<ul>\n<li><b>Integracja dzi\u0119ki niskiemu profilowi<\/b> \u2013bardzo cienkie i\u00a0lekkie modu\u0142y mo\u017cna perfekcyjnie wyr\u00f3wna\u0107, tworz\u0105c du\u017c\u0105 cyfrow\u0105 powierzchni\u0119 p\u0142ynnie integruj\u0105c\u0105 si\u0119 z\u00a0ka\u017cdym otoczeniem.<\/li>\n<li><b>Modu\u0142y serwisowane od przodu<\/b> \u2013\u0142atwa konserwacja dzi\u0119ki dost\u0119powi do modu\u0142\u00f3w LED z\u00a0przodu.<\/li>\n<li><b>P\u0142aska konstrukcja<\/b> \u2013p\u0142aska tylna powierzchnia pozwala na umieszczenie modu\u0142\u00f3w LED bezpo\u015brednio przy \u015bcianie, jedynie z minimalnym odst\u0119pem \u2013 r\u00f3wnie\u017c ze wzgl\u0119du na bardzo nisk\u0105 emisj\u0119 ciep\u0142a.<\/li>\n<li><b>Bezproblemowa instalacja<\/b> \u2013pakiet rozwi\u0105za\u0144 obejmuje wszystkie elementy potrzebne do zbudowania i\u00a0uruchomienia \u015bciany wideo LED.<\/li>\n<\/ul>\n<\/div>\n<\/section>\n<dl id=\"speciList\" class=\"js-accordion\">\n<dt class=\"js-accordion__toggle accordion__toggle\">WY\u015aWIETLACZ<\/dt>\n<dd class=\"js-accordion__content\">\n<table class=\"datalist datalist--divided-inset\">\n<tbody>\n<tr>\n<td>Konfiguracja pikseli<\/td>\n<td>3-w-1 SMD (czarny)<\/td>\n<\/tr>\n<tr>\n<td>LED type<\/td>\n<td>SMD (1010)<\/td>\n<\/tr>\n<tr>\n<td>Wielko\u015b\u0107 ekranu [cale\/cm]<\/td>\n<td>217 \/ 551.18<\/td>\n<\/tr>\n<tr>\n<td>Proporcje obrazu<\/td>\n<td>16:9<\/td>\n<\/tr>\n<tr>\n<td>Pixel Pitch [mm]<\/td>\n<td>1.2<\/td>\n<\/tr>\n<tr>\n<td>Jasno\u015b\u0107 (maks.) [cd\/m\u00b2]<\/td>\n<td>600<\/td>\n<\/tr>\n<tr>\n<td>Lifetime<\/td>\n<td>100000 hrs (50% brightness)<\/td>\n<\/tr>\n<tr>\n<td>Kontrast<\/td>\n<td>5000:1<\/td>\n<\/tr>\n<tr>\n<td>K\u0105ty widzenia [\u00b0]<\/td>\n<td>170 w poziomie \/ 160 w pionie<\/td>\n<\/tr>\n<tr>\n<td>Funkcja przyciemniania<\/td>\n<td>256 poziomy<\/td>\n<\/tr>\n<tr>\n<td>Przetwarzanie barw<\/td>\n<td>16 bit<\/td>\n<\/tr>\n<tr>\n<td>Ilo\u015b\u0107 kolor\u00f3w [biliony]<\/td>\n<td>281 trillion<\/td>\n<\/tr>\n<tr>\n<td>LED Driving Method<\/td>\n<td>1\/45 dynamic scan<\/td>\n<\/tr>\n<tr>\n<td>Cz\u0119stotliwo\u015b\u0107 od\u015bwie\u017cania [Hz]<\/td>\n<td>50\/60<\/td>\n<\/tr>\n<tr>\n<td>Cz\u0119stotliwo\u015b\u0107 od\u015bwie\u017cania [Hz]<\/td>\n<td>\u2264 3840<\/td>\n<\/tr>\n<tr>\n<td>Temperatura barw [K]<\/td>\n<td>3000 &#8211; 9500<\/td>\n<\/tr>\n<\/tbody>\n<\/table>\n<\/dd>\n<dt class=\"js-accordion__toggle accordion__toggle\">ROZDZIELCZO\u015a\u0106 EKRANU<\/dt>\n<dd class=\"js-accordion__content\">\n<table class=\"datalist datalist--divided-inset\">\n<tbody>\n<tr>\n<td>Rozdzielczo\u015b\u0107<\/td>\n<td>\n<div class=\"productSpecRes productSpecRes--columns\">3840 x 2160<\/div>\n<\/td>\n<\/tr>\n<tr>\n<td>Liczba pikseli na m\u00b2<\/td>\n<td>640000<\/td>\n<\/tr>\n<tr>\n<td>Liczba pikseli na modu\u0142 [dot]<\/td>\n<td>480 x 270<\/td>\n<\/tr>\n<tr>\n<td>Liczba pikseli na karte [dot]<\/td>\n<td>120 x 270<\/td>\n<\/tr>\n<\/tbody>\n<\/table>\n<\/dd>\n<dt class=\"js-accordion__toggle accordion__toggle\">MO\u017bLIWO\u015aCI POD\u0141\u0104CZANIA<\/dt>\n<dd class=\"js-accordion__content\">\n<table class=\"datalist datalist--divided-inset\">\n<tbody>\n<tr>\n<td>Wej\u015bcia wideo cyfrowe<\/td>\n<td>1 x 3G SDI; 1 x DVI-D; 1 x HDMI<\/td>\n<\/tr>\n<tr>\n<td>Input Control<\/td>\n<td>1 x GenLock; 1 x LAN<\/td>\n<\/tr>\n<\/tbody>\n<\/table>\n<\/dd>\n<dt class=\"js-accordion__toggle accordion__toggle\">PARAMETRY ELEKTRYCZNE<\/dt>\n<dd class=\"js-accordion__content\">\n<table class=\"datalist datalist--divided-inset\">\n<tbody>\n<tr>\n<td>Ca\u0142kowite pob\u00f3r mocy [W]<\/td>\n<td>3776 typ. \/ 8000 maxs.<\/td>\n<\/tr>\n<tr>\n<td>Pob\u00f3r mocy typ. [W]<\/td>\n<td>291 per m\u00b2 (normal use)<\/td>\n<\/tr>\n<tr>\n<td>Pob\u00f3r mocy [W] maks. [W]<\/td>\n<td>617 per m\u00b2<\/td>\n<\/tr>\n<\/tbody>\n<\/table>\n<\/dd>\n<dt class=\"js-accordion__toggle accordion__toggle\">WARUNKI OTOCZENIA<\/dt>\n<dd class=\"js-accordion__content\">\n<table class=\"datalist datalist--divided-inset\">\n<tbody>\n<tr>\n<td>Temperatura otoczenia podczes pracy [\u00b0C]<\/td>\n<td>-20 do 40<\/td>\n<\/tr>\n<tr>\n<td>Wilgotno\u015b\u0107 otoczenia podczas pracy [%]<\/td>\n<td>10 do 80<\/td>\n<\/tr>\n<\/tbody>\n<\/table>\n<\/dd>\n<dt class=\"js-accordion__toggle accordion__toggle\">PARAMETRY MECHANICZNE<\/dt>\n<dd class=\"js-accordion__content\">\n<table class=\"datalist datalist--divided-inset\">\n<tbody>\n<tr>\n<td>Wymiary [mm] na modu\u0142<\/td>\n<td>600 x 337,5 x 29<\/td>\n<\/tr>\n<tr>\n<td>Wymiary [mm]<\/td>\n<td>4,812 x 2,806 x 50<\/td>\n<\/tr>\n<tr>\n<td>Waga [kg]<\/td>\n<td>342.8<\/td>\n<\/tr>\n<\/tbody>\n<\/table>\n<\/dd>\n<dt class=\"js-accordion__toggle accordion__toggle\">DODATKOWE FUNKCJE<\/dt>\n<dd class=\"js-accordion__content\">\n<table class=\"datalist datalist--divided-inset\">\n<tbody>\n<tr>\n<td>Zawarto\u015b\u0107 opakowania<\/td>\n<td>2x LED Controller; LED Modules (64 Cabinets, 256 Pixel Cards); Pixel Card Removal Tool; Power Bar; Spare Parts Kit; Zestaw do monta\u017cu na \u015bcianie (8&#215;8); Zestaw ram (8&#215;8)<\/td>\n<\/tr>\n<tr>\n<td>Cechy Specjalne<\/td>\n<td>Konstrukcja z diodami montowanymi powierzchniowo (SMD) o r\u00f3wnej p\u0142aszczy\u017anie; Pojedyncza karta odbioru danych; Pojedynczy zasilacz<\/td>\n<\/tr>\n<tr>\n<td>Manufacturer<\/td>\n<td>NEC<\/td>\n<\/tr>\n<tr>\n<td>Serviceability<\/td>\n<td>Front Service<\/td>\n<\/tr>\n<tr>\n<td>IP<\/td>\n<td>IP20<\/td>\n<\/tr>\n<tr>\n<td>Certyfikacja<\/td>\n<td>CE; ETL; FCC Class A; RoHS<\/td>\n<\/tr>\n<tr>\n<td>Gwarancja<\/td>\n<td>2 lata<\/td>\n<\/tr>\n<tr>\n<td>Materia\u0142<\/td>\n<td>Aluminiowa obudowa<\/td>\n<\/tr>\n<\/tbody>\n<\/table>\n<\/dd>\n<\/dl>\n","protected":false},"excerpt":{"rendered":"<div class=\"columns medium-6 product-features\">\n<table class=\"datalist datalist--divided-fullwidth\">\n<tbody>\n<tr>\n<td>Rozstaw pikseli [mm]<\/td>\n<td>1,2<\/td>\n<\/tr>\n<tr>\n<td>Jasno\u015b\u0107  [cd\/m\u00b2]<\/td>\n<td>600<\/td>\n<\/tr>\n<tr>\n<td>Format obrazu<\/td>\n<td>16:9<\/td>\n<\/tr>\n<tr>\n<td>Kod produktu<\/td>\n<td>81000342<\/td>\n<\/tr>\n<\/tbody>\n<\/table>\n<\/div>\n","protected":false},"featured_media":605,"template":"","meta":{"inline_featured_image":false,"neve_meta_sidebar":"","neve_meta_container":"","neve_meta_enable_content_width":"off","neve_meta_content_width":100,"neve_meta_title_alignment":"","neve_meta_author_avatar":"","neve_post_elements_order":"","neve_meta_disable_header":"","neve_meta_disable_footer":"","neve_meta_disable_title":""},"pwb-brand":[28],"product_cat":[26],"product_tag":[],"yoast_head":"<!-- This site is optimized with the Yoast SEO plugin v22.6 - https:\/\/yoast.com\/wordpress\/plugins\/seo\/ -->\n<title>NEC LED-E012i-217 - Modu\u0142 LED - Monitory Komercyjne Monitory komercyjne<\/title>\n<meta name=\"robots\" content=\"index, follow, max-snippet:-1, max-image-preview:large, max-video-preview:-1\" \/>\n<link rel=\"canonical\" href=\"https:\/\/monitorykomercyjne.pl\/index.php\/produkt\/nec-led-e012i-217-modul-led\/\" \/>\n<meta property=\"og:locale\" content=\"pl_PL\" \/>\n<meta property=\"og:type\" content=\"article\" \/>\n<meta property=\"og:title\" content=\"NEC LED-E012i-217 - Modu\u0142 LED - Monitory Komercyjne Monitory komercyjne\" \/>\n<meta property=\"og:description\" content=\"Rozstaw pikseli [mm]1,2Jasno\u015b\u0107 [cd\/m\u00b2]600Format obrazu16:9Kod produktu81000342\" \/>\n<meta property=\"og:url\" content=\"https:\/\/monitorykomercyjne.pl\/index.php\/produkt\/nec-led-e012i-217-modul-led\/\" \/>\n<meta property=\"og:site_name\" content=\"Monitory Komercyjne\" \/>\n<meta property=\"article:modified_time\" content=\"2024-05-09T07:39:48+00:00\" \/>\n<meta property=\"og:image\" content=\"https:\/\/monitorykomercyjne.pl\/wp-content\/uploads\/2024\/03\/NEC-LED-E012i-2171.jpg\" \/>\n\t<meta property=\"og:image:width\" content=\"1600\" \/>\n\t<meta property=\"og:image:height\" content=\"1200\" \/>\n\t<meta property=\"og:image:type\" content=\"image\/jpeg\" \/>\n<meta name=\"twitter:card\" content=\"summary_large_image\" \/>\n<meta name=\"twitter:label1\" content=\"Szacowany czas czytania\" \/>\n\t<meta name=\"twitter:data1\" content=\"3 minuty\" \/>\n<script type=\"application\/ld+json\" class=\"yoast-schema-graph\">{\"@context\":\"https:\/\/schema.org\",\"@graph\":[{\"@type\":\"WebPage\",\"@id\":\"https:\/\/monitorykomercyjne.pl\/index.php\/produkt\/nec-led-e012i-217-modul-led\/\",\"url\":\"https:\/\/monitorykomercyjne.pl\/index.php\/produkt\/nec-led-e012i-217-modul-led\/\",\"name\":\"NEC LED-E012i-217 - Modu\u0142 LED - Monitory Komercyjne Monitory komercyjne\",\"isPartOf\":{\"@id\":\"https:\/\/monitorykomercyjne.pl\/#website\"},\"primaryImageOfPage\":{\"@id\":\"https:\/\/monitorykomercyjne.pl\/index.php\/produkt\/nec-led-e012i-217-modul-led\/#primaryimage\"},\"image\":{\"@id\":\"https:\/\/monitorykomercyjne.pl\/index.php\/produkt\/nec-led-e012i-217-modul-led\/#primaryimage\"},\"thumbnailUrl\":\"https:\/\/monitorykomercyjne.pl\/wp-content\/uploads\/2024\/03\/NEC-LED-E012i-2171.jpg\",\"datePublished\":\"2024-03-05T10:15:22+00:00\",\"dateModified\":\"2024-05-09T07:39:48+00:00\",\"breadcrumb\":{\"@id\":\"https:\/\/monitorykomercyjne.pl\/index.php\/produkt\/nec-led-e012i-217-modul-led\/#breadcrumb\"},\"inLanguage\":\"pl-PL\",\"potentialAction\":[{\"@type\":\"ReadAction\",\"target\":[\"https:\/\/monitorykomercyjne.pl\/index.php\/produkt\/nec-led-e012i-217-modul-led\/\"]}]},{\"@type\":\"ImageObject\",\"inLanguage\":\"pl-PL\",\"@id\":\"https:\/\/monitorykomercyjne.pl\/index.php\/produkt\/nec-led-e012i-217-modul-led\/#primaryimage\",\"url\":\"https:\/\/monitorykomercyjne.pl\/wp-content\/uploads\/2024\/03\/NEC-LED-E012i-2171.jpg\",\"contentUrl\":\"https:\/\/monitorykomercyjne.pl\/wp-content\/uploads\/2024\/03\/NEC-LED-E012i-2171.jpg\",\"width\":1600,\"height\":1200},{\"@type\":\"BreadcrumbList\",\"@id\":\"https:\/\/monitorykomercyjne.pl\/index.php\/produkt\/nec-led-e012i-217-modul-led\/#breadcrumb\",\"itemListElement\":[{\"@type\":\"ListItem\",\"position\":1,\"name\":\"Strona g\u0142\u00f3wna\",\"item\":\"https:\/\/monitorykomercyjne.pl\/\"},{\"@type\":\"ListItem\",\"position\":2,\"name\":\"Produkty\",\"item\":\"https:\/\/monitorykomercyjne.pl\/index.php\/produkty\/\"},{\"@type\":\"ListItem\",\"position\":3,\"name\":\"NEC LED-E012i-217 &#8211; Modu\u0142 LED\"}]},{\"@type\":\"WebSite\",\"@id\":\"https:\/\/monitorykomercyjne.pl\/#website\",\"url\":\"https:\/\/monitorykomercyjne.pl\/\",\"name\":\"Monitory Komercyjne\",\"description\":\"\",\"potentialAction\":[{\"@type\":\"SearchAction\",\"target\":{\"@type\":\"EntryPoint\",\"urlTemplate\":\"https:\/\/monitorykomercyjne.pl\/?s={search_term_string}\"},\"query-input\":\"required name=search_term_string\"}],\"inLanguage\":\"pl-PL\"}]}<\/script>\n<!-- \/ Yoast SEO plugin. -->","yoast_head_json":{"title":"NEC LED-E012i-217 - Modu\u0142 LED - Monitory Komercyjne Monitory komercyjne","robots":{"index":"index","follow":"follow","max-snippet":"max-snippet:-1","max-image-preview":"max-image-preview:large","max-video-preview":"max-video-preview:-1"},"canonical":"https:\/\/monitorykomercyjne.pl\/index.php\/produkt\/nec-led-e012i-217-modul-led\/","og_locale":"pl_PL","og_type":"article","og_title":"NEC LED-E012i-217 - Modu\u0142 LED - Monitory Komercyjne Monitory komercyjne","og_description":"Rozstaw pikseli [mm]1,2Jasno\u015b\u0107 [cd\/m\u00b2]600Format obrazu16:9Kod produktu81000342","og_url":"https:\/\/monitorykomercyjne.pl\/index.php\/produkt\/nec-led-e012i-217-modul-led\/","og_site_name":"Monitory Komercyjne","article_modified_time":"2024-05-09T07:39:48+00:00","og_image":[{"width":1600,"height":1200,"url":"https:\/\/monitorykomercyjne.pl\/wp-content\/uploads\/2024\/03\/NEC-LED-E012i-2171.jpg","type":"image\/jpeg"}],"twitter_card":"summary_large_image","twitter_misc":{"Szacowany czas czytania":"3 minuty"},"schema":{"@context":"https:\/\/schema.org","@graph":[{"@type":"WebPage","@id":"https:\/\/monitorykomercyjne.pl\/index.php\/produkt\/nec-led-e012i-217-modul-led\/","url":"https:\/\/monitorykomercyjne.pl\/index.php\/produkt\/nec-led-e012i-217-modul-led\/","name":"NEC LED-E012i-217 - Modu\u0142 LED - Monitory Komercyjne Monitory komercyjne","isPartOf":{"@id":"https:\/\/monitorykomercyjne.pl\/#website"},"primaryImageOfPage":{"@id":"https:\/\/monitorykomercyjne.pl\/index.php\/produkt\/nec-led-e012i-217-modul-led\/#primaryimage"},"image":{"@id":"https:\/\/monitorykomercyjne.pl\/index.php\/produkt\/nec-led-e012i-217-modul-led\/#primaryimage"},"thumbnailUrl":"https:\/\/monitorykomercyjne.pl\/wp-content\/uploads\/2024\/03\/NEC-LED-E012i-2171.jpg","datePublished":"2024-03-05T10:15:22+00:00","dateModified":"2024-05-09T07:39:48+00:00","breadcrumb":{"@id":"https:\/\/monitorykomercyjne.pl\/index.php\/produkt\/nec-led-e012i-217-modul-led\/#breadcrumb"},"inLanguage":"pl-PL","potentialAction":[{"@type":"ReadAction","target":["https:\/\/monitorykomercyjne.pl\/index.php\/produkt\/nec-led-e012i-217-modul-led\/"]}]},{"@type":"ImageObject","inLanguage":"pl-PL","@id":"https:\/\/monitorykomercyjne.pl\/index.php\/produkt\/nec-led-e012i-217-modul-led\/#primaryimage","url":"https:\/\/monitorykomercyjne.pl\/wp-content\/uploads\/2024\/03\/NEC-LED-E012i-2171.jpg","contentUrl":"https:\/\/monitorykomercyjne.pl\/wp-content\/uploads\/2024\/03\/NEC-LED-E012i-2171.jpg","width":1600,"height":1200},{"@type":"BreadcrumbList","@id":"https:\/\/monitorykomercyjne.pl\/index.php\/produkt\/nec-led-e012i-217-modul-led\/#breadcrumb","itemListElement":[{"@type":"ListItem","position":1,"name":"Strona g\u0142\u00f3wna","item":"https:\/\/monitorykomercyjne.pl\/"},{"@type":"ListItem","position":2,"name":"Produkty","item":"https:\/\/monitorykomercyjne.pl\/index.php\/produkty\/"},{"@type":"ListItem","position":3,"name":"NEC LED-E012i-217 &#8211; Modu\u0142 LED"}]},{"@type":"WebSite","@id":"https:\/\/monitorykomercyjne.pl\/#website","url":"https:\/\/monitorykomercyjne.pl\/","name":"Monitory Komercyjne","description":"","potentialAction":[{"@type":"SearchAction","target":{"@type":"EntryPoint","urlTemplate":"https:\/\/monitorykomercyjne.pl\/?s={search_term_string}"},"query-input":"required name=search_term_string"}],"inLanguage":"pl-PL"}]}},"brands":[{"id":28,"name":"SharpNEC","slug":"sharpnec"}],"_links":{"self":[{"href":"https:\/\/monitorykomercyjne.pl\/index.php\/wp-json\/wp\/v2\/product\/604"}],"collection":[{"href":"https:\/\/monitorykomercyjne.pl\/index.php\/wp-json\/wp\/v2\/product"}],"about":[{"href":"https:\/\/monitorykomercyjne.pl\/index.php\/wp-json\/wp\/v2\/types\/product"}],"wp:featuredmedia":[{"embeddable":true,"href":"https:\/\/monitorykomercyjne.pl\/index.php\/wp-json\/wp\/v2\/media\/605"}],"wp:attachment":[{"href":"https:\/\/monitorykomercyjne.pl\/index.php\/wp-json\/wp\/v2\/media?parent=604"}],"wp:term":[{"taxonomy":"pwb-brand","embeddable":true,"href":"https:\/\/monitorykomercyjne.pl\/index.php\/wp-json\/wp\/v2\/pwb-brand?post=604"},{"taxonomy":"product_cat","embeddable":true,"href":"https:\/\/monitorykomercyjne.pl\/index.php\/wp-json\/wp\/v2\/product_cat?post=604"},{"taxonomy":"product_tag","embeddable":true,"href":"https:\/\/monitorykomercyjne.pl\/index.php\/wp-json\/wp\/v2\/product_tag?post=604"}],"curies":[{"name":"wp","href":"https:\/\/api.w.org\/{rel}","templated":true}]}}