{"id":626,"date":"2024-03-05T12:13:13","date_gmt":"2024-03-05T11:13:13","guid":{"rendered":"https:\/\/monitorykomercyjne.pl\/?post_type=product&#038;p=626"},"modified":"2024-05-09T09:39:47","modified_gmt":"2024-05-09T07:39:47","slug":"nec-led-fa015i2-sb-modul-led","status":"publish","type":"product","link":"https:\/\/monitorykomercyjne.pl\/index.php\/produkt\/nec-led-fa015i2-sb-modul-led\/","title":{"rendered":"NEC LED-FA015i2-SB &#8211; Modu\u0142 LED"},"content":{"rendered":"<section class=\"row\" id=\"overview\">\n<div class=\"columns medium-6\"><!-- ossproductdescstart --><\/p>\n<p><b>Zachwycaj\u0105ca czer\u0144 zwi\u0119ksza immersyjno\u015b\u0107 obrazu<\/b><\/p>\n<p>Dzi\u0119ki zastosowaniu pokrycia diodami SMD dost\u0119pna jest niezwykle g\u0142\u0119boka czer\u0144, kt\u00f3ra sprzyja maksymalnie wysokiemu zakresowi dynamiki obrazu w ka\u017cdych warunkach o\u015bwietlenia pomieszczenia.<\/p>\n<p>G\u0142\u0119boko\u015b\u0107 zaledwie 5 cm w po\u0142\u0105czeniu z ca\u0142kowicie wewn\u0119trznym prowadzeniem kabli przek\u0142ada si\u0119 na smuk\u0142y profil urz\u0105dze\u0144 z serii FA-SB i ich praktycznie bezramkowy wygl\u0105d. Doskona\u0142e k\u0105ty patrzenia, jednolite, \u017cywe barwy i niesamowita jasno\u015b\u0107 tworz\u0105 tre\u015b\u0107, obok kt\u00f3rej nie da si\u0119 przej\u015b\u0107 oboj\u0119tnie. Seria FA-SB jest wyposa\u017cona w wysokiej jako\u015bci podzespo\u0142y i pozwala wykonywa\u0107 prace konserwacyjne z dost\u0119pu od przodu urz\u0105dzenia, co wyd\u0142u\u017ca czas eksploatacji i gwarantuje rentowno\u015b\u0107 inwestycji. Idealne rozwi\u0105zanie dla studi\u00f3w nadawczych i telewizyjnych.<\/p>\n<p><!-- ossproductdescend --><\/div>\n<div class=\"columns medium-6\">\n<h3>Korzy\u015bci<\/h3>\n<ul>\n<li><b>Niesamowita wszechstronno\u015b\u0107<\/b> \u2013ma\u0142e modu\u0142y 16:9 zapewniaj\u0105 doskona\u0142\u0105 elastyczno\u015b\u0107 stosowania w\u00a0ramach dost\u0119pnej przestrzeni.<\/li>\n<li><b>Bezpieczna wydajno\u015b\u0107 na potrzeby wymagaj\u0105cych zastosowa\u0144<\/b> \u2013high-endowe podzespo\u0142y i\u00a0nadmiarowa konstrukcja modu\u0142owa z\u00a0dodatkowymi zasilaczami i\u00a0kartami danych gwarantuj\u0105 ci\u0105g\u0142\u0105 prac\u0119 z\u00a0minimalnym spadkiem poziom\u00f3w jasno\u015bci.<\/li>\n<li><b>Wielkoskalowy obraz z\u00a0perfekcyjnymi szczeg\u00f3\u0142ami <\/b> \u2013konstrukcja ca\u0142kowicie pozbawiona ramek oraz wysoki kontrast gwarantuj\u0105 niezapomniane do\u015bwiadczenia wizualne. <\/li>\n<li><b>P\u0142aska konstrukcja<\/b> \u2013p\u0142aska tylna powierzchnia pozwala na umieszczenie modu\u0142\u00f3w LED bezpo\u015brednio przy \u015bcianie, jedynie z minimalnym odst\u0119pem \u2013 r\u00f3wnie\u017c ze wzgl\u0119du na bardzo nisk\u0105 emisj\u0119 ciep\u0142a.<\/li>\n<li><b>Zachwycaj\u0105ca czer\u0144 zwi\u0119ksza immersyjno\u015b\u0107 obrazu<\/b> \u2013dzi\u0119ki zastosowaniu pokrycia diodami SMD dost\u0119pna jest niezwykle g\u0142\u0119boka czer\u0144, kt\u00f3ra sprzyja maksymalnie wysokiemu zakresowi dynamiki obrazu w ka\u017cdych warunkach o\u015bwietlenia pomieszczenia.<\/li>\n<\/ul>\n<\/div>\n<\/section>\n<dl class=\"js-accordion\" id=\"speciList\">\n<dt class=\"js-accordion__toggle accordion__toggle\">WY\u015aWIETLACZ<span class=\"icon icon--arrow-d-dark\"><\/span><\/dt>\n<dd class=\"js-accordion__content\">\n<table class=\"datalist datalist--divided-inset\">\n<tbody>\n<tr>\n<td>Konfiguracja pikseli<\/td>\n<td>3-w-1 SMD (czarny)<\/td>\n<\/tr>\n<tr>\n<td>LED type<\/td>\n<td>SMD (1010)<\/td>\n<\/tr>\n<tr>\n<td>Pixel Pitch [mm]<\/td>\n<td>1.5<\/td>\n<\/tr>\n<tr>\n<td>Jasno\u015b\u0107 (maks.) [cd\/m\u00b2]<\/td>\n<td>400<\/td>\n<\/tr>\n<tr>\n<td>Lifetime <\/td>\n<td>100000 hrs (50% brightness)<\/td>\n<\/tr>\n<tr>\n<td>Kontrast<\/td>\n<td>5000:1<\/td>\n<\/tr>\n<tr>\n<td>K\u0105ty widzenia [\u00b0]<\/td>\n<td>140 w poziomie \/ 140 w pionie<\/td>\n<\/tr>\n<tr>\n<td>Funkcja przyciemniania<\/td>\n<td>256 poziomy<\/td>\n<\/tr>\n<tr>\n<td>Przetwarzanie barw<\/td>\n<td>16 bit<\/td>\n<\/tr>\n<tr>\n<td>Ilo\u015b\u0107 kolor\u00f3w [biliony]<\/td>\n<td>281<\/td>\n<\/tr>\n<tr>\n<td>LED Driving Method<\/td>\n<td>1\/27 dynamic scan<\/td>\n<\/tr>\n<tr>\n<td>Cz\u0119stotliwo\u015b\u0107 od\u015bwie\u017cania  [Hz]<\/td>\n<td>50\/60<\/td>\n<\/tr>\n<tr>\n<td>Cz\u0119stotliwo\u015b\u0107 od\u015bwie\u017cania [Hz]<\/td>\n<td>\u2264 3840<\/td>\n<\/tr>\n<tr>\n<td>Temperatura barw [K]<\/td>\n<td>3000 &#8211; 9500<\/td>\n<\/tr>\n<\/tbody>\n<\/table>\n<\/dd>\n<dt class=\"js-accordion__toggle accordion__toggle\">ROZDZIELCZO\u015a\u0106 EKRANU<span class=\"icon icon--arrow-d-dark\"><\/span><\/dt>\n<dd class=\"js-accordion__content\">\n<table class=\"datalist datalist--divided-inset\">\n<tbody>\n<tr>\n<td>Liczba pikseli na m\u00b2<\/td>\n<td>398892<\/td>\n<\/tr>\n<tr>\n<td>Liczba pikseli na modu\u0142 [dot]<\/td>\n<td>384 x 216<\/td>\n<\/tr>\n<tr>\n<td>Liczba pikseli na karte [dot]<\/td>\n<td>96 x 108<\/td>\n<\/tr>\n<\/tbody>\n<\/table>\n<\/dd>\n<dt class=\"js-accordion__toggle accordion__toggle\">PARAMETRY ELEKTRYCZNE<span class=\"icon icon--arrow-d-dark\"><\/span><\/dt>\n<dd class=\"js-accordion__content\">\n<table class=\"datalist datalist--divided-inset\">\n<tbody>\n<tr>\n<td>Pob\u00f3r mocy typ. [W]<\/td>\n<td>275 per m\u00b2 (normal use)<\/td>\n<\/tr>\n<tr>\n<td>Pob\u00f3r mocy [W] maks. [W]<\/td>\n<td>600 per m\u00b2<\/td>\n<\/tr>\n<\/tbody>\n<\/table>\n<\/dd>\n<dt class=\"js-accordion__toggle accordion__toggle\">WARUNKI OTOCZENIA<span class=\"icon icon--arrow-d-dark\"><\/span><\/dt>\n<dd class=\"js-accordion__content\">\n<table class=\"datalist datalist--divided-inset\">\n<tbody>\n<tr>\n<td>Temperatura otoczenia podczes pracy [\u00b0C]<\/td>\n<td>-20 do 40<\/td>\n<\/tr>\n<tr>\n<td>Wilgotno\u015b\u0107 otoczenia podczas pracy [%]<\/td>\n<td>10 do 80<\/td>\n<\/tr>\n<\/tbody>\n<\/table>\n<\/dd>\n<dt class=\"js-accordion__toggle accordion__toggle\">PARAMETRY MECHANICZNE<span class=\"icon icon--arrow-d-dark\"><\/span><\/dt>\n<dd class=\"js-accordion__content\">\n<table class=\"datalist datalist--divided-inset\">\n<tbody>\n<tr>\n<td>Wymiary [mm] na modu\u0142<\/td>\n<td>608 x 342 x 49<\/td>\n<\/tr>\n<tr>\n<td>Waga [kg]<\/td>\n<td>8.8<\/td>\n<\/tr>\n<\/tbody>\n<\/table>\n<\/dd>\n<dt class=\"js-accordion__toggle accordion__toggle\">DODATKOWE FUNKCJE<span class=\"icon icon--arrow-d-dark\"><\/span><\/dt>\n<dd class=\"js-accordion__content\">\n<table class=\"datalist datalist--divided-inset\">\n<tbody>\n<tr>\n<td>Cechy Specjalne<\/td>\n<td>Bezkablowe z\u0142\u0105cze danych i zasilania; Konstrukcja z diodami montowanymi powierzchniowo (SMD) o r\u00f3wnej p\u0142aszczy\u017anie; Konstrukcja z diodami montowanymi powierzchniowo (SMD) odporna na wilgo\u0107; Rezerwowa karta odbioru danych; Zasilacz rezerwowy<\/td>\n<\/tr>\n<tr>\n<td>Manufacturer<\/td>\n<td>NEC<\/td>\n<\/tr>\n<tr>\n<td>Serviceability<\/td>\n<td>Front Service<\/td>\n<\/tr>\n<tr>\n<td>IP<\/td>\n<td>IP20<\/td>\n<\/tr>\n<tr>\n<td>Certyfikacja<\/td>\n<td>CE; ETL; FCC Class A; RoHS<\/td>\n<\/tr>\n<tr>\n<td>Gwarancja<\/td>\n<td>3 lata<\/td>\n<\/tr>\n<tr>\n<td>Materia\u0142<\/td>\n<td>Aluminiowa obudowa<\/td>\n<\/tr>\n<\/tbody>\n<\/table>\n<\/dd>\n<\/dl>\n","protected":false},"excerpt":{"rendered":"<div class=\"columns medium-6 product-features\">\n<table class=\"datalist datalist--divided-fullwidth\">\n<tbody>\n<tr>\n<td>Rozstaw pikseli [mm]<\/td>\n<td>1,5<\/td>\n<\/tr>\n<tr>\n<td>Jasno\u015b\u0107  [cd\/m\u00b2]<\/td>\n<td>400<\/td>\n<\/tr>\n<tr>\n<td>Format obrazu<\/td>\n<td>16:9<\/td>\n<\/tr>\n<tr>\n<td>Kod produktu<\/td>\n<td>81000122<\/td>\n<\/tr>\n<\/tbody>\n<\/table>\n<\/div>\n","protected":false},"featured_media":621,"template":"","meta":{"inline_featured_image":false,"neve_meta_sidebar":"","neve_meta_container":"","neve_meta_enable_content_width":"off","neve_meta_content_width":100,"neve_meta_title_alignment":"","neve_meta_author_avatar":"","neve_post_elements_order":"","neve_meta_disable_header":"","neve_meta_disable_footer":"","neve_meta_disable_title":""},"pwb-brand":[28],"product_cat":[26],"product_tag":[],"yoast_head":"<!-- This site is optimized with the Yoast SEO plugin v22.6 - https:\/\/yoast.com\/wordpress\/plugins\/seo\/ -->\n<title>NEC LED-FA015i2-SB - Modu\u0142 LED - Monitory Komercyjne Monitory komercyjne<\/title>\n<meta name=\"robots\" content=\"index, follow, max-snippet:-1, max-image-preview:large, max-video-preview:-1\" \/>\n<link rel=\"canonical\" href=\"https:\/\/monitorykomercyjne.pl\/index.php\/produkt\/nec-led-fa015i2-sb-modul-led\/\" \/>\n<meta property=\"og:locale\" content=\"pl_PL\" \/>\n<meta property=\"og:type\" content=\"article\" \/>\n<meta property=\"og:title\" content=\"NEC LED-FA015i2-SB - Modu\u0142 LED - Monitory Komercyjne Monitory komercyjne\" \/>\n<meta property=\"og:description\" content=\"Rozstaw pikseli [mm]1,5Jasno\u015b\u0107 [cd\/m\u00b2]400Format obrazu16:9Kod produktu81000122\" \/>\n<meta property=\"og:url\" content=\"https:\/\/monitorykomercyjne.pl\/index.php\/produkt\/nec-led-fa015i2-sb-modul-led\/\" \/>\n<meta property=\"og:site_name\" content=\"Monitory Komercyjne\" \/>\n<meta property=\"article:modified_time\" content=\"2024-05-09T07:39:47+00:00\" \/>\n<meta property=\"og:image\" content=\"https:\/\/monitorykomercyjne.pl\/wp-content\/uploads\/2024\/03\/NEC-LED-FA012i2-SB1-scaled.jpg\" \/>\n\t<meta property=\"og:image:width\" content=\"2560\" \/>\n\t<meta property=\"og:image:height\" content=\"1824\" \/>\n\t<meta property=\"og:image:type\" content=\"image\/jpeg\" \/>\n<meta name=\"twitter:card\" content=\"summary_large_image\" \/>\n<meta name=\"twitter:label1\" content=\"Szacowany czas czytania\" \/>\n\t<meta name=\"twitter:data1\" content=\"2 minuty\" \/>\n<script type=\"application\/ld+json\" class=\"yoast-schema-graph\">{\"@context\":\"https:\/\/schema.org\",\"@graph\":[{\"@type\":\"WebPage\",\"@id\":\"https:\/\/monitorykomercyjne.pl\/index.php\/produkt\/nec-led-fa015i2-sb-modul-led\/\",\"url\":\"https:\/\/monitorykomercyjne.pl\/index.php\/produkt\/nec-led-fa015i2-sb-modul-led\/\",\"name\":\"NEC LED-FA015i2-SB - Modu\u0142 LED - Monitory Komercyjne Monitory komercyjne\",\"isPartOf\":{\"@id\":\"https:\/\/monitorykomercyjne.pl\/#website\"},\"primaryImageOfPage\":{\"@id\":\"https:\/\/monitorykomercyjne.pl\/index.php\/produkt\/nec-led-fa015i2-sb-modul-led\/#primaryimage\"},\"image\":{\"@id\":\"https:\/\/monitorykomercyjne.pl\/index.php\/produkt\/nec-led-fa015i2-sb-modul-led\/#primaryimage\"},\"thumbnailUrl\":\"https:\/\/monitorykomercyjne.pl\/wp-content\/uploads\/2024\/03\/NEC-LED-FA012i2-SB1-scaled.jpg\",\"datePublished\":\"2024-03-05T11:13:13+00:00\",\"dateModified\":\"2024-05-09T07:39:47+00:00\",\"breadcrumb\":{\"@id\":\"https:\/\/monitorykomercyjne.pl\/index.php\/produkt\/nec-led-fa015i2-sb-modul-led\/#breadcrumb\"},\"inLanguage\":\"pl-PL\",\"potentialAction\":[{\"@type\":\"ReadAction\",\"target\":[\"https:\/\/monitorykomercyjne.pl\/index.php\/produkt\/nec-led-fa015i2-sb-modul-led\/\"]}]},{\"@type\":\"ImageObject\",\"inLanguage\":\"pl-PL\",\"@id\":\"https:\/\/monitorykomercyjne.pl\/index.php\/produkt\/nec-led-fa015i2-sb-modul-led\/#primaryimage\",\"url\":\"https:\/\/monitorykomercyjne.pl\/wp-content\/uploads\/2024\/03\/NEC-LED-FA012i2-SB1-scaled.jpg\",\"contentUrl\":\"https:\/\/monitorykomercyjne.pl\/wp-content\/uploads\/2024\/03\/NEC-LED-FA012i2-SB1-scaled.jpg\",\"width\":2560,\"height\":1824},{\"@type\":\"BreadcrumbList\",\"@id\":\"https:\/\/monitorykomercyjne.pl\/index.php\/produkt\/nec-led-fa015i2-sb-modul-led\/#breadcrumb\",\"itemListElement\":[{\"@type\":\"ListItem\",\"position\":1,\"name\":\"Strona g\u0142\u00f3wna\",\"item\":\"https:\/\/monitorykomercyjne.pl\/\"},{\"@type\":\"ListItem\",\"position\":2,\"name\":\"Produkty\",\"item\":\"https:\/\/monitorykomercyjne.pl\/index.php\/produkty\/\"},{\"@type\":\"ListItem\",\"position\":3,\"name\":\"NEC LED-FA015i2-SB &#8211; Modu\u0142 LED\"}]},{\"@type\":\"WebSite\",\"@id\":\"https:\/\/monitorykomercyjne.pl\/#website\",\"url\":\"https:\/\/monitorykomercyjne.pl\/\",\"name\":\"Monitory Komercyjne\",\"description\":\"\",\"potentialAction\":[{\"@type\":\"SearchAction\",\"target\":{\"@type\":\"EntryPoint\",\"urlTemplate\":\"https:\/\/monitorykomercyjne.pl\/?s={search_term_string}\"},\"query-input\":\"required name=search_term_string\"}],\"inLanguage\":\"pl-PL\"}]}<\/script>\n<!-- \/ Yoast SEO plugin. -->","yoast_head_json":{"title":"NEC LED-FA015i2-SB - Modu\u0142 LED - Monitory Komercyjne Monitory komercyjne","robots":{"index":"index","follow":"follow","max-snippet":"max-snippet:-1","max-image-preview":"max-image-preview:large","max-video-preview":"max-video-preview:-1"},"canonical":"https:\/\/monitorykomercyjne.pl\/index.php\/produkt\/nec-led-fa015i2-sb-modul-led\/","og_locale":"pl_PL","og_type":"article","og_title":"NEC LED-FA015i2-SB - Modu\u0142 LED - Monitory Komercyjne Monitory komercyjne","og_description":"Rozstaw pikseli [mm]1,5Jasno\u015b\u0107 [cd\/m\u00b2]400Format obrazu16:9Kod produktu81000122","og_url":"https:\/\/monitorykomercyjne.pl\/index.php\/produkt\/nec-led-fa015i2-sb-modul-led\/","og_site_name":"Monitory Komercyjne","article_modified_time":"2024-05-09T07:39:47+00:00","og_image":[{"width":2560,"height":1824,"url":"https:\/\/monitorykomercyjne.pl\/wp-content\/uploads\/2024\/03\/NEC-LED-FA012i2-SB1-scaled.jpg","type":"image\/jpeg"}],"twitter_card":"summary_large_image","twitter_misc":{"Szacowany czas czytania":"2 minuty"},"schema":{"@context":"https:\/\/schema.org","@graph":[{"@type":"WebPage","@id":"https:\/\/monitorykomercyjne.pl\/index.php\/produkt\/nec-led-fa015i2-sb-modul-led\/","url":"https:\/\/monitorykomercyjne.pl\/index.php\/produkt\/nec-led-fa015i2-sb-modul-led\/","name":"NEC LED-FA015i2-SB - Modu\u0142 LED - Monitory Komercyjne Monitory komercyjne","isPartOf":{"@id":"https:\/\/monitorykomercyjne.pl\/#website"},"primaryImageOfPage":{"@id":"https:\/\/monitorykomercyjne.pl\/index.php\/produkt\/nec-led-fa015i2-sb-modul-led\/#primaryimage"},"image":{"@id":"https:\/\/monitorykomercyjne.pl\/index.php\/produkt\/nec-led-fa015i2-sb-modul-led\/#primaryimage"},"thumbnailUrl":"https:\/\/monitorykomercyjne.pl\/wp-content\/uploads\/2024\/03\/NEC-LED-FA012i2-SB1-scaled.jpg","datePublished":"2024-03-05T11:13:13+00:00","dateModified":"2024-05-09T07:39:47+00:00","breadcrumb":{"@id":"https:\/\/monitorykomercyjne.pl\/index.php\/produkt\/nec-led-fa015i2-sb-modul-led\/#breadcrumb"},"inLanguage":"pl-PL","potentialAction":[{"@type":"ReadAction","target":["https:\/\/monitorykomercyjne.pl\/index.php\/produkt\/nec-led-fa015i2-sb-modul-led\/"]}]},{"@type":"ImageObject","inLanguage":"pl-PL","@id":"https:\/\/monitorykomercyjne.pl\/index.php\/produkt\/nec-led-fa015i2-sb-modul-led\/#primaryimage","url":"https:\/\/monitorykomercyjne.pl\/wp-content\/uploads\/2024\/03\/NEC-LED-FA012i2-SB1-scaled.jpg","contentUrl":"https:\/\/monitorykomercyjne.pl\/wp-content\/uploads\/2024\/03\/NEC-LED-FA012i2-SB1-scaled.jpg","width":2560,"height":1824},{"@type":"BreadcrumbList","@id":"https:\/\/monitorykomercyjne.pl\/index.php\/produkt\/nec-led-fa015i2-sb-modul-led\/#breadcrumb","itemListElement":[{"@type":"ListItem","position":1,"name":"Strona g\u0142\u00f3wna","item":"https:\/\/monitorykomercyjne.pl\/"},{"@type":"ListItem","position":2,"name":"Produkty","item":"https:\/\/monitorykomercyjne.pl\/index.php\/produkty\/"},{"@type":"ListItem","position":3,"name":"NEC LED-FA015i2-SB &#8211; Modu\u0142 LED"}]},{"@type":"WebSite","@id":"https:\/\/monitorykomercyjne.pl\/#website","url":"https:\/\/monitorykomercyjne.pl\/","name":"Monitory Komercyjne","description":"","potentialAction":[{"@type":"SearchAction","target":{"@type":"EntryPoint","urlTemplate":"https:\/\/monitorykomercyjne.pl\/?s={search_term_string}"},"query-input":"required name=search_term_string"}],"inLanguage":"pl-PL"}]}},"brands":[{"id":28,"name":"SharpNEC","slug":"sharpnec"}],"_links":{"self":[{"href":"https:\/\/monitorykomercyjne.pl\/index.php\/wp-json\/wp\/v2\/product\/626"}],"collection":[{"href":"https:\/\/monitorykomercyjne.pl\/index.php\/wp-json\/wp\/v2\/product"}],"about":[{"href":"https:\/\/monitorykomercyjne.pl\/index.php\/wp-json\/wp\/v2\/types\/product"}],"wp:featuredmedia":[{"embeddable":true,"href":"https:\/\/monitorykomercyjne.pl\/index.php\/wp-json\/wp\/v2\/media\/621"}],"wp:attachment":[{"href":"https:\/\/monitorykomercyjne.pl\/index.php\/wp-json\/wp\/v2\/media?parent=626"}],"wp:term":[{"taxonomy":"pwb-brand","embeddable":true,"href":"https:\/\/monitorykomercyjne.pl\/index.php\/wp-json\/wp\/v2\/pwb-brand?post=626"},{"taxonomy":"product_cat","embeddable":true,"href":"https:\/\/monitorykomercyjne.pl\/index.php\/wp-json\/wp\/v2\/product_cat?post=626"},{"taxonomy":"product_tag","embeddable":true,"href":"https:\/\/monitorykomercyjne.pl\/index.php\/wp-json\/wp\/v2\/product_tag?post=626"}],"curies":[{"name":"wp","href":"https:\/\/api.w.org\/{rel}","templated":true}]}}