{"id":682,"date":"2024-03-05T14:30:40","date_gmt":"2024-03-05T13:30:40","guid":{"rendered":"https:\/\/monitorykomercyjne.pl\/?post_type=product&#038;p=682"},"modified":"2024-05-09T09:39:45","modified_gmt":"2024-05-09T07:39:45","slug":"nec-pv800ul-projektor","status":"publish","type":"product","link":"https:\/\/monitorykomercyjne.pl\/index.php\/produkt\/nec-pv800ul-projektor\/","title":{"rendered":"NEC PV800UL &#8211; Projektor"},"content":{"rendered":"<section id=\"overview\" class=\"row\">\n<div class=\"columns medium-6\">\n<p><!-- ossproductdescstart --><\/p>\n<p><b>Ekonomiczny projektor laserowy LCD z wymiennymi soczewkami<\/b><\/p>\n<p>PV800UL to bardzo oszcz\u0119dne projektory zapewniaj\u0105ce wysok\u0105 elastyczno\u015b\u0107 monta\u017cu, niskie koszty eksploatacji oraz d\u0142ugi okres eksploatacji lasera, a tak\u017ce imponuj\u0105co korzystn\u0105 cen\u0119 i wygodn\u0105, kompaktow\u0105 konstrukcj\u0119.<\/p>\n<p>W urz\u0105dzeniu zastosowano rozwi\u0105zanie 3LCD, kt\u00f3re odpowiada za wy\u015bwietlanie niezwykle \u017cywych kolor\u00f3w w jasno\u015bci 8000 lm i oferuj\u0105 ponadprzeci\u0119tn\u0105 jako\u015b\u0107 wy\u015bwietlania. U\u017cytkownicy mog\u0105 skorzysta\u0107 z szerokiej gamy wymiennych soczewek i wielu mo\u017cliwo\u015bci regulacji, dzi\u0119ki czemu urz\u0105dzenie mo\u017cna precyzyjnie skonfigurowa\u0107 na potrzeby konkretnego zastosowania.<\/p>\n<p>PV800UL to doskona\u0142y spos\u00f3b na modernizacj\u0119 do technologii z laserowym \u017ar\u00f3d\u0142em \u015bwiat\u0142a charakteryzuj\u0105cym si\u0119 d\u0142ugim okresem eksploatacji i brakiem zapotrzebowania na czynno\u015bci konserwacyjne. Mo\u017cliwo\u015b\u0107 zastosowania tego samego mocowania i soczewek co w lampowych projektorach z serii NEC PA umo\u017cliwia operatorom dalsze oszcz\u0119dno\u015bci wynikaj\u0105ce z wykorzystania istniej\u0105cych zasob\u00f3w. Urz\u0105dzenia PV800UL do wy\u015bwietlania na du\u017cych przestrzeniach s\u0105 korzystnym rozwi\u0105zaniem dla instytucji edukacyjnych, przedsi\u0119biorstw oraz obiekt\u00f3w hotelarskich.<\/p>\n<p><!-- ossproductdescend --><\/p>\n<\/div>\n<div class=\"columns medium-6\">\n<h3>Korzy\u015bci<\/h3>\n<ul>\n<li><b>Koniec z wymian\u0105 lamp<\/b> \u2013a\u017c do 20.000 godzin bezobs\u0142ugowego dzia\u0142ania dzi\u0119ki laserowemu \u017ar\u00f3d\u0142u \u015bwiat\u0142a.<\/li>\n<li><b>Uzyskaj doskona\u0142e parametry dzia\u0142ania <\/b> \u2013przy zachowaniu wysokiej jako\u015bci i \u0142atwo\u015bci obs\u0142ugi.<\/li>\n<li><b>Niski poziom szum\u00f3w<\/b> \u2013cicha technologia (poziom szum\u00f3w 32\u00a0dB) nie b\u0119dzie przeszkadza\u0107 w\u00a0prowadzeniu spotka\u0144.<\/li>\n<li><b>Inspiruj widz\u00f3w \u017cywym kolorem i g\u0142\u0119bokim kontrastem<\/b> \u2013doskona\u0142\u0105 biel\u0105, szerok\u0105 przestrzeni\u0105 kolor\u00f3w i dynamicznym kontrastem.<\/li>\n<\/ul>\n<\/div>\n<\/section>\n<dl id=\"speciList\" class=\"js-accordion\">\n<dt class=\"js-accordion__toggle accordion__toggle\">PARAMETRY OPTYCZNE<\/dt>\n<dd class=\"js-accordion__content\">\n<table class=\"datalist datalist--divided-inset\">\n<tbody>\n<tr>\n<td>Technologia projekcji<\/td>\n<td>3LCD Technology<\/td>\n<\/tr>\n<tr>\n<td>Rozdzielczo\u015b\u0107 natywna<\/td>\n<td>\n<div class=\"productSpecRes productSpecRes--columns\">1920 x 1200 (WUXGA)<\/div>\n<\/td>\n<\/tr>\n<tr>\n<td>Proporcje obrazu<\/td>\n<td>16:10<\/td>\n<\/tr>\n<tr>\n<td>Kontrast <sup>1<\/sup><\/td>\n<td>3000000:1<\/td>\n<\/tr>\n<tr>\n<td>Jasno\u015b\u0107 <sup>1<\/sup><\/td>\n<td>8000 Lm w trybie normalnym \/ 8300 Lm w trybie centre \/ 7200 Lm w trybie cichy<\/td>\n<\/tr>\n<tr>\n<td>Moc lampy<\/td>\n<td>Laserowe \u017ar\u00f3d\u0142o \u015bwiat\u0142a<\/td>\n<\/tr>\n<tr>\n<td>\u017bywotno\u015b\u0107 \u017ar\u00f3d\u0142a \u015bwiat\u0142a [godz.]<\/td>\n<td>20000 <sup>2<\/sup><\/td>\n<\/tr>\n<tr>\n<td>Obiektyw<\/td>\n<td>Liczba opcji obiektyw\u00f3w r\u0119cznych: 5; Liczba opcji obiektyw\u00f3w z nap\u0119dem: 5<\/td>\n<\/tr>\n<tr>\n<td>Regulacja soczewek<\/td>\n<td>Z nap\u0119dem i r\u0119cznie (w\u00a0zale\u017cno\u015bci od obiektywu)<\/td>\n<\/tr>\n<tr>\n<td>Przesuwanie obiektywu<\/td>\n<td>H:\u00b120, V:+50,-10<\/td>\n<\/tr>\n<tr>\n<td>Korekcja zniekszta\u0142ce\u0144 trapezowych<\/td>\n<td>+\/-30\u00b0 w\u00a0poziomie (r\u0119cznie) \/ +\/-30\u00b0 w\u00a0pionie (r\u0119cznie)<\/td>\n<\/tr>\n<tr>\n<td>Wsp\u00f3\u0142czynnik projekcji<\/td>\n<td>w zale\u017cno\u015bci od wyboru obiektywu (opcja standardowa NP13ZL, 1,46:2,95:1)<\/td>\n<\/tr>\n<tr>\n<td>Odleg\u0142o\u015b\u0107 projekcji [m]<\/td>\n<td>0.7 \u2013 50.9<\/td>\n<\/tr>\n<tr>\n<td>Wielko\u015b\u0107 (przek\u0105tna) ekranu [cm] \/ [cale]<\/td>\n<td>Maksymalnie: 1\u00a0270 \/ 500&#8243;; Minimalnie: 101,6 \/ 40&#8243;<\/td>\n<\/tr>\n<tr>\n<td>Zoom<\/td>\n<td>Z nap\u0119dem i r\u0119cznie (w\u00a0zale\u017cno\u015bci od obiektywu)<\/td>\n<\/tr>\n<tr>\n<td>Regulacja ogniskowej<\/td>\n<td>Z nap\u0119dem i r\u0119cznie (w\u00a0zale\u017cno\u015bci od obiektywu)<\/td>\n<\/tr>\n<tr>\n<td>Obs\u0142ugiwane rozdzielczo\u015bci<\/td>\n<td>\n<div class=\"productSpecRes productSpecRes--columns\">1080i\/50\/60; 1080p\/50\/60; 1280 x 768 (60); 1920 x 1200 (60); 3840 x 2160 (23.8\/24\/25\/29.97\/30); 480p\/60; 576p\/50; 720p\/60<\/div>\n<\/td>\n<\/tr>\n<tr>\n<td>Cz\u0119stotliwo\u015b\u0107<\/td>\n<td>Pionowa: 50 \u2013 120 Hz; W\u00a0poziomie: analogowe: 0\u20130\u00a0kHz, cyfrowe: 15\/24\u2013100\u00a0kHz<\/td>\n<\/tr>\n<\/tbody>\n<\/table>\n<\/dd>\n<dt class=\"js-accordion__toggle accordion__toggle\">MO\u017bLIWO\u015aCI POD\u0141\u0104CZANIA<\/dt>\n<dd class=\"js-accordion__content\">\n<table class=\"datalist datalist--divided-inset\">\n<tbody>\n<tr>\n<td>Cyfrowe<\/td>\n<td>Wej\u015bcie: 1 x HDBaseT; 2 x HDMI\u2122 z obs\u0142ug\u0105 HDCP 1.4<\/td>\n<\/tr>\n<tr>\n<td>Audio<\/td>\n<td>Wej\u015bcie: 1 x HDBaseT wsparcie dla sygna\u0142u audio; 2 x HDMI wsparcie dla sygna\u0142u audio<br \/>\nWyj\u015bcie: 1 x 3.5 mm Stereo Mini Jack (variable)<\/td>\n<\/tr>\n<tr>\n<td>Control<\/td>\n<td>Wej\u015bcie: 1 x 9-pinowe D-Sub (RS-232), Ethernet; 1 x stereofoniczne gniazdo mini jack 3,5\u00a0mm (pilot kablowy)<\/td>\n<\/tr>\n<tr>\n<td>LAN<\/td>\n<td>1 x RJ45<\/td>\n<\/tr>\n<tr>\n<td>USB<\/td>\n<td>1 x Type A (USB 2.0 high speed)<\/td>\n<\/tr>\n<\/tbody>\n<\/table>\n<\/dd>\n<dt class=\"js-accordion__toggle accordion__toggle\">FUNKCJE PILOTA<\/dt>\n<dd class=\"js-accordion__content\">\n<table class=\"datalist datalist--divided-inset\">\n<tbody>\n<tr>\n<td>Wej\u015bcie:<\/td>\n<td>1 x 3.5 mm Stereo Mini Jack<\/td>\n<\/tr>\n<tr>\n<td>Funkcje pilota<\/td>\n<td>Dostosowanie obrazu; Funkcja przys\u0142ony; HDMI; Kontrola audio; Korekcja efektu trapezowego; Korekcja geometryczna; Mo\u017cliwo\u015b\u0107 regulacji ostro\u015bci, powi\u0119kszenia obrazu oraz przesuni\u0119cia obiektywu (lens shift); Nawigacja (g\u00f3ra, d\u00f3\u0142, lewy, prawy); Numer ID; Obraz testowy; Picture Mute; Pod\u0142\u0105czenia kablowe\/bezprzewodowe; Power (On-OFF); Wyb\u00f3r ID; Wyb\u00f3r \u017cr\u00f3d\u0142a sygna\u0142u; Zoom cyfrowy<\/td>\n<\/tr>\n<\/tbody>\n<\/table>\n<\/dd>\n<dt class=\"js-accordion__toggle accordion__toggle\">PARAMETRY ELEKTRYCZNE<\/dt>\n<dd class=\"js-accordion__content\">\n<table class=\"datalist datalist--divided-inset\">\n<tbody>\n<tr>\n<td>Zasilanie<\/td>\n<td>100-240 V AC; 50 &#8211; 60 Hz<\/td>\n<\/tr>\n<tr>\n<td>Pob\u00f3r mocy [W]<\/td>\n<td>467.0 w trybie normalnym \/ 421.0 w trybie cichy \/ 2.0 tryb czuwania z\u00a0obs\u0142ug\u0105 sieci \/ 0.5 tryb czuwania<\/td>\n<\/tr>\n<\/tbody>\n<\/table>\n<\/dd>\n<dt class=\"js-accordion__toggle accordion__toggle\">PARAMETRY MECHANICZNE<\/dt>\n<dd class=\"js-accordion__content\">\n<table class=\"datalist datalist--divided-inset\">\n<tbody>\n<tr>\n<td>Wymiary [mm]<\/td>\n<td>499 x 164 x 407 (bez n\u00f3\u017cek i obiektywu)<\/td>\n<\/tr>\n<tr>\n<td>Waga [kg]<\/td>\n<td>11.2<\/td>\n<\/tr>\n<tr>\n<td>Poziom szumu [dB (A)]<\/td>\n<td>42 \/ 32 (normal \/ w trybie cichy)<\/td>\n<\/tr>\n<tr>\n<td>Wersje kolorystyczne<\/td>\n<td>Bia\u0142y; Czarny<\/td>\n<\/tr>\n<\/tbody>\n<\/table>\n<\/dd>\n<dt class=\"js-accordion__toggle accordion__toggle\">WARUNKI OTOCZENIA<\/dt>\n<dd class=\"js-accordion__content\">\n<table class=\"datalist datalist--divided-inset\">\n<tbody>\n<tr>\n<td>Temperatura otoczenia podczes pracy [\u00b0C]<\/td>\n<td>0 do 40<\/td>\n<\/tr>\n<tr>\n<td>Wilgotno\u015b\u0107 otoczenia podczas pracy [%]<\/td>\n<td>20 do 80 non-condensing<\/td>\n<\/tr>\n<tr>\n<td>Temperatura przy przechowywaniu [\u00b0C]<\/td>\n<td>-10 do 50<\/td>\n<\/tr>\n<tr>\n<td>Wilgotno\u015b\u0107 przy przechowywaniu [%]<\/td>\n<td>20 do 80 non-condensing<\/td>\n<\/tr>\n<\/tbody>\n<\/table>\n<\/dd>\n<dt class=\"js-accordion__toggle accordion__toggle\">ERGONOMIA<\/dt>\n<dd class=\"js-accordion__content\">\n<table class=\"datalist datalist--divided-inset\">\n<tbody>\n<tr>\n<td>Bezpiecze\u0144stwo i ergonomia<\/td>\n<td>CE; EAC; ErP; RoHS; TUEV Type Approved<\/td>\n<\/tr>\n<\/tbody>\n<\/table>\n<\/dd>\n<dt class=\"js-accordion__toggle accordion__toggle\">DODATKOWE FUNKCJE<\/dt>\n<dd class=\"js-accordion__content\">\n<table class=\"datalist datalist--divided-inset\">\n<tbody>\n<tr>\n<td>Cechy Specjalne<\/td>\n<td>AMX Beacon; Crestron RoomView; Funkcja Direct Power-Off; HDBaseT; Keystone Correction (H=\u00b140\u00b0, V=\u00b140\u00b0); kontrola przez RS232; Lens Shift (vertical +0.5 max\/-0.1 max, horizontal \u00b1 0.2 max.); Menu OSD w 27 j\u0119zykach; NaViSet Administrator 2; Opcjalane logo u\u017cytkownika; Pami\u0119\u0107 ustawie\u0144 obiektywu; PJ LINK; Plansza kontrolna; Regulacja \u017ar\u00f3d\u0142a \u015bwiat\u0142a; R\u0119czna regulacja kompensacji koloru \u015bciany; Sterowanie przez przegl\u0105dark\u0119 WWW; Sterowanie przez sie\u0107 LAN; Swobodnie wychylany; Symulacja standardu DICOM; Tryb High-altitude; Ustawienie w\u00a0orientacji pionowej; Zabezpieczenie has\u0142em; \u017bywotno\u015b\u0107 \u017ar\u00f3d\u0142a \u015bwiat\u0142a 20\u00a0000 godz.<\/td>\n<\/tr>\n<\/tbody>\n<\/table>\n<\/dd>\n<dt class=\"js-accordion__toggle accordion__toggle\">FUNKCJE EKO<\/dt>\n<dd class=\"js-accordion__content\">\n<table class=\"datalist datalist--divided-inset\">\n<tbody>\n<tr>\n<td>Wydajno\u015b\u0107 energetyczna<\/td>\n<td>D\u0142u\u017csza \u017cywotno\u015b\u0107 \u017ar\u00f3d\u0142a \u015bwiat\u0142a; Funkcja zegara; Inteligente system zarz\u0105dzania energi\u0105; Oprogramowanie do planowania trybu pracy; Pob\u00f3r mocy w\u00a0trybie czuwania poni\u017cej 0,3\u00a0W; Terminarz ECO<\/td>\n<\/tr>\n<tr>\n<td>Materia\u0142y ekologiczne<\/td>\n<td>Instrukcje do pobrania w wersji elektronicznej; Opakowania w 100% recyklowalne<\/td>\n<\/tr>\n<tr>\n<td>Normy ekologiczne<\/td>\n<td>Zgodno\u015b\u0107 z ErP<\/td>\n<\/tr>\n<\/tbody>\n<\/table>\n<\/dd>\n<dt class=\"js-accordion__toggle accordion__toggle\">GWARANCJA<\/dt>\n<dd class=\"js-accordion__content\">\n<table class=\"datalist datalist--divided-inset\">\n<tbody>\n<tr>\n<td>Na projektor<\/td>\n<td>Serwis w ca\u0142ej Europie przez 3 lata<\/td>\n<\/tr>\n<tr>\n<td>\u0179r\u00f3d\u0142o \u015bwiat\u0142a<\/td>\n<td>3 lat lub 10000 h ( w zale\u017cno\u015bci od tego, co nast\u0105pi wcze\u015bniej)<\/td>\n<\/tr>\n<\/tbody>\n<\/table>\n<\/dd>\n<dt class=\"js-accordion__toggle accordion__toggle\">ZAWARTO\u015a\u0106 OPAKOWANIA<\/dt>\n<dd class=\"js-accordion__content\">\n<table class=\"datalist datalist--divided-inset\">\n<tbody>\n<tr>\n<td>Zawarto\u015b\u0107 opakowania<\/td>\n<td>Kabel zasilaj\u0105cy; Kr\u00f3tka instrukcja obs\u0142ugi; Pilot (RD-480E); Projektor<\/td>\n<\/tr>\n<\/tbody>\n<\/table>\n<\/dd>\n<dt class=\"js-accordion__toggle accordion__toggle\">WYPOSA\u017bENIE DODATKOWE<\/dt>\n<dd class=\"js-accordion__content\">\n<table class=\"datalist datalist--divided-inset\">\n<tbody>\n<tr>\n<td>Dost\u0119pne akcesoria<\/td>\n<td>10 opcjonalne obiektywy z mocowaniem bagnetowym; Filtr powietrza (NP-06FT); Os\u0142ona na przew\u00f3d (NP10CV, NP10CV-B); Uniwersalne uchwyty sufitowe (PJ01UCM, PJ02UCMPF)<\/td>\n<\/tr>\n<tr>\n<td>Obiektywy &#8211; z nap\u0119dem<\/td>\n<td>NP40ZL (0.79-1.11:1); NP41ZL (1.3-3.02:1); NP43ZL (2.99-5.93:1); NP44ML (0.32:1); NP50ZL (0.6-0.75:1)<\/td>\n<\/tr>\n<tr>\n<td>Obiektywy &#8211; r\u0119czne<\/td>\n<td>NP11FL (0.79:1); NP12ZL (1.16-1.52:1); NP13ZL (1.46-2.95:1); NP14ZL (2.9-4.68:1); NP15ZL (4.59-7.02:1)<\/td>\n<\/tr>\n<\/tbody>\n<\/table>\n<\/dd>\n<\/dl>\n","protected":false},"excerpt":{"rendered":"<div class=\"columns medium-6 product-features\">\n<table class=\"datalist datalist--divided-fullwidth\">\n<tbody>\n<tr>\n<td>Typ<\/td>\n<td>LCD<\/td>\n<\/tr>\n<tr>\n<td>Jasno\u015b\u0107  [AL]<\/td>\n<td>8000<\/td>\n<\/tr>\n<tr>\n<td>Rozdzielczo\u015b\u0107<\/td>\n<td>1920 x 1200<\/td>\n<\/tr>\n<tr>\n<td>\u0179r\u00f3d\u0142o \u015bwiat\u0142a<\/td>\n<td>Laser<\/td>\n<\/tr>\n<tr>\n<td>\u017bywotno\u015b\u0107 \u017ar\u00f3d\u0142a \u015bwiat\u0142a  [godz]<\/td>\n<td>20000<\/td>\n<\/tr>\n<tr>\n<td>Masa  [kg]<\/td>\n<td>11,1<\/td>\n<\/tr>\n<tr>\n<td>Kod produktu<\/td>\n<td>60005578 (W), 60005601 (B)<\/td>\n<\/tr>\n<\/tbody>\n<\/table>\n<\/div>\n","protected":false},"featured_media":677,"template":"","meta":{"inline_featured_image":false,"neve_meta_sidebar":"","neve_meta_container":"","neve_meta_enable_content_width":"off","neve_meta_content_width":100,"neve_meta_title_alignment":"","neve_meta_author_avatar":"","neve_post_elements_order":"","neve_meta_disable_header":"","neve_meta_disable_footer":"","neve_meta_disable_title":""},"pwb-brand":[28],"product_cat":[31],"product_tag":[],"yoast_head":"<!-- This site is optimized with the Yoast SEO plugin v22.6 - https:\/\/yoast.com\/wordpress\/plugins\/seo\/ -->\n<title>NEC PV800UL - Projektor - Monitory Komercyjne Monitory komercyjne<\/title>\n<meta name=\"robots\" content=\"index, follow, max-snippet:-1, max-image-preview:large, max-video-preview:-1\" \/>\n<link rel=\"canonical\" href=\"https:\/\/monitorykomercyjne.pl\/index.php\/produkt\/nec-pv800ul-projektor\/\" \/>\n<meta property=\"og:locale\" content=\"pl_PL\" \/>\n<meta property=\"og:type\" content=\"article\" \/>\n<meta property=\"og:title\" content=\"NEC PV800UL - Projektor - Monitory Komercyjne Monitory komercyjne\" \/>\n<meta property=\"og:description\" content=\"TypLCDJasno\u015b\u0107 [AL]8000Rozdzielczo\u015b\u01071920 x 1200\u0179r\u00f3d\u0142o \u015bwiat\u0142aLaser\u017bywotno\u015b\u0107 \u017ar\u00f3d\u0142a \u015bwiat\u0142a [godz]20000Masa [kg]11,1Kod produktu60005578 (W), 60005601 (B)\" \/>\n<meta property=\"og:url\" content=\"https:\/\/monitorykomercyjne.pl\/index.php\/produkt\/nec-pv800ul-projektor\/\" \/>\n<meta property=\"og:site_name\" content=\"Monitory Komercyjne\" \/>\n<meta property=\"article:modified_time\" content=\"2024-05-09T07:39:45+00:00\" \/>\n<meta property=\"og:image\" content=\"https:\/\/monitorykomercyjne.pl\/wp-content\/uploads\/2024\/03\/NEC-PA1705UL1.jpg\" \/>\n\t<meta property=\"og:image:width\" content=\"1600\" \/>\n\t<meta property=\"og:image:height\" content=\"1200\" \/>\n\t<meta property=\"og:image:type\" content=\"image\/jpeg\" \/>\n<meta name=\"twitter:card\" content=\"summary_large_image\" \/>\n<meta name=\"twitter:label1\" content=\"Szacowany czas czytania\" \/>\n\t<meta name=\"twitter:data1\" content=\"4 minuty\" \/>\n<script type=\"application\/ld+json\" class=\"yoast-schema-graph\">{\"@context\":\"https:\/\/schema.org\",\"@graph\":[{\"@type\":\"WebPage\",\"@id\":\"https:\/\/monitorykomercyjne.pl\/index.php\/produkt\/nec-pv800ul-projektor\/\",\"url\":\"https:\/\/monitorykomercyjne.pl\/index.php\/produkt\/nec-pv800ul-projektor\/\",\"name\":\"NEC PV800UL - Projektor - Monitory Komercyjne Monitory komercyjne\",\"isPartOf\":{\"@id\":\"https:\/\/monitorykomercyjne.pl\/#website\"},\"primaryImageOfPage\":{\"@id\":\"https:\/\/monitorykomercyjne.pl\/index.php\/produkt\/nec-pv800ul-projektor\/#primaryimage\"},\"image\":{\"@id\":\"https:\/\/monitorykomercyjne.pl\/index.php\/produkt\/nec-pv800ul-projektor\/#primaryimage\"},\"thumbnailUrl\":\"https:\/\/monitorykomercyjne.pl\/wp-content\/uploads\/2024\/03\/NEC-PA1705UL1.jpg\",\"datePublished\":\"2024-03-05T13:30:40+00:00\",\"dateModified\":\"2024-05-09T07:39:45+00:00\",\"breadcrumb\":{\"@id\":\"https:\/\/monitorykomercyjne.pl\/index.php\/produkt\/nec-pv800ul-projektor\/#breadcrumb\"},\"inLanguage\":\"pl-PL\",\"potentialAction\":[{\"@type\":\"ReadAction\",\"target\":[\"https:\/\/monitorykomercyjne.pl\/index.php\/produkt\/nec-pv800ul-projektor\/\"]}]},{\"@type\":\"ImageObject\",\"inLanguage\":\"pl-PL\",\"@id\":\"https:\/\/monitorykomercyjne.pl\/index.php\/produkt\/nec-pv800ul-projektor\/#primaryimage\",\"url\":\"https:\/\/monitorykomercyjne.pl\/wp-content\/uploads\/2024\/03\/NEC-PA1705UL1.jpg\",\"contentUrl\":\"https:\/\/monitorykomercyjne.pl\/wp-content\/uploads\/2024\/03\/NEC-PA1705UL1.jpg\",\"width\":1600,\"height\":1200},{\"@type\":\"BreadcrumbList\",\"@id\":\"https:\/\/monitorykomercyjne.pl\/index.php\/produkt\/nec-pv800ul-projektor\/#breadcrumb\",\"itemListElement\":[{\"@type\":\"ListItem\",\"position\":1,\"name\":\"Strona g\u0142\u00f3wna\",\"item\":\"https:\/\/monitorykomercyjne.pl\/\"},{\"@type\":\"ListItem\",\"position\":2,\"name\":\"Produkty\",\"item\":\"https:\/\/monitorykomercyjne.pl\/index.php\/produkty\/\"},{\"@type\":\"ListItem\",\"position\":3,\"name\":\"NEC PV800UL &#8211; Projektor\"}]},{\"@type\":\"WebSite\",\"@id\":\"https:\/\/monitorykomercyjne.pl\/#website\",\"url\":\"https:\/\/monitorykomercyjne.pl\/\",\"name\":\"Monitory Komercyjne\",\"description\":\"\",\"potentialAction\":[{\"@type\":\"SearchAction\",\"target\":{\"@type\":\"EntryPoint\",\"urlTemplate\":\"https:\/\/monitorykomercyjne.pl\/?s={search_term_string}\"},\"query-input\":\"required name=search_term_string\"}],\"inLanguage\":\"pl-PL\"}]}<\/script>\n<!-- \/ Yoast SEO plugin. -->","yoast_head_json":{"title":"NEC PV800UL - Projektor - Monitory Komercyjne Monitory komercyjne","robots":{"index":"index","follow":"follow","max-snippet":"max-snippet:-1","max-image-preview":"max-image-preview:large","max-video-preview":"max-video-preview:-1"},"canonical":"https:\/\/monitorykomercyjne.pl\/index.php\/produkt\/nec-pv800ul-projektor\/","og_locale":"pl_PL","og_type":"article","og_title":"NEC PV800UL - Projektor - Monitory Komercyjne Monitory komercyjne","og_description":"TypLCDJasno\u015b\u0107 [AL]8000Rozdzielczo\u015b\u01071920 x 1200\u0179r\u00f3d\u0142o \u015bwiat\u0142aLaser\u017bywotno\u015b\u0107 \u017ar\u00f3d\u0142a \u015bwiat\u0142a [godz]20000Masa [kg]11,1Kod produktu60005578 (W), 60005601 (B)","og_url":"https:\/\/monitorykomercyjne.pl\/index.php\/produkt\/nec-pv800ul-projektor\/","og_site_name":"Monitory Komercyjne","article_modified_time":"2024-05-09T07:39:45+00:00","og_image":[{"width":1600,"height":1200,"url":"https:\/\/monitorykomercyjne.pl\/wp-content\/uploads\/2024\/03\/NEC-PA1705UL1.jpg","type":"image\/jpeg"}],"twitter_card":"summary_large_image","twitter_misc":{"Szacowany czas czytania":"4 minuty"},"schema":{"@context":"https:\/\/schema.org","@graph":[{"@type":"WebPage","@id":"https:\/\/monitorykomercyjne.pl\/index.php\/produkt\/nec-pv800ul-projektor\/","url":"https:\/\/monitorykomercyjne.pl\/index.php\/produkt\/nec-pv800ul-projektor\/","name":"NEC PV800UL - Projektor - Monitory Komercyjne Monitory komercyjne","isPartOf":{"@id":"https:\/\/monitorykomercyjne.pl\/#website"},"primaryImageOfPage":{"@id":"https:\/\/monitorykomercyjne.pl\/index.php\/produkt\/nec-pv800ul-projektor\/#primaryimage"},"image":{"@id":"https:\/\/monitorykomercyjne.pl\/index.php\/produkt\/nec-pv800ul-projektor\/#primaryimage"},"thumbnailUrl":"https:\/\/monitorykomercyjne.pl\/wp-content\/uploads\/2024\/03\/NEC-PA1705UL1.jpg","datePublished":"2024-03-05T13:30:40+00:00","dateModified":"2024-05-09T07:39:45+00:00","breadcrumb":{"@id":"https:\/\/monitorykomercyjne.pl\/index.php\/produkt\/nec-pv800ul-projektor\/#breadcrumb"},"inLanguage":"pl-PL","potentialAction":[{"@type":"ReadAction","target":["https:\/\/monitorykomercyjne.pl\/index.php\/produkt\/nec-pv800ul-projektor\/"]}]},{"@type":"ImageObject","inLanguage":"pl-PL","@id":"https:\/\/monitorykomercyjne.pl\/index.php\/produkt\/nec-pv800ul-projektor\/#primaryimage","url":"https:\/\/monitorykomercyjne.pl\/wp-content\/uploads\/2024\/03\/NEC-PA1705UL1.jpg","contentUrl":"https:\/\/monitorykomercyjne.pl\/wp-content\/uploads\/2024\/03\/NEC-PA1705UL1.jpg","width":1600,"height":1200},{"@type":"BreadcrumbList","@id":"https:\/\/monitorykomercyjne.pl\/index.php\/produkt\/nec-pv800ul-projektor\/#breadcrumb","itemListElement":[{"@type":"ListItem","position":1,"name":"Strona g\u0142\u00f3wna","item":"https:\/\/monitorykomercyjne.pl\/"},{"@type":"ListItem","position":2,"name":"Produkty","item":"https:\/\/monitorykomercyjne.pl\/index.php\/produkty\/"},{"@type":"ListItem","position":3,"name":"NEC PV800UL &#8211; Projektor"}]},{"@type":"WebSite","@id":"https:\/\/monitorykomercyjne.pl\/#website","url":"https:\/\/monitorykomercyjne.pl\/","name":"Monitory Komercyjne","description":"","potentialAction":[{"@type":"SearchAction","target":{"@type":"EntryPoint","urlTemplate":"https:\/\/monitorykomercyjne.pl\/?s={search_term_string}"},"query-input":"required name=search_term_string"}],"inLanguage":"pl-PL"}]}},"brands":[{"id":28,"name":"SharpNEC","slug":"sharpnec"}],"_links":{"self":[{"href":"https:\/\/monitorykomercyjne.pl\/index.php\/wp-json\/wp\/v2\/product\/682"}],"collection":[{"href":"https:\/\/monitorykomercyjne.pl\/index.php\/wp-json\/wp\/v2\/product"}],"about":[{"href":"https:\/\/monitorykomercyjne.pl\/index.php\/wp-json\/wp\/v2\/types\/product"}],"wp:featuredmedia":[{"embeddable":true,"href":"https:\/\/monitorykomercyjne.pl\/index.php\/wp-json\/wp\/v2\/media\/677"}],"wp:attachment":[{"href":"https:\/\/monitorykomercyjne.pl\/index.php\/wp-json\/wp\/v2\/media?parent=682"}],"wp:term":[{"taxonomy":"pwb-brand","embeddable":true,"href":"https:\/\/monitorykomercyjne.pl\/index.php\/wp-json\/wp\/v2\/pwb-brand?post=682"},{"taxonomy":"product_cat","embeddable":true,"href":"https:\/\/monitorykomercyjne.pl\/index.php\/wp-json\/wp\/v2\/product_cat?post=682"},{"taxonomy":"product_tag","embeddable":true,"href":"https:\/\/monitorykomercyjne.pl\/index.php\/wp-json\/wp\/v2\/product_tag?post=682"}],"curies":[{"name":"wp","href":"https:\/\/api.w.org\/{rel}","templated":true}]}}