{"id":684,"date":"2024-03-05T14:39:21","date_gmt":"2024-03-05T13:39:21","guid":{"rendered":"https:\/\/monitorykomercyjne.pl\/?post_type=product&#038;p=684"},"modified":"2024-05-09T09:39:45","modified_gmt":"2024-05-09T07:39:45","slug":"nec-p627ul-projektor","status":"publish","type":"product","link":"https:\/\/monitorykomercyjne.pl\/index.php\/produkt\/nec-p627ul-projektor\/","title":{"rendered":"NEC P627UL &#8211; Projektor"},"content":{"rendered":"<section id=\"overview\" class=\"row\">\n<div class=\"columns medium-6\"><!-- ossproductdescstart --><b>Tak cicho, a tak wszechstronnie<\/b><\/p>\n<p>Projektor laserowy P627UL to przyk\u0142ad innowacji opartej na rzeczywistych potrzebach u\u017cytkownik\u00f3w. Jest tak cichy, \u017ce wr\u0119cz niezauwa\u017calny, a przy tym wy\u015bwietla obrazy o jasno\u015bci 6200 ANSI lumen\u00f3w, idealnie widoczne w jasno o\u015bwietlonych przestrzeniach. Ten model wyznacza nowy standard cichego dzia\u0142ania, zaskakuj\u0105c poziomem szumu wynosz\u0105cym 22 dB w trybie Eco (dzia\u0142a ciszej ni\u017c tykanie zegarka), i jest pod tym wzgl\u0119dem bezkonkurencyjny w\u015br\u00f3d innych projektor\u00f3w instalacyjnych. Dzi\u0119ki przetwarzaniu sygna\u0142\u00f3w wej\u015bciowych 4K przy 30 Hz, wszechstronnym opcjom pod\u0142\u0105cze\u0144 i obs\u0142udze rozdzielczo\u015bci WUXGA, projektor zapewnia mi\u0142e dla oka do\u015bwiadczenia wizualne, a jednocze\u015bnie jest gotowy na technologie przysz\u0142o\u015bci.<\/p>\n<p>Projektor wystarczy zainstalowa\u0107, by cieszy\u0107 si\u0119 niezawodn\u0105 prac\u0105 przez 20 tys. godzin eksploatacji bez jakichkolwiek prac konserwacyjnych. Ca\u0142kowite uszczelnienie silnika optycznego i \u017ar\u00f3d\u0142a \u015bwiat\u0142a laserowego pozwoli\u0142o wyeliminowa\u0107 konieczno\u015b\u0107 wymiany filtra i lampy. Te cechy w po\u0142\u0105czeniu z minimalnym zu\u017cyciem pr\u0105du na poziomie 318 W w trybie normalnym przek\u0142adaj\u0105 si\u0119 na niskie koszty operacyjne P627UL.<\/p>\n<p>Opcjonalna obs\u0142uga WiFi i\u00a0wbudowana funkcja MultiPresenter pozwalaj\u0105 na prowadzenie bezprzewodowych prezentacji i\u00a0wsp\u00f3\u0142dzielenie ekranu, dzi\u0119ki czemu jest to idealne narz\u0119dzie do sal konferencyjnych i\u00a0edukacyjnych, kt\u00f3re zaspokaja tak\u017ce potrzeby wypo\u017cyczalni i\u00a0firm specjalizuj\u0105cych si\u0119 w\u00a0instalacjach scenicznych oraz \u015bwietnie sprawdza si\u0119 w\u00a0cyfrowych zastosowaniach informacyjno-reklamowych.<!-- ossproductdescend --><\/div>\n<div class=\"columns medium-6\">\n<h3>Korzy\u015bci<\/h3>\n<ul>\n<li><b>Brak konieczno\u015bci serwisowania filtra<\/b> \u2013ca\u0142kowicie szczelny laserowy silnik optyczny LCD umo\u017cliwia zastosowanie konstrukcji bezfiltrowej. Produkt oferuje doskona\u0142\u0105 jasno\u015b\u0107 kolor\u00f3w i pozwala zapomnie\u0107 o kosztach serwisowania.<\/li>\n<li><b>Niski poziom szum\u00f3w<\/b> \u2013cicha technologia (poziom szum\u00f3w 22\u00a0dB) nie b\u0119dzie przeszkadza\u0107 w\u00a0prowadzeniu spotka\u0144.<\/li>\n<li><b>Zarz\u0105dzanie przysz\u0142o\u015bciowymi wej\u015bciami<\/b> \u2013dzi\u0119ki przetwarzaniu wej\u015b\u0107 4K przy 30\u00a0Hz.<\/li>\n<li><b>Koniec z wymian\u0105 lamp<\/b> \u2013a\u017c do 20.000 godzin bezobs\u0142ugowego dzia\u0142ania dzi\u0119ki laserowemu \u017ar\u00f3d\u0142u \u015bwiat\u0142a.<\/li>\n<li><b>Grupy Ryzyka 2<\/b> \u2013ze wzgl\u0119du na zgodno\u015b\u0107 z wymogami Grupy Ryzyka 2 nie obowi\u0105zuj\u0105 \u017cadne \u015brodki ostro\u017cno\u015bci.<\/li>\n<\/ul>\n<\/div>\n<\/section>\n<dl id=\"speciList\" class=\"js-accordion\">\n<dt class=\"js-accordion__toggle accordion__toggle\">PARAMETRY OPTYCZNE<\/dt>\n<dd class=\"js-accordion__content\">\n<table class=\"datalist datalist--divided-inset\">\n<tbody>\n<tr>\n<td>Technologia projekcji<\/td>\n<td>3LCD Technology<\/td>\n<\/tr>\n<tr>\n<td>Rozdzielczo\u015b\u0107 natywna<\/td>\n<td>\n<div class=\"productSpecRes productSpecRes--columns\">1920 x 1200 (WUXGA)<\/div>\n<\/td>\n<\/tr>\n<tr>\n<td>Proporcje obrazu<\/td>\n<td>16:10<\/td>\n<\/tr>\n<tr>\n<td>Kontrast <sup>1<\/sup><\/td>\n<td>3000000:1<\/td>\n<\/tr>\n<tr>\n<td>Jasno\u015b\u0107 <sup>1<\/sup><\/td>\n<td>6200 ANSI Lumen\u00f3w (ok. 60% w trybie Eco)<\/td>\n<\/tr>\n<tr>\n<td>Moc lampy<\/td>\n<td>Laserowe \u017ar\u00f3d\u0142o \u015bwiat\u0142a<\/td>\n<\/tr>\n<tr>\n<td>\u017bywotno\u015b\u0107 \u017ar\u00f3d\u0142a \u015bwiat\u0142a [godz.]<\/td>\n<td>20000 <sup>2<\/sup><\/td>\n<\/tr>\n<tr>\n<td>Obiektyw<\/td>\n<td>F= 1,5\u20132,1, f= 17,2\u201327,7 mm<\/td>\n<\/tr>\n<tr>\n<td>Przesuwanie obiektywu<\/td>\n<td>H:\u00b129, V:+60,-0<\/td>\n<\/tr>\n<tr>\n<td>Korekcja zniekszta\u0142ce\u0144 trapezowych<\/td>\n<td>+\/-30\u00b0 w\u00a0poziomie (r\u0119cznie) \/ +\/-30\u00b0 w\u00a0pionie (r\u0119cznie)<\/td>\n<\/tr>\n<tr>\n<td>Wsp\u00f3\u0142czynnik projekcji<\/td>\n<td>1.23 \u2013 2 : 1<\/td>\n<\/tr>\n<tr>\n<td>Odleg\u0142o\u015b\u0107 projekcji [m]<\/td>\n<td>0.8 \u2013 12.9<\/td>\n<\/tr>\n<tr>\n<td>Wielko\u015b\u0107 (przek\u0105tna) ekranu [cm] \/ [cale]<\/td>\n<td>Maksymalnie: 762 \/ 300&#8243;; Minimalnie: 76,2 \/ 30&#8243;<\/td>\n<\/tr>\n<tr>\n<td>Zoom<\/td>\n<td>R\u0119czny; x1,6<\/td>\n<\/tr>\n<tr>\n<td>Regulacja ogniskowej<\/td>\n<td>R\u0119czne<\/td>\n<\/tr>\n<tr>\n<td>Obs\u0142ugiwane rozdzielczo\u015bci<\/td>\n<td>\n<div class=\"productSpecRes productSpecRes--columns\">1920\u00a0x\u00a01200 (Maksymalna rozdzielczo\u015b\u0107 wej\u015bcia analogowego); 3840 x 2160 (Maximum resolution of digital input); 3840&#215;2160 @ 30hz digital<\/div>\n<\/td>\n<\/tr>\n<\/tbody>\n<\/table>\n<\/dd>\n<dt class=\"js-accordion__toggle accordion__toggle\">MO\u017bLIWO\u015aCI POD\u0141\u0104CZANIA<\/dt>\n<dd class=\"js-accordion__content\">\n<table class=\"datalist datalist--divided-inset\">\n<tbody>\n<tr>\n<td>Komputer (analogowe)<\/td>\n<td>Wej\u015bcie: 1 x Mini D-sub 15 pin<\/td>\n<\/tr>\n<tr>\n<td>Cyfrowe<\/td>\n<td>Wej\u015bcie: 1 x HDBaseT; 2 x HDMI\u2122 z\u00a0obs\u0142ug\u0105 HDCP<\/td>\n<\/tr>\n<tr>\n<td>Audio<\/td>\n<td>Wej\u015bcie: 1 x 3,5 mm wej\u015bcie Stereo Mini Jack; 2 x HDMI audio<br \/>\nWyj\u015bcie: 1 x 3.5 mm Stereo Mini Jack (variable)<\/td>\n<\/tr>\n<tr>\n<td>Control<\/td>\n<td>Wej\u015bcie: 1 x D-Sub 9 pin (RS-232) (m\u0119skie)<\/td>\n<\/tr>\n<tr>\n<td>LAN<\/td>\n<td>1 x RJ45; Opcjonalne z\u0142\u0105cze WLAN<\/td>\n<\/tr>\n<tr>\n<td>USB<\/td>\n<td>1 x Typ B (serwisowe); 1x Typ A (W-LAN Dongle); 1x Type A (USB 2.0 high speed) with 2.0A Power Supply<\/td>\n<\/tr>\n<tr>\n<td>Video<\/td>\n<td>NTSC 3,58; NTSC 4,43; PAL; PAL-M; PAL-N; PAL60; SECAM<\/td>\n<\/tr>\n<\/tbody>\n<\/table>\n<\/dd>\n<dt class=\"js-accordion__toggle accordion__toggle\">FUNKCJE PILOTA<\/dt>\n<dd class=\"js-accordion__content\">\n<table class=\"datalist datalist--divided-inset\">\n<tbody>\n<tr>\n<td>Funkcje pilota<\/td>\n<td>Automatyczne dostosowanie geometrii obrazu; Dostosowanie obrazu; funkcja lupy; funkcja stop klatki; Help-function; Kontrola audio; Korekcja efektu trapezowego; Nawigacja (g\u00f3ra, d\u00f3\u0142, lewy, prawy); Numer ID; Picture Mute; Power (On-OFF); Prezentacja i sterowanie myszk\u0105; Proporcje obrazu; Sterowanie trybem ECO; Strona (nast\u0119pna, poprzednia); Wyb\u00f3r \u017cr\u00f3d\u0142a sygna\u0142u<\/td>\n<\/tr>\n<\/tbody>\n<\/table>\n<\/dd>\n<dt class=\"js-accordion__toggle accordion__toggle\">PARAMETRY ELEKTRYCZNE<\/dt>\n<dd class=\"js-accordion__content\">\n<table class=\"datalist datalist--divided-inset\">\n<tbody>\n<tr>\n<td>Zasilanie<\/td>\n<td>100-240 V AC; 50 &#8211; 60 Hz<\/td>\n<\/tr>\n<tr>\n<td>Pob\u00f3r mocy [W]<\/td>\n<td>318 (Normal) \/ 237 (ECO) \/ 1,6 (Network Stand-by) \/ 0,3 (Stand-by)<\/td>\n<\/tr>\n<\/tbody>\n<\/table>\n<\/dd>\n<dt class=\"js-accordion__toggle accordion__toggle\">PARAMETRY MECHANICZNE<\/dt>\n<dd class=\"js-accordion__content\">\n<table class=\"datalist datalist--divided-inset\">\n<tbody>\n<tr>\n<td>Wymiary [mm]<\/td>\n<td>480 x 122 x 407 (bez n\u00f3\u017cek i obiektywu)<\/td>\n<\/tr>\n<tr>\n<td>Waga [kg]<\/td>\n<td>9.7<\/td>\n<\/tr>\n<tr>\n<td>Poziom szumu [dB (A)]<\/td>\n<td>22 \/ 27 (Eco \/ Normal)<\/td>\n<\/tr>\n<tr>\n<td>Wersje kolorystyczne<\/td>\n<td>Bia\u0142y<\/td>\n<\/tr>\n<\/tbody>\n<\/table>\n<\/dd>\n<dt class=\"js-accordion__toggle accordion__toggle\">WARUNKI OTOCZENIA<\/dt>\n<dd class=\"js-accordion__content\">\n<table class=\"datalist datalist--divided-inset\">\n<tbody>\n<tr>\n<td>Temperatura otoczenia podczes pracy [\u00b0C]<\/td>\n<td>5 do 40<\/td>\n<\/tr>\n<tr>\n<td>Wilgotno\u015b\u0107 otoczenia podczas pracy [%]<\/td>\n<td>20 do 80<\/td>\n<\/tr>\n<tr>\n<td>Temperatura przy przechowywaniu [\u00b0C]<\/td>\n<td>-10 do 50<\/td>\n<\/tr>\n<tr>\n<td>Wilgotno\u015b\u0107 przy przechowywaniu [%]<\/td>\n<td>20 do 80<\/td>\n<\/tr>\n<\/tbody>\n<\/table>\n<\/dd>\n<dt class=\"js-accordion__toggle accordion__toggle\">ERGONOMIA<\/dt>\n<dd class=\"js-accordion__content\">\n<table class=\"datalist datalist--divided-inset\">\n<tbody>\n<tr>\n<td>Bezpiecze\u0144stwo i ergonomia<\/td>\n<td>CE; EAC; ErP; RoHS; TUEV Type Approved; T\u00fcV GS<\/td>\n<\/tr>\n<tr>\n<td>G\u0142o\u015bniki [W]<\/td>\n<td>1 x 20 (mono)<\/td>\n<\/tr>\n<\/tbody>\n<\/table>\n<\/dd>\n<dt class=\"js-accordion__toggle accordion__toggle\">DODATKOWE FUNKCJE<\/dt>\n<dd class=\"js-accordion__content\">\n<table class=\"datalist datalist--divided-inset\">\n<tbody>\n<tr>\n<td>Cechy Specjalne<\/td>\n<td>Automatyczny start i automatyczne wy\u0142\u0105czanie; Blokada klawiszy OSD; Funkcja Direct Power-Off; Funkcja identyfikatora sterowania (Control ID); Funkcja lupy; Funkcja MultiPresenter; Funkcja wirtualnego pilota; Gniazdo zabezpieczaj\u0105ce typu K-Slot; HDBaseT; Help Function; Licznik Carbon savings; Menu OSD w 30 j\u0119zykach; Mo\u017cliwo\u015b\u0107 wy\u015bwietlania plik\u00f3w bezpo\u015brednio z pami\u0119ci FLASH; NaViSet Administrator 2; Opcjalane logo u\u017cytkownika; Opcjonalna sie\u0107 W-LAN typu Plug&amp;Play; Plansza kontrolna; Regulacja \u017ar\u00f3d\u0142a \u015bwiat\u0142a; Sterowanie mysz\u0105 dzi\u0119ki funkcji wy\u015bwietlania przez USB (USB Display); Sterowanie przez przegl\u0105dark\u0119 WWW; Swobodnie wychylany; Symulacja standardu DICOM; Szybki start; Tryb sta\u0142ej jasno\u015bci; Unikalne funkcje ograniczenia poboru energii; Ustawienie w\u00a0orientacji pionowej; Wyb\u00f3r wej\u015bcia sygna\u0142u; Zabezpieczenie has\u0142em<\/td>\n<\/tr>\n<\/tbody>\n<\/table>\n<\/dd>\n<dt class=\"js-accordion__toggle accordion__toggle\">FUNKCJE EKO<\/dt>\n<dd class=\"js-accordion__content\">\n<table class=\"datalist datalist--divided-inset\">\n<tbody>\n<tr>\n<td>Materia\u0142y ekologiczne<\/td>\n<td>Instrukcje do pobrania w wersji elektronicznej; Opakowania Eko<\/td>\n<\/tr>\n<tr>\n<td>Normy ekologiczne<\/td>\n<td>Zgodno\u015b\u0107 z ErP; Zgodno\u015b\u0107 z RoHs<\/td>\n<\/tr>\n<\/tbody>\n<\/table>\n<\/dd>\n<dt class=\"js-accordion__toggle accordion__toggle\">GWARANCJA<\/dt>\n<dd class=\"js-accordion__content\">\n<table class=\"datalist datalist--divided-inset\">\n<tbody>\n<tr>\n<td>Na projektor<\/td>\n<td>Serwis w ca\u0142ej Europie przez 3 lata<\/td>\n<\/tr>\n<tr>\n<td>\u0179r\u00f3d\u0142o \u015bwiat\u0142a<\/td>\n<td>3 lat lub 10000 h ( w zale\u017cno\u015bci od tego, co nast\u0105pi wcze\u015bniej)<\/td>\n<\/tr>\n<\/tbody>\n<\/table>\n<\/dd>\n<dt class=\"js-accordion__toggle accordion__toggle\">ZAWARTO\u015a\u0106 OPAKOWANIA<\/dt>\n<dd class=\"js-accordion__content\">\n<table class=\"datalist datalist--divided-inset\">\n<tbody>\n<tr>\n<td>Zawarto\u015b\u0107 opakowania<\/td>\n<td>2x AAA Batteries; Kabel zasilaj\u0105cy (1,8 m); Kr\u00f3tka instrukcja obs\u0142ugi; Oprogramowanie narz\u0119dziowe; Pilot (477E); Projektor; Security Sticker; Users Manual; Za\u015blepka obiektywu<\/td>\n<\/tr>\n<\/tbody>\n<\/table>\n<\/dd>\n<dt class=\"js-accordion__toggle accordion__toggle\">WYPOSA\u017bENIE DODATKOWE<\/dt>\n<dd class=\"js-accordion__content\">\n<table class=\"datalist datalist--divided-inset\">\n<tbody>\n<tr>\n<td>Dost\u0119pne akcesoria<\/td>\n<td>bezprzewodowy modu\u0142 LAN (NP05LM2; NP05LM4; NP05LM5); Uniwersalne uchwyty sufitowe (PJ01UCM, PJ02UCMPF)<\/td>\n<\/tr>\n<\/tbody>\n<\/table>\n<\/dd>\n<\/dl>\n","protected":false},"excerpt":{"rendered":"<div class=\"columns medium-6 product-features\">\n<table class=\"datalist datalist--divided-fullwidth\">\n<tbody>\n<tr>\n<td>Typ<\/td>\n<td>LCD<\/td>\n<\/tr>\n<tr>\n<td>Jasno\u015b\u0107  [AL]<\/td>\n<td>6200<\/td>\n<\/tr>\n<tr>\n<td>Rozdzielczo\u015b\u0107<\/td>\n<td>1920 x 1200<\/td>\n<\/tr>\n<tr>\n<td>\u0179r\u00f3d\u0142o \u015bwiat\u0142a<\/td>\n<td>Laser<\/td>\n<\/tr>\n<tr>\n<td>\u017bywotno\u015b\u0107 \u017ar\u00f3d\u0142a \u015bwiat\u0142a  [godz]<\/td>\n<td>20000<\/td>\n<\/tr>\n<tr>\n<td>Masa  [kg]<\/td>\n<td>9,7<\/td>\n<\/tr>\n<tr>\n<td>Kod produktu<\/td>\n<td>60005762<\/td>\n<\/tr>\n<\/tbody>\n<\/table>\n<\/div>\n","protected":false},"featured_media":685,"template":"","meta":{"inline_featured_image":false,"neve_meta_sidebar":"","neve_meta_container":"","neve_meta_enable_content_width":"off","neve_meta_content_width":100,"neve_meta_title_alignment":"","neve_meta_author_avatar":"","neve_post_elements_order":"","neve_meta_disable_header":"","neve_meta_disable_footer":"","neve_meta_disable_title":""},"pwb-brand":[28],"product_cat":[31],"product_tag":[],"yoast_head":"<!-- This site is optimized with the Yoast SEO plugin v22.6 - https:\/\/yoast.com\/wordpress\/plugins\/seo\/ -->\n<title>NEC P627UL - Projektor - Monitory Komercyjne Monitory komercyjne<\/title>\n<meta name=\"robots\" content=\"index, follow, max-snippet:-1, max-image-preview:large, max-video-preview:-1\" \/>\n<link rel=\"canonical\" href=\"https:\/\/monitorykomercyjne.pl\/index.php\/produkt\/nec-p627ul-projektor\/\" \/>\n<meta property=\"og:locale\" content=\"pl_PL\" \/>\n<meta property=\"og:type\" content=\"article\" \/>\n<meta property=\"og:title\" content=\"NEC P627UL - Projektor - Monitory Komercyjne Monitory komercyjne\" \/>\n<meta property=\"og:description\" content=\"TypLCDJasno\u015b\u0107 [AL]6200Rozdzielczo\u015b\u01071920 x 1200\u0179r\u00f3d\u0142o \u015bwiat\u0142aLaser\u017bywotno\u015b\u0107 \u017ar\u00f3d\u0142a \u015bwiat\u0142a [godz]20000Masa [kg]9,7Kod produktu60005762\" \/>\n<meta property=\"og:url\" content=\"https:\/\/monitorykomercyjne.pl\/index.php\/produkt\/nec-p627ul-projektor\/\" \/>\n<meta property=\"og:site_name\" content=\"Monitory Komercyjne\" \/>\n<meta property=\"article:modified_time\" content=\"2024-05-09T07:39:45+00:00\" \/>\n<meta property=\"og:image\" content=\"https:\/\/monitorykomercyjne.pl\/wp-content\/uploads\/2024\/03\/NEC-P627UL2.jpg\" \/>\n\t<meta property=\"og:image:width\" content=\"1600\" \/>\n\t<meta property=\"og:image:height\" content=\"1200\" \/>\n\t<meta property=\"og:image:type\" content=\"image\/jpeg\" \/>\n<meta name=\"twitter:card\" content=\"summary_large_image\" \/>\n<meta name=\"twitter:label1\" content=\"Szacowany czas czytania\" \/>\n\t<meta name=\"twitter:data1\" content=\"4 minuty\" \/>\n<script type=\"application\/ld+json\" class=\"yoast-schema-graph\">{\"@context\":\"https:\/\/schema.org\",\"@graph\":[{\"@type\":\"WebPage\",\"@id\":\"https:\/\/monitorykomercyjne.pl\/index.php\/produkt\/nec-p627ul-projektor\/\",\"url\":\"https:\/\/monitorykomercyjne.pl\/index.php\/produkt\/nec-p627ul-projektor\/\",\"name\":\"NEC P627UL - Projektor - Monitory Komercyjne Monitory komercyjne\",\"isPartOf\":{\"@id\":\"https:\/\/monitorykomercyjne.pl\/#website\"},\"primaryImageOfPage\":{\"@id\":\"https:\/\/monitorykomercyjne.pl\/index.php\/produkt\/nec-p627ul-projektor\/#primaryimage\"},\"image\":{\"@id\":\"https:\/\/monitorykomercyjne.pl\/index.php\/produkt\/nec-p627ul-projektor\/#primaryimage\"},\"thumbnailUrl\":\"https:\/\/monitorykomercyjne.pl\/wp-content\/uploads\/2024\/03\/NEC-P627UL2.jpg\",\"datePublished\":\"2024-03-05T13:39:21+00:00\",\"dateModified\":\"2024-05-09T07:39:45+00:00\",\"breadcrumb\":{\"@id\":\"https:\/\/monitorykomercyjne.pl\/index.php\/produkt\/nec-p627ul-projektor\/#breadcrumb\"},\"inLanguage\":\"pl-PL\",\"potentialAction\":[{\"@type\":\"ReadAction\",\"target\":[\"https:\/\/monitorykomercyjne.pl\/index.php\/produkt\/nec-p627ul-projektor\/\"]}]},{\"@type\":\"ImageObject\",\"inLanguage\":\"pl-PL\",\"@id\":\"https:\/\/monitorykomercyjne.pl\/index.php\/produkt\/nec-p627ul-projektor\/#primaryimage\",\"url\":\"https:\/\/monitorykomercyjne.pl\/wp-content\/uploads\/2024\/03\/NEC-P627UL2.jpg\",\"contentUrl\":\"https:\/\/monitorykomercyjne.pl\/wp-content\/uploads\/2024\/03\/NEC-P627UL2.jpg\",\"width\":1600,\"height\":1200},{\"@type\":\"BreadcrumbList\",\"@id\":\"https:\/\/monitorykomercyjne.pl\/index.php\/produkt\/nec-p627ul-projektor\/#breadcrumb\",\"itemListElement\":[{\"@type\":\"ListItem\",\"position\":1,\"name\":\"Strona g\u0142\u00f3wna\",\"item\":\"https:\/\/monitorykomercyjne.pl\/\"},{\"@type\":\"ListItem\",\"position\":2,\"name\":\"Produkty\",\"item\":\"https:\/\/monitorykomercyjne.pl\/index.php\/produkty\/\"},{\"@type\":\"ListItem\",\"position\":3,\"name\":\"NEC P627UL &#8211; Projektor\"}]},{\"@type\":\"WebSite\",\"@id\":\"https:\/\/monitorykomercyjne.pl\/#website\",\"url\":\"https:\/\/monitorykomercyjne.pl\/\",\"name\":\"Monitory Komercyjne\",\"description\":\"\",\"potentialAction\":[{\"@type\":\"SearchAction\",\"target\":{\"@type\":\"EntryPoint\",\"urlTemplate\":\"https:\/\/monitorykomercyjne.pl\/?s={search_term_string}\"},\"query-input\":\"required name=search_term_string\"}],\"inLanguage\":\"pl-PL\"}]}<\/script>\n<!-- \/ Yoast SEO plugin. -->","yoast_head_json":{"title":"NEC P627UL - Projektor - Monitory Komercyjne Monitory komercyjne","robots":{"index":"index","follow":"follow","max-snippet":"max-snippet:-1","max-image-preview":"max-image-preview:large","max-video-preview":"max-video-preview:-1"},"canonical":"https:\/\/monitorykomercyjne.pl\/index.php\/produkt\/nec-p627ul-projektor\/","og_locale":"pl_PL","og_type":"article","og_title":"NEC P627UL - Projektor - Monitory Komercyjne Monitory komercyjne","og_description":"TypLCDJasno\u015b\u0107 [AL]6200Rozdzielczo\u015b\u01071920 x 1200\u0179r\u00f3d\u0142o \u015bwiat\u0142aLaser\u017bywotno\u015b\u0107 \u017ar\u00f3d\u0142a \u015bwiat\u0142a [godz]20000Masa [kg]9,7Kod produktu60005762","og_url":"https:\/\/monitorykomercyjne.pl\/index.php\/produkt\/nec-p627ul-projektor\/","og_site_name":"Monitory Komercyjne","article_modified_time":"2024-05-09T07:39:45+00:00","og_image":[{"width":1600,"height":1200,"url":"https:\/\/monitorykomercyjne.pl\/wp-content\/uploads\/2024\/03\/NEC-P627UL2.jpg","type":"image\/jpeg"}],"twitter_card":"summary_large_image","twitter_misc":{"Szacowany czas czytania":"4 minuty"},"schema":{"@context":"https:\/\/schema.org","@graph":[{"@type":"WebPage","@id":"https:\/\/monitorykomercyjne.pl\/index.php\/produkt\/nec-p627ul-projektor\/","url":"https:\/\/monitorykomercyjne.pl\/index.php\/produkt\/nec-p627ul-projektor\/","name":"NEC P627UL - Projektor - Monitory Komercyjne Monitory komercyjne","isPartOf":{"@id":"https:\/\/monitorykomercyjne.pl\/#website"},"primaryImageOfPage":{"@id":"https:\/\/monitorykomercyjne.pl\/index.php\/produkt\/nec-p627ul-projektor\/#primaryimage"},"image":{"@id":"https:\/\/monitorykomercyjne.pl\/index.php\/produkt\/nec-p627ul-projektor\/#primaryimage"},"thumbnailUrl":"https:\/\/monitorykomercyjne.pl\/wp-content\/uploads\/2024\/03\/NEC-P627UL2.jpg","datePublished":"2024-03-05T13:39:21+00:00","dateModified":"2024-05-09T07:39:45+00:00","breadcrumb":{"@id":"https:\/\/monitorykomercyjne.pl\/index.php\/produkt\/nec-p627ul-projektor\/#breadcrumb"},"inLanguage":"pl-PL","potentialAction":[{"@type":"ReadAction","target":["https:\/\/monitorykomercyjne.pl\/index.php\/produkt\/nec-p627ul-projektor\/"]}]},{"@type":"ImageObject","inLanguage":"pl-PL","@id":"https:\/\/monitorykomercyjne.pl\/index.php\/produkt\/nec-p627ul-projektor\/#primaryimage","url":"https:\/\/monitorykomercyjne.pl\/wp-content\/uploads\/2024\/03\/NEC-P627UL2.jpg","contentUrl":"https:\/\/monitorykomercyjne.pl\/wp-content\/uploads\/2024\/03\/NEC-P627UL2.jpg","width":1600,"height":1200},{"@type":"BreadcrumbList","@id":"https:\/\/monitorykomercyjne.pl\/index.php\/produkt\/nec-p627ul-projektor\/#breadcrumb","itemListElement":[{"@type":"ListItem","position":1,"name":"Strona g\u0142\u00f3wna","item":"https:\/\/monitorykomercyjne.pl\/"},{"@type":"ListItem","position":2,"name":"Produkty","item":"https:\/\/monitorykomercyjne.pl\/index.php\/produkty\/"},{"@type":"ListItem","position":3,"name":"NEC P627UL &#8211; Projektor"}]},{"@type":"WebSite","@id":"https:\/\/monitorykomercyjne.pl\/#website","url":"https:\/\/monitorykomercyjne.pl\/","name":"Monitory Komercyjne","description":"","potentialAction":[{"@type":"SearchAction","target":{"@type":"EntryPoint","urlTemplate":"https:\/\/monitorykomercyjne.pl\/?s={search_term_string}"},"query-input":"required name=search_term_string"}],"inLanguage":"pl-PL"}]}},"brands":[{"id":28,"name":"SharpNEC","slug":"sharpnec"}],"_links":{"self":[{"href":"https:\/\/monitorykomercyjne.pl\/index.php\/wp-json\/wp\/v2\/product\/684"}],"collection":[{"href":"https:\/\/monitorykomercyjne.pl\/index.php\/wp-json\/wp\/v2\/product"}],"about":[{"href":"https:\/\/monitorykomercyjne.pl\/index.php\/wp-json\/wp\/v2\/types\/product"}],"wp:featuredmedia":[{"embeddable":true,"href":"https:\/\/monitorykomercyjne.pl\/index.php\/wp-json\/wp\/v2\/media\/685"}],"wp:attachment":[{"href":"https:\/\/monitorykomercyjne.pl\/index.php\/wp-json\/wp\/v2\/media?parent=684"}],"wp:term":[{"taxonomy":"pwb-brand","embeddable":true,"href":"https:\/\/monitorykomercyjne.pl\/index.php\/wp-json\/wp\/v2\/pwb-brand?post=684"},{"taxonomy":"product_cat","embeddable":true,"href":"https:\/\/monitorykomercyjne.pl\/index.php\/wp-json\/wp\/v2\/product_cat?post=684"},{"taxonomy":"product_tag","embeddable":true,"href":"https:\/\/monitorykomercyjne.pl\/index.php\/wp-json\/wp\/v2\/product_tag?post=684"}],"curies":[{"name":"wp","href":"https:\/\/api.w.org\/{rel}","templated":true}]}}