{"id":698,"date":"2024-03-05T15:08:28","date_gmt":"2024-03-05T14:08:28","guid":{"rendered":"https:\/\/monitorykomercyjne.pl\/?post_type=product&#038;p=698"},"modified":"2024-05-09T09:39:45","modified_gmt":"2024-05-09T07:39:45","slug":"nec-pe506ul-projektor","status":"publish","type":"product","link":"https:\/\/monitorykomercyjne.pl\/index.php\/produkt\/nec-pe506ul-projektor\/","title":{"rendered":"NEC PE506UL &#8211; Projektor"},"content":{"rendered":"<section class=\"row\" id=\"overview\">\n<div class=\"columns medium-6\"><!-- ossproductdescstart --><\/p>\n<p><b>Wysoka jasno\u015b\u0107 w kompaktowym formacie<\/b><\/p>\n<p>Model PE506UL charakteryzuj\u0105cy si\u0119 wysok\u0105 trwa\u0142o\u015bci\u0105 i niskimi kosztami eksploatacji jest doskona\u0142ym wyborem dla oszcz\u0119dnych u\u017cytkownik\u00f3w wymagaj\u0105cych profesjonalnego urz\u0105dzenia o niezmiennie wysokiej jako\u015bci wy\u015bwietlania. Mniejszy i l\u017cejszy od poprzedniego modelu projektor oferuje wysoki poziom jasno\u015bci na poziomie 5200 lumen\u00f3w ANSI oraz wysok\u0105 jaskrawo\u015b\u0107 obrazu wynikaj\u0105c\u0105 z zastosowania technologii 3LCD.<\/p>\n<p><span>Aby zapewni\u0107 bezproblemowe prze\u0142\u0105czanie obrazu mi\u0119dzy prezenterami, projektor oferuje zaawansowane funkcje bezprzewodowe wraz z wbudowan\u0105 funkcj\u0105 MultiPresenter. Dzi\u0119ki niej wielu u\u017cytkownik\u00f3w mo\u017ce nawi\u0105za\u0107 po\u0142\u0105czenie i wsp\u00f3\u0142dzieli\u0107 tre\u015bci bez konieczno\u015bci pod\u0142\u0105czania przewod\u00f3w. PE506UL jest wi\u0119c pe\u0142en funkcji dla klas, sal szkoleniowych i sal konferencyjnych.<\/span><\/p>\n<p><!-- ossproductdescend --><\/div>\n<div class=\"columns medium-6\">\n<h3>Korzy\u015bci<\/h3>\n<ul>\n<li><b>Profesjonalna, kt\u00f3ra dostosowuje si\u0119 do potrzeb u\u017cytkownika <\/b> \u2013uniwersalne parametry projekcji pozwalaj\u0105 na ustawienie projektora w prosty spos\u00f3b, u\u0142atwiaj\u0105c w\u00a0ten spos\u00f3b instalacj\u0119 i\u00a0potencjalnie redukuj\u0105c koszty konfiguracji.<\/li>\n<li><b>Ni\u017cszy ca\u0142kowity koszt posiadania<\/b> \u2013najwi\u0119ksza niezawodno\u015b\u0107, dzia\u0142anie bez prac konserwacyjnych, niskie zu\u017cycie energii oraz czas eksploatacji laserowego \u017ar\u00f3d\u0142a \u015bwiat\u0142a wynosz\u0105cy nawet 20000 godzin zdecydowanie zmniejszaj\u0105 og\u00f3lne koszty ponoszone przez w\u0142a\u015bciciela.<\/li>\n<li><b>Grupy Ryzyka 2<\/b> \u2013ze wzgl\u0119du na zgodno\u015b\u0107 z wymogami Grupy Ryzyka 2 nie obowi\u0105zuj\u0105 \u017cadne \u015brodki ostro\u017cno\u015bci.<\/li>\n<li><b>Oszcz\u0119dno\u015bci finansowe dzi\u0119ki zarz\u0105dzaniu urz\u0105dzeniami<\/b> \u2013mniejsze nak\u0142ady pracy dzi\u0119ki administrowaniu wszystkimi pod\u0142\u0105czonymi urz\u0105dzeniami NEC z\u00a0poziomu jednego, centralnego punktu poprzez programowe narz\u0119dzie NaViSet Administrator\u00a02.<\/li>\n<\/ul>\n<\/div>\n<\/section>\n<dl class=\"js-accordion\" id=\"speciList\">\n<dt class=\"js-accordion__toggle accordion__toggle\">PARAMETRY OPTYCZNE<span class=\"icon icon--arrow-d-dark\"><\/span><\/dt>\n<dd class=\"js-accordion__content\">\n<table class=\"datalist datalist--divided-inset\">\n<tbody>\n<tr>\n<td>Technologia projekcji<\/td>\n<td>3LCD Technology<\/td>\n<\/tr>\n<tr>\n<td>Rozdzielczo\u015b\u0107 natywna<\/td>\n<td>\n<div class=\"productSpecRes productSpecRes--columns\"><span>1920 x 1200 (WUXGA)<\/span><\/div>\n<\/td>\n<\/tr>\n<tr>\n<td>Proporcje obrazu<\/td>\n<td>16:10<\/td>\n<\/tr>\n<tr>\n<td>Kontrast <sup>1<\/sup><\/td>\n<td>3000000:1<\/td>\n<\/tr>\n<tr>\n<td>Jasno\u015b\u0107 <sup>1<\/sup><\/td>\n<td>5200 ANSI Lumen\u00f3w<\/td>\n<\/tr>\n<tr>\n<td>Przesuwanie obiektywu<\/td>\n<td>H:-29,+29, V:-0,+60<\/td>\n<\/tr>\n<tr>\n<td>Korekcja zniekszta\u0142ce\u0144 trapezowych<\/td>\n<td>+\/-30\u00b0 w\u00a0poziomie (r\u0119cznie) \/ +\/-30\u00b0 w\u00a0pionie (r\u0119cznie)<\/td>\n<\/tr>\n<tr>\n<td>Wsp\u00f3\u0142czynnik projekcji<\/td>\n<td>1.2 \u2013 2 : 1<\/td>\n<\/tr>\n<tr>\n<td>Odleg\u0142o\u015b\u0107 projekcji [m]<\/td>\n<td>0.75 \u2013 13<\/td>\n<\/tr>\n<tr>\n<td>Wielko\u015b\u0107 (przek\u0105tna) ekranu [cm] \/ [cale]<\/td>\n<td>76,2 \/ 30&#8243; &#8211; 762 \/ 300&#8243;<\/td>\n<\/tr>\n<tr>\n<td>Zoom<\/td>\n<td>x1,7<\/td>\n<\/tr>\n<tr>\n<td>Regulacja ogniskowej<\/td>\n<td>R\u0119czne<\/td>\n<\/tr>\n<\/tbody>\n<\/table>\n<\/dd>\n<dt class=\"js-accordion__toggle accordion__toggle\">MO\u017bLIWO\u015aCI POD\u0141\u0104CZANIA<span class=\"icon icon--arrow-d-dark\"><\/span><\/dt>\n<dd class=\"js-accordion__content\">\n<table class=\"datalist datalist--divided-inset\">\n<tbody>\n<tr>\n<td>Komputer (analogowe)<\/td>\n<td>Wej\u015bcie: 1 x Mini D-sub 15-pin, kompatybilne z component (YPbPr) <br \/>Wyj\u015bcie: 1 x Mini D-sub 15 pin <\/td>\n<\/tr>\n<tr>\n<td>Cyfrowe<\/td>\n<td>Wej\u015bcie: 2 x HDMI\u2122 (g\u0142\u0119bia koloru, synchronizacja obrazu i d\u017awi\u0119ku) <\/td>\n<\/tr>\n<tr>\n<td>Audio<\/td>\n<td>Wej\u015bcie: 1 x  3.5 mm Stereo Mini Jack; 1 x RCA Stereo <br \/>Wyj\u015bcie: 1 x 3.5 mm Stereo Mini Jack <\/td>\n<\/tr>\n<tr>\n<td>Control<\/td>\n<td>Wej\u015bcie: 1 x D-Sub 9 pin (RS-232) (m\u0119skie) <\/td>\n<\/tr>\n<tr>\n<td>LAN<\/td>\n<td>1 x RJ45; Opcjonalne z\u0142\u0105cze WLAN<\/td>\n<\/tr>\n<tr>\n<td>USB<\/td>\n<td>1 x Type B; 1x Type A (USB 2 high speed) with 2 Power Supply<\/td>\n<\/tr>\n<tr>\n<td>Video<\/td>\n<td>NTSC; PAL; PAL60; SECAM<\/td>\n<\/tr>\n<\/tbody>\n<\/table>\n<\/dd>\n<dt class=\"js-accordion__toggle accordion__toggle\">FUNKCJE PILOTA<span class=\"icon icon--arrow-d-dark\"><\/span><\/dt>\n<dd class=\"js-accordion__content\">\n<table class=\"datalist datalist--divided-inset\">\n<tbody>\n<tr>\n<td>Funkcje pilota<\/td>\n<td>Automatyczne dostosowanie geometrii obrazu; Numer ID; Opcjonalna kontrola myszy i prezentacji; Proporcje obrazu; Wyciszenie AV; Zatrzymanie obrazu; Zoom cyfrowy<\/td>\n<\/tr>\n<\/tbody>\n<\/table>\n<\/dd>\n<dt class=\"js-accordion__toggle accordion__toggle\">PARAMETRY ELEKTRYCZNE<span class=\"icon icon--arrow-d-dark\"><\/span><\/dt>\n<dd class=\"js-accordion__content\">\n<table class=\"datalist datalist--divided-inset\">\n<tbody>\n<tr>\n<td>Zasilanie<\/td>\n<td>120-240 V AC; 50 &#8211; 60 Hz<\/td>\n<\/tr>\n<tr>\n<td>Pob\u00f3r mocy [W]<\/td>\n<td>335 (Normal) \/ 177 (ECO) \/ 2 (Network Stand-by) \/ 0,5 (Stand-by)<\/td>\n<\/tr>\n<\/tbody>\n<\/table>\n<\/dd>\n<dt class=\"js-accordion__toggle accordion__toggle\">PARAMETRY MECHANICZNE<span class=\"icon icon--arrow-d-dark\"><\/span><\/dt>\n<dd class=\"js-accordion__content\">\n<table class=\"datalist datalist--divided-inset\">\n<tbody>\n<tr>\n<td>Wymiary [mm]<\/td>\n<td>405 x 137 x 358 (bez n\u00f3\u017cek i obiektywu)<\/td>\n<\/tr>\n<tr>\n<td>Waga [kg]<\/td>\n<td>7.95<\/td>\n<\/tr>\n<tr>\n<td>Poziom szumu [dB (A)]<\/td>\n<td>27 \/ 37 (Eco \/ Normal)<\/td>\n<\/tr>\n<tr>\n<td>Wersje kolorystyczne<\/td>\n<td>Bia\u0142y<\/td>\n<\/tr>\n<\/tbody>\n<\/table>\n<\/dd>\n<dt class=\"js-accordion__toggle accordion__toggle\">WARUNKI OTOCZENIA<span class=\"icon icon--arrow-d-dark\"><\/span><\/dt>\n<dd class=\"js-accordion__content\">\n<table class=\"datalist datalist--divided-inset\">\n<tbody>\n<tr>\n<td>Temperatura otoczenia podczes pracy [\u00b0C]<\/td>\n<td>0 do 40<\/td>\n<\/tr>\n<tr>\n<td>Wilgotno\u015b\u0107 otoczenia podczas pracy [%]<\/td>\n<td>20 do 88<\/td>\n<\/tr>\n<tr>\n<td>Temperatura przy przechowywaniu [\u00b0C]<\/td>\n<td>-10 do 50<\/td>\n<\/tr>\n<\/tbody>\n<\/table>\n<\/dd>\n<dt class=\"js-accordion__toggle accordion__toggle\">ERGONOMIA<span class=\"icon icon--arrow-d-dark\"><\/span><\/dt>\n<dd class=\"js-accordion__content\">\n<table class=\"datalist datalist--divided-inset\">\n<tbody>\n<tr>\n<td>G\u0142o\u015bniki [W]<\/td>\n<td>1 x 16 (mono)<\/td>\n<\/tr>\n<\/tbody>\n<\/table>\n<\/dd>\n<dt class=\"js-accordion__toggle accordion__toggle\">DODATKOWE FUNKCJE<span class=\"icon icon--arrow-d-dark\"><\/span><\/dt>\n<dd class=\"js-accordion__content\">\n<table class=\"datalist datalist--divided-inset\">\n<tbody>\n<tr>\n<td>Cechy Specjalne<\/td>\n<td>AMX Beacon; Automatyczny tryb ECO; Crestron RoomView; Licznik Carbon savings; PJ LINK; Transmisja kontentu przez sie\u0107; Zarz\u0105dzanie kolorem<\/td>\n<\/tr>\n<\/tbody>\n<\/table>\n<\/dd>\n<dt class=\"js-accordion__toggle accordion__toggle\">FUNKCJE EKO<span class=\"icon icon--arrow-d-dark\"><\/span><\/dt>\n<dd class=\"js-accordion__content\">\n<table class=\"datalist datalist--divided-inset\">\n<tbody>\n<tr>\n<td>Materia\u0142y ekologiczne<\/td>\n<td>Instrukcje do pobrania w wersji elektronicznej; Opakowania Eko; Opakowania w 100% recyklowalne<\/td>\n<\/tr>\n<\/tbody>\n<\/table>\n<\/dd>\n<dt class=\"js-accordion__toggle accordion__toggle\">GWARANCJA<span class=\"icon icon--arrow-d-dark\"><\/span><\/dt>\n<dd class=\"js-accordion__content\">\n<table class=\"datalist datalist--divided-inset\">\n<tbody>\n<tr>\n<td>Na projektor<\/td>\n<td>3-letni serwis w\u00a0ca\u0142ej Europie<\/td>\n<\/tr>\n<tr>\n<td>\u0179r\u00f3d\u0142o \u015bwiat\u0142a<\/td>\n<td>3 lat lub 10000 h ( w zale\u017cno\u015bci od tego, co nast\u0105pi wcze\u015bniej)<\/td>\n<\/tr>\n<\/tbody>\n<\/table>\n<\/dd>\n<dt class=\"js-accordion__toggle accordion__toggle\">ZAWARTO\u015a\u0106 OPAKOWANIA<span class=\"icon icon--arrow-d-dark\"><\/span><\/dt>\n<dd class=\"js-accordion__content\">\n<table class=\"datalist datalist--divided-inset\">\n<tbody>\n<tr>\n<td>Zawarto\u015b\u0107 opakowania<\/td>\n<td>2x AAA Batteries; Kabel Sygna\u0142owy Mini D-SUB (1,8 m); Kr\u00f3tka instrukcja obs\u0142ugi; Oprogramowanie narz\u0119dziowe; Pilot (RD-477E); Podr\u0119cznik u\u017cytkownika na p\u0142ycie CD; Security Sticker<\/td>\n<\/tr>\n<\/tbody>\n<\/table>\n<\/dd>\n<dt class=\"js-accordion__toggle accordion__toggle\">WYPOSA\u017bENIE DODATKOWE<span class=\"icon icon--arrow-d-dark\"><\/span><\/dt>\n<dd class=\"js-accordion__content\">\n<table class=\"datalist datalist--divided-inset\">\n<tbody>\n<tr>\n<td>Dost\u0119pne akcesoria<\/td>\n<td>bezprzewodowy modu\u0142 LAN (NP05LM2; NP05LM4; NP05LM5); Uniwersalne uchwyty sufitowe (PJ01UCM)<\/td>\n<\/tr>\n<\/tbody>\n<\/table>\n<\/dd>\n<\/dl>\n","protected":false},"excerpt":{"rendered":"<div class=\"columns medium-6 product-features\">\n<table class=\"datalist datalist--divided-fullwidth\">\n<tbody>\n<tr>\n<td>Typ<\/td>\n<td>LCD<\/td>\n<\/tr>\n<tr>\n<td>Jasno\u015b\u0107  [AL]<\/td>\n<td>5200<\/td>\n<\/tr>\n<tr>\n<td>Rozdzielczo\u015b\u0107<\/td>\n<td>1920 x 1200<\/td>\n<\/tr>\n<tr>\n<td>\u0179r\u00f3d\u0142o \u015bwiat\u0142a<\/td>\n<td>Laser<\/td>\n<\/tr>\n<tr>\n<td>\u017bywotno\u015b\u0107 \u017ar\u00f3d\u0142a \u015bwiat\u0142a  [godz]<\/td>\n<td>20000<\/td>\n<\/tr>\n<tr>\n<td>Masa  [kg]<\/td>\n<td>7,95<\/td>\n<\/tr>\n<tr>\n<td>Kod produktu<\/td>\n<td>60005463<\/td>\n<\/tr>\n<\/tbody>\n<\/table>\n<\/div>\n","protected":false},"featured_media":699,"template":"","meta":{"inline_featured_image":false,"neve_meta_sidebar":"","neve_meta_container":"","neve_meta_enable_content_width":"off","neve_meta_content_width":100,"neve_meta_title_alignment":"","neve_meta_author_avatar":"","neve_post_elements_order":"","neve_meta_disable_header":"","neve_meta_disable_footer":"","neve_meta_disable_title":""},"pwb-brand":[28],"product_cat":[31],"product_tag":[],"yoast_head":"<!-- This site is optimized with the Yoast SEO plugin v22.6 - https:\/\/yoast.com\/wordpress\/plugins\/seo\/ -->\n<title>NEC PE506UL - Projektor - Monitory Komercyjne Monitory komercyjne<\/title>\n<meta name=\"robots\" content=\"index, follow, max-snippet:-1, max-image-preview:large, max-video-preview:-1\" \/>\n<link rel=\"canonical\" href=\"https:\/\/monitorykomercyjne.pl\/index.php\/produkt\/nec-pe506ul-projektor\/\" \/>\n<meta property=\"og:locale\" content=\"pl_PL\" \/>\n<meta property=\"og:type\" content=\"article\" \/>\n<meta property=\"og:title\" content=\"NEC PE506UL - Projektor - Monitory Komercyjne Monitory komercyjne\" \/>\n<meta property=\"og:description\" content=\"TypLCDJasno\u015b\u0107 [AL]5200Rozdzielczo\u015b\u01071920 x 1200\u0179r\u00f3d\u0142o \u015bwiat\u0142aLaser\u017bywotno\u015b\u0107 \u017ar\u00f3d\u0142a \u015bwiat\u0142a [godz]20000Masa [kg]7,95Kod produktu60005463\" \/>\n<meta property=\"og:url\" content=\"https:\/\/monitorykomercyjne.pl\/index.php\/produkt\/nec-pe506ul-projektor\/\" \/>\n<meta property=\"og:site_name\" content=\"Monitory Komercyjne\" \/>\n<meta property=\"article:modified_time\" content=\"2024-05-09T07:39:45+00:00\" \/>\n<meta property=\"og:image\" content=\"https:\/\/monitorykomercyjne.pl\/wp-content\/uploads\/2024\/03\/NEC-PE506UL1.jpg\" \/>\n\t<meta property=\"og:image:width\" content=\"1600\" \/>\n\t<meta property=\"og:image:height\" content=\"1200\" \/>\n\t<meta property=\"og:image:type\" content=\"image\/jpeg\" \/>\n<meta name=\"twitter:card\" content=\"summary_large_image\" \/>\n<meta name=\"twitter:label1\" content=\"Szacowany czas czytania\" \/>\n\t<meta name=\"twitter:data1\" content=\"3 minuty\" \/>\n<script type=\"application\/ld+json\" class=\"yoast-schema-graph\">{\"@context\":\"https:\/\/schema.org\",\"@graph\":[{\"@type\":\"WebPage\",\"@id\":\"https:\/\/monitorykomercyjne.pl\/index.php\/produkt\/nec-pe506ul-projektor\/\",\"url\":\"https:\/\/monitorykomercyjne.pl\/index.php\/produkt\/nec-pe506ul-projektor\/\",\"name\":\"NEC PE506UL - Projektor - Monitory Komercyjne Monitory komercyjne\",\"isPartOf\":{\"@id\":\"https:\/\/monitorykomercyjne.pl\/#website\"},\"primaryImageOfPage\":{\"@id\":\"https:\/\/monitorykomercyjne.pl\/index.php\/produkt\/nec-pe506ul-projektor\/#primaryimage\"},\"image\":{\"@id\":\"https:\/\/monitorykomercyjne.pl\/index.php\/produkt\/nec-pe506ul-projektor\/#primaryimage\"},\"thumbnailUrl\":\"https:\/\/monitorykomercyjne.pl\/wp-content\/uploads\/2024\/03\/NEC-PE506UL1.jpg\",\"datePublished\":\"2024-03-05T14:08:28+00:00\",\"dateModified\":\"2024-05-09T07:39:45+00:00\",\"breadcrumb\":{\"@id\":\"https:\/\/monitorykomercyjne.pl\/index.php\/produkt\/nec-pe506ul-projektor\/#breadcrumb\"},\"inLanguage\":\"pl-PL\",\"potentialAction\":[{\"@type\":\"ReadAction\",\"target\":[\"https:\/\/monitorykomercyjne.pl\/index.php\/produkt\/nec-pe506ul-projektor\/\"]}]},{\"@type\":\"ImageObject\",\"inLanguage\":\"pl-PL\",\"@id\":\"https:\/\/monitorykomercyjne.pl\/index.php\/produkt\/nec-pe506ul-projektor\/#primaryimage\",\"url\":\"https:\/\/monitorykomercyjne.pl\/wp-content\/uploads\/2024\/03\/NEC-PE506UL1.jpg\",\"contentUrl\":\"https:\/\/monitorykomercyjne.pl\/wp-content\/uploads\/2024\/03\/NEC-PE506UL1.jpg\",\"width\":1600,\"height\":1200},{\"@type\":\"BreadcrumbList\",\"@id\":\"https:\/\/monitorykomercyjne.pl\/index.php\/produkt\/nec-pe506ul-projektor\/#breadcrumb\",\"itemListElement\":[{\"@type\":\"ListItem\",\"position\":1,\"name\":\"Strona g\u0142\u00f3wna\",\"item\":\"https:\/\/monitorykomercyjne.pl\/\"},{\"@type\":\"ListItem\",\"position\":2,\"name\":\"Produkty\",\"item\":\"https:\/\/monitorykomercyjne.pl\/index.php\/produkty\/\"},{\"@type\":\"ListItem\",\"position\":3,\"name\":\"NEC PE506UL &#8211; Projektor\"}]},{\"@type\":\"WebSite\",\"@id\":\"https:\/\/monitorykomercyjne.pl\/#website\",\"url\":\"https:\/\/monitorykomercyjne.pl\/\",\"name\":\"Monitory Komercyjne\",\"description\":\"\",\"potentialAction\":[{\"@type\":\"SearchAction\",\"target\":{\"@type\":\"EntryPoint\",\"urlTemplate\":\"https:\/\/monitorykomercyjne.pl\/?s={search_term_string}\"},\"query-input\":\"required name=search_term_string\"}],\"inLanguage\":\"pl-PL\"}]}<\/script>\n<!-- \/ Yoast SEO plugin. -->","yoast_head_json":{"title":"NEC PE506UL - Projektor - Monitory Komercyjne Monitory komercyjne","robots":{"index":"index","follow":"follow","max-snippet":"max-snippet:-1","max-image-preview":"max-image-preview:large","max-video-preview":"max-video-preview:-1"},"canonical":"https:\/\/monitorykomercyjne.pl\/index.php\/produkt\/nec-pe506ul-projektor\/","og_locale":"pl_PL","og_type":"article","og_title":"NEC PE506UL - Projektor - Monitory Komercyjne Monitory komercyjne","og_description":"TypLCDJasno\u015b\u0107 [AL]5200Rozdzielczo\u015b\u01071920 x 1200\u0179r\u00f3d\u0142o \u015bwiat\u0142aLaser\u017bywotno\u015b\u0107 \u017ar\u00f3d\u0142a \u015bwiat\u0142a [godz]20000Masa [kg]7,95Kod produktu60005463","og_url":"https:\/\/monitorykomercyjne.pl\/index.php\/produkt\/nec-pe506ul-projektor\/","og_site_name":"Monitory Komercyjne","article_modified_time":"2024-05-09T07:39:45+00:00","og_image":[{"width":1600,"height":1200,"url":"https:\/\/monitorykomercyjne.pl\/wp-content\/uploads\/2024\/03\/NEC-PE506UL1.jpg","type":"image\/jpeg"}],"twitter_card":"summary_large_image","twitter_misc":{"Szacowany czas czytania":"3 minuty"},"schema":{"@context":"https:\/\/schema.org","@graph":[{"@type":"WebPage","@id":"https:\/\/monitorykomercyjne.pl\/index.php\/produkt\/nec-pe506ul-projektor\/","url":"https:\/\/monitorykomercyjne.pl\/index.php\/produkt\/nec-pe506ul-projektor\/","name":"NEC PE506UL - Projektor - Monitory Komercyjne Monitory komercyjne","isPartOf":{"@id":"https:\/\/monitorykomercyjne.pl\/#website"},"primaryImageOfPage":{"@id":"https:\/\/monitorykomercyjne.pl\/index.php\/produkt\/nec-pe506ul-projektor\/#primaryimage"},"image":{"@id":"https:\/\/monitorykomercyjne.pl\/index.php\/produkt\/nec-pe506ul-projektor\/#primaryimage"},"thumbnailUrl":"https:\/\/monitorykomercyjne.pl\/wp-content\/uploads\/2024\/03\/NEC-PE506UL1.jpg","datePublished":"2024-03-05T14:08:28+00:00","dateModified":"2024-05-09T07:39:45+00:00","breadcrumb":{"@id":"https:\/\/monitorykomercyjne.pl\/index.php\/produkt\/nec-pe506ul-projektor\/#breadcrumb"},"inLanguage":"pl-PL","potentialAction":[{"@type":"ReadAction","target":["https:\/\/monitorykomercyjne.pl\/index.php\/produkt\/nec-pe506ul-projektor\/"]}]},{"@type":"ImageObject","inLanguage":"pl-PL","@id":"https:\/\/monitorykomercyjne.pl\/index.php\/produkt\/nec-pe506ul-projektor\/#primaryimage","url":"https:\/\/monitorykomercyjne.pl\/wp-content\/uploads\/2024\/03\/NEC-PE506UL1.jpg","contentUrl":"https:\/\/monitorykomercyjne.pl\/wp-content\/uploads\/2024\/03\/NEC-PE506UL1.jpg","width":1600,"height":1200},{"@type":"BreadcrumbList","@id":"https:\/\/monitorykomercyjne.pl\/index.php\/produkt\/nec-pe506ul-projektor\/#breadcrumb","itemListElement":[{"@type":"ListItem","position":1,"name":"Strona g\u0142\u00f3wna","item":"https:\/\/monitorykomercyjne.pl\/"},{"@type":"ListItem","position":2,"name":"Produkty","item":"https:\/\/monitorykomercyjne.pl\/index.php\/produkty\/"},{"@type":"ListItem","position":3,"name":"NEC PE506UL &#8211; Projektor"}]},{"@type":"WebSite","@id":"https:\/\/monitorykomercyjne.pl\/#website","url":"https:\/\/monitorykomercyjne.pl\/","name":"Monitory Komercyjne","description":"","potentialAction":[{"@type":"SearchAction","target":{"@type":"EntryPoint","urlTemplate":"https:\/\/monitorykomercyjne.pl\/?s={search_term_string}"},"query-input":"required name=search_term_string"}],"inLanguage":"pl-PL"}]}},"brands":[{"id":28,"name":"SharpNEC","slug":"sharpnec"}],"_links":{"self":[{"href":"https:\/\/monitorykomercyjne.pl\/index.php\/wp-json\/wp\/v2\/product\/698"}],"collection":[{"href":"https:\/\/monitorykomercyjne.pl\/index.php\/wp-json\/wp\/v2\/product"}],"about":[{"href":"https:\/\/monitorykomercyjne.pl\/index.php\/wp-json\/wp\/v2\/types\/product"}],"wp:featuredmedia":[{"embeddable":true,"href":"https:\/\/monitorykomercyjne.pl\/index.php\/wp-json\/wp\/v2\/media\/699"}],"wp:attachment":[{"href":"https:\/\/monitorykomercyjne.pl\/index.php\/wp-json\/wp\/v2\/media?parent=698"}],"wp:term":[{"taxonomy":"pwb-brand","embeddable":true,"href":"https:\/\/monitorykomercyjne.pl\/index.php\/wp-json\/wp\/v2\/pwb-brand?post=698"},{"taxonomy":"product_cat","embeddable":true,"href":"https:\/\/monitorykomercyjne.pl\/index.php\/wp-json\/wp\/v2\/product_cat?post=698"},{"taxonomy":"product_tag","embeddable":true,"href":"https:\/\/monitorykomercyjne.pl\/index.php\/wp-json\/wp\/v2\/product_tag?post=698"}],"curies":[{"name":"wp","href":"https:\/\/api.w.org\/{rel}","templated":true}]}}