{"id":703,"date":"2024-03-05T15:11:16","date_gmt":"2024-03-05T14:11:16","guid":{"rendered":"https:\/\/monitorykomercyjne.pl\/?post_type=product&#038;p=703"},"modified":"2024-05-09T09:39:45","modified_gmt":"2024-05-09T07:39:45","slug":"nec-me383w-projektor","status":"publish","type":"product","link":"https:\/\/monitorykomercyjne.pl\/index.php\/produkt\/nec-me383w-projektor\/","title":{"rendered":"NEC ME383W &#8211; Projektor"},"content":{"rendered":"<section id=\"overview\" class=\"row\">\n<div class=\"columns medium-6\">\n<p><!-- ossproductdescstart --><\/p>\n<p>Nowa generacja urz\u0105dze\u0144 z serii ME zapewnia wysok\u0105 jako\u015b\u0107 oraz d\u0142ug\u0105 \u017cywotno\u015b\u0107 lamp w\u00a0salach wyk\u0142adowych i niewielkich salach konferencyjnych. Dzi\u0119ki nim klasyczna projekcja z ma\u0142ej odleg\u0142o\u015bci oferuje ponadstandardowe rezultaty. Ze wzgl\u0119du na brak koszt\u00f3w zwi\u0105zanych z lamp\u0105, u\u017cytkownicy mog\u0105 utrzyma\u0107 koszty eksploatacji urz\u0105dzenia na minimalnym poziomie i\u00a0korzysta\u0107 z nawet 20\u00a0000 godzin bezproblemowej eksploatacji.<\/p>\n<p>Dzi\u0119ki szerokiemu zoomowi optycznemu na poziomie 1,7x projektor mo\u017cna z\u00a0\u0142atwo\u015bci\u0105 umie\u015bci\u0107 w pomieszczeniu, a istniej\u0105ce miejsca monta\u017cu sufitowego mo\u017cna wykorzysta\u0107 bez konieczno\u015bci zmiany po\u0142o\u017cenia.<\/p>\n<p>Aby\u00a0zapewni\u0107 bezproblemowe prze\u0142\u0105czanie obrazu mi\u0119dzy prezenterami, projektor oferuje zaawansowane funkcje bezprzewodowe wraz z\u00a0wbudowan\u0105 funkcj\u0105 MultiPresenter. Dzi\u0119ki niej wielu u\u017cytkownik\u00f3w mo\u017ce nawi\u0105za\u0107 po\u0142\u0105czenie i wsp\u00f3\u0142dzieli\u0107 tre\u015bci bez konieczno\u015bci pod\u0142\u0105czania przewod\u00f3w.<\/p>\n<p><!-- ossproductdescend --><\/p>\n<\/div>\n<div class=\"columns medium-6\">\n<h3>Korzy\u015bci<\/h3>\n<ul>\n<li><b>Minimalizacja koszt\u00f3w ponoszonych przez w\u0142a\u015bciciela <\/b> \u2013dzi\u0119ki d\u0142ugiemu okresowi eksploatacji lamp i d\u0142ugim odst\u0119pom mi\u0119dzy wymianami filtr\u00f3w.<\/li>\n<li><b>Wszechstronno\u015b\u0107 i\u00a0mobilno\u015b\u0107 <\/b> \u2013kompaktowy i\u00a0lekki model z\u00a0HDMI i\u00a0zintegrowanym g\u0142o\u015bnikiem o\u00a0mocy 16\u00a0W.<\/li>\n<li><b>Wy\u015bwietla tre\u015b\u0107 tak, aby zwr\u00f3ci\u0107 uwag\u0119 <\/b> \u2013dzi\u0119ki rozdzielczo\u015bci WXGA oraz niezwykle wysokiemu poziomowi jasno\u015bci i szerokiemu zakresowi kolor\u00f3w, widzowie do\u015bwiadcz\u0105 niezwyk\u0142ych prze\u017cy\u0107 wzrokowych.<\/li>\n<li><b>Szeroki wyb\u00f3r elastycznych scenariuszy zastosowa\u0144<\/b> \u2013dzi\u0119ki mo\u017cliwo\u015bciom prowadzenia konferencji na podstawie wielu \u017ar\u00f3de\u0142 tre\u015bci i\u00a0efektywnej pracy na dzielonym ekranie z\u00a0zastosowaniem wielu przysz\u0142o\u015bciowych z\u0142\u0105czy cyfrowych.<\/li>\n<\/ul>\n<\/div>\n<\/section>\n<dl id=\"speciList\" class=\"js-accordion\">\n<dt class=\"js-accordion__toggle accordion__toggle\">PARAMETRY OPTYCZNE<\/dt>\n<dd class=\"js-accordion__content\">\n<table class=\"datalist datalist--divided-inset\">\n<tbody>\n<tr>\n<td>Technologia projekcji<\/td>\n<td>3LCD Technology<\/td>\n<\/tr>\n<tr>\n<td>Rozdzielczo\u015b\u0107 natywna<\/td>\n<td>\n<div class=\"productSpecRes productSpecRes--columns\">1280 x 800 (WXGA)<\/div>\n<\/td>\n<\/tr>\n<tr>\n<td>Proporcje obrazu<\/td>\n<td>16:10<\/td>\n<\/tr>\n<tr>\n<td>Kontrast <sup>1<\/sup><\/td>\n<td>16000:1<\/td>\n<\/tr>\n<tr>\n<td>Jasno\u015b\u0107 <sup>1<\/sup><\/td>\n<td>3600 ANSI Lumen\u00f3w<\/td>\n<\/tr>\n<tr>\n<td>Jasno\u015b\u0107 (tryb do\u0142adowania)<\/td>\n<td>3800 ANSI Lumen<\/td>\n<\/tr>\n<tr>\n<td>Moc lampy<\/td>\n<td>225 W AC (151 W AC Tryb Eco )<\/td>\n<\/tr>\n<tr>\n<td>\u017bywotno\u015b\u0107 \u017ar\u00f3d\u0142a \u015bwiat\u0142a [godz.]<\/td>\n<td>10000 (20000 tryb eko)<\/td>\n<\/tr>\n<tr>\n<td>Obiektyw<\/td>\n<td>F= 1,7\u20132,2, f= 17,4\u201329 mm<\/td>\n<\/tr>\n<tr>\n<td>Korekcja zniekszta\u0142ce\u0144 trapezowych<\/td>\n<td>+\/-30\u00b0 w\u00a0poziomie (r\u0119cznie) \/ +\/-30\u00b0 w\u00a0pionie (r\u0119cznie)<\/td>\n<\/tr>\n<tr>\n<td>K\u0105t projekcji [\u00b0]<\/td>\n<td>6,6 &#8211; 11,1<\/td>\n<\/tr>\n<tr>\n<td>Wsp\u00f3\u0142czynnik projekcji<\/td>\n<td>1.2 \u2013 2.1 : 1<\/td>\n<\/tr>\n<tr>\n<td>Odleg\u0142o\u015b\u0107 projekcji [m]<\/td>\n<td>0.94 \u2013 11.59<\/td>\n<\/tr>\n<tr>\n<td>Wielko\u015b\u0107 (przek\u0105tna) ekranu [cm] \/ [cale]<\/td>\n<td>Maksymalnie: 762 \/ 300&#8243;; Minimalnie: 76 \/ 30&#8243;<\/td>\n<\/tr>\n<tr>\n<td>Zoom<\/td>\n<td>R\u0119czny; x1,7<\/td>\n<\/tr>\n<tr>\n<td>Regulacja ogniskowej<\/td>\n<td>R\u0119czne<\/td>\n<\/tr>\n<tr>\n<td>Obs\u0142ugiwane rozdzielczo\u015bci<\/td>\n<td>\n<div class=\"productSpecRes productSpecRes--columns\">1920\u00a0x\u00a01200 (Maksymalna rozdzielczo\u015b\u0107 wej\u015bcia analogowego)<\/div>\n<\/td>\n<\/tr>\n<tr>\n<td>Cz\u0119stotliwo\u015b\u0107<\/td>\n<td>Pionowa: 50 \u2013 120 Hz; Pozioma: 15\u2013100 kHz (RGB: 24 kHz\u2013 100 kHz)<\/td>\n<\/tr>\n<\/tbody>\n<\/table>\n<\/dd>\n<dt class=\"js-accordion__toggle accordion__toggle\">MO\u017bLIWO\u015aCI POD\u0141\u0104CZANIA<\/dt>\n<dd class=\"js-accordion__content\">\n<table class=\"datalist datalist--divided-inset\">\n<tbody>\n<tr>\n<td>Komputer (analogowe)<\/td>\n<td>Wej\u015bcie: 1 x Mini D-sub 15-pin, kompatybilne z component (YPbPr)<br \/>\nWyj\u015bcie: 1 x Mini D-sub 15 pin<\/td>\n<\/tr>\n<tr>\n<td>Cyfrowe<\/td>\n<td>Wej\u015bcie: 2 x HDMI\u2122 (g\u0142\u0119bia koloru, synchronizacja obrazu i d\u017awi\u0119ku)<\/td>\n<\/tr>\n<tr>\n<td>Sygna\u0142 video<\/td>\n<td>Wej\u015bcie: 1 x RCA<\/td>\n<\/tr>\n<tr>\n<td>Audio<\/td>\n<td>Wej\u015bcie: 1 x 3.5 mm Stereo Mini Jack; 1 x RCA Stereo<br \/>\nWyj\u015bcie: 1 x 3.5 mm Stereo Mini Jack (variable)<\/td>\n<\/tr>\n<tr>\n<td>Control<\/td>\n<td>Wej\u015bcie: 1 x D-Sub 9 pin (RS-232) (m\u0119skie)<\/td>\n<\/tr>\n<tr>\n<td>LAN<\/td>\n<td>1 x RJ45; Opcjonalne z\u0142\u0105cze WLAN<\/td>\n<\/tr>\n<tr>\n<td>USB<\/td>\n<td>1 x Type B; 1x Type A (USB 2.0 high speed) with 1.5 Power Supply<\/td>\n<\/tr>\n<tr>\n<td>Video<\/td>\n<td>NTSC; PAL; PAL60; SECAM<\/td>\n<\/tr>\n<\/tbody>\n<\/table>\n<\/dd>\n<dt class=\"js-accordion__toggle accordion__toggle\">FUNKCJE PILOTA<\/dt>\n<dd class=\"js-accordion__content\">\n<table class=\"datalist datalist--divided-inset\">\n<tbody>\n<tr>\n<td>Funkcje pilota<\/td>\n<td>Automatyczne dostosowanie geometrii obrazu; Dostosowanie obrazu; Kontrola audio; Numer ID; Opcjonalna kontrola myszy i prezentacji; Proporcje obrazu; Tryb Help Eco; Tryb obrazu; Wyb\u00f3r \u017cr\u00f3d\u0142a sygna\u0142u; Wyciszenie AV; Zatrzymanie obrazu; Zoom cyfrowy<\/td>\n<\/tr>\n<\/tbody>\n<\/table>\n<\/dd>\n<dt class=\"js-accordion__toggle accordion__toggle\">PARAMETRY ELEKTRYCZNE<\/dt>\n<dd class=\"js-accordion__content\">\n<table class=\"datalist datalist--divided-inset\">\n<tbody>\n<tr>\n<td>Zasilanie<\/td>\n<td>100-240 V AC; 50 &#8211; 60 Hz<\/td>\n<\/tr>\n<tr>\n<td>Pob\u00f3r mocy [W]<\/td>\n<td>293 (tryb wysokiej jasno\u015bci) \/ 210 (tryb eko) \/ 1,5 (tryb czuwania z\u00a0obs\u0142ug\u0105 sieci) \/ 0,5 (tryb czuwania)<\/td>\n<\/tr>\n<\/tbody>\n<\/table>\n<\/dd>\n<dt class=\"js-accordion__toggle accordion__toggle\">PARAMETRY MECHANICZNE<\/dt>\n<dd class=\"js-accordion__content\">\n<table class=\"datalist datalist--divided-inset\">\n<tbody>\n<tr>\n<td>Wymiary [mm]<\/td>\n<td>345 x 104,6 x 261 (bez n\u00f3\u017cek i obiektywu)<\/td>\n<\/tr>\n<tr>\n<td>Waga [kg]<\/td>\n<td>3.2<\/td>\n<\/tr>\n<tr>\n<td>Poziom szumu [dB (A)]<\/td>\n<td>29 \/ 37 (Eco \/ Normal)<\/td>\n<\/tr>\n<\/tbody>\n<\/table>\n<\/dd>\n<dt class=\"js-accordion__toggle accordion__toggle\">WARUNKI OTOCZENIA<\/dt>\n<dd class=\"js-accordion__content\">\n<table class=\"datalist datalist--divided-inset\">\n<tbody>\n<tr>\n<td>Temperatura otoczenia podczes pracy [\u00b0C]<\/td>\n<td>5 do 40<\/td>\n<\/tr>\n<tr>\n<td>Wilgotno\u015b\u0107 otoczenia podczas pracy [%]<\/td>\n<td>20 do 80<\/td>\n<\/tr>\n<tr>\n<td>Temperatura przy przechowywaniu [\u00b0C]<\/td>\n<td>-10 do 50<\/td>\n<\/tr>\n<tr>\n<td>Wilgotno\u015b\u0107 przy przechowywaniu [%]<\/td>\n<td>20 do 80<\/td>\n<\/tr>\n<\/tbody>\n<\/table>\n<\/dd>\n<dt class=\"js-accordion__toggle accordion__toggle\">ERGONOMIA<\/dt>\n<dd class=\"js-accordion__content\">\n<table class=\"datalist datalist--divided-inset\">\n<tbody>\n<tr>\n<td>Bezpiecze\u0144stwo i ergonomia<\/td>\n<td>CE; EAC; ErP; RoHS; TUEV Type Approved; WEEE<\/td>\n<\/tr>\n<tr>\n<td>G\u0142o\u015bniki [W]<\/td>\n<td>1 x 16 (mono)<\/td>\n<\/tr>\n<\/tbody>\n<\/table>\n<\/dd>\n<dt class=\"js-accordion__toggle accordion__toggle\">DODATKOWE FUNKCJE<\/dt>\n<dd class=\"js-accordion__content\">\n<table class=\"datalist datalist--divided-inset\">\n<tbody>\n<tr>\n<td>Cechy Specjalne<\/td>\n<td>Automatyczny start i automatyczne wy\u0142\u0105czanie; Automatyczny tryb ECO; Blokada klawiszy OSD; Crestron RoomView; Funkcja Direct Power-Off; Funkcja lupy; Gniazdo zabezpieczaj\u0105ce typu K-Slot; Keystone Correction (H=\u00b130\u00b0, V=\u00b130\u00b0); kontrola przez RS232; Korekcja koloru \u015bciany; Licznik Carbon savings; Menu OSD w 29 j\u0119zykach; NaViSet Administrator 2; Opcjonalne z\u0142\u0105cze WLAN; os\u0142ona obiektywu; przegl\u0105darka na USB dla plik\u00f3w JPEG; Symulacja standardu DICOM; Szybki start i szybkie wy\u0142\u0105czanie; Timer czasu wy\u0142\u0105czenia; Transmisja kontentu przez sie\u0107; Tryb High-altitude; wy\u015bwietlacz USB; Zabezpieczenie has\u0142em; Zabezpieczenie przed nieautoryzowanym u\u017cyciem; Zarz\u0105dzanie kolorem<\/td>\n<\/tr>\n<\/tbody>\n<\/table>\n<\/dd>\n<dt class=\"js-accordion__toggle accordion__toggle\">FUNKCJE EKO<\/dt>\n<dd class=\"js-accordion__content\">\n<table class=\"datalist datalist--divided-inset\">\n<tbody>\n<tr>\n<td>Wydajno\u015b\u0107 energetyczna<\/td>\n<td>Automatyczny tryb ECO; D\u0142u\u017csza \u017cywotno\u015b\u0107 \u017ar\u00f3d\u0142a \u015bwiat\u0142a; Funkcja 75 % AV Mute; Inteligente system zarz\u0105dzania energi\u0105; Oprogramowanie do planowania trybu pracy; Terminarz ECO; Zielony przycisk na pilocie ECO i AV mute; Zredukowane zu\u017cycie energii. Tylko 0,45W w trybie stand-by<\/td>\n<\/tr>\n<tr>\n<td>Materia\u0142y ekologiczne<\/td>\n<td>Instrukcje do pobrania w wersji elektronicznej; Opakowania Eko; Opakowania w 100% recyklowalne<\/td>\n<\/tr>\n<tr>\n<td>Normy ekologiczne<\/td>\n<td>WEEE; Zgodno\u015b\u0107 z ErP; Zgodno\u015b\u0107 z RoHs<\/td>\n<\/tr>\n<\/tbody>\n<\/table>\n<\/dd>\n<dt class=\"js-accordion__toggle accordion__toggle\">GWARANCJA<\/dt>\n<dd class=\"js-accordion__content\">\n<table class=\"datalist datalist--divided-inset\">\n<tbody>\n<tr>\n<td>Na projektor<\/td>\n<td>Serwis w ca\u0142ej Europie przez 3 lata<\/td>\n<\/tr>\n<tr>\n<td>\u0179r\u00f3d\u0142o \u015bwiat\u0142a<\/td>\n<td>6 miesi\u0119cy, maksymalnie. 1000 godzin<\/td>\n<\/tr>\n<\/tbody>\n<\/table>\n<\/dd>\n<dt class=\"js-accordion__toggle accordion__toggle\">ZAWARTO\u015a\u0106 OPAKOWANIA<\/dt>\n<dd class=\"js-accordion__content\">\n<table class=\"datalist datalist--divided-inset\">\n<tbody>\n<tr>\n<td>Zawarto\u015b\u0107 opakowania<\/td>\n<td>Kabel Sygna\u0142owy Mini D-SUB (1,8 m); Kr\u00f3tka instrukcja obs\u0142ugi; Oprogramowanie narz\u0119dziowe; Pilot (RD-469E); Podr\u0119cznik u\u017cytkownika na p\u0142ycie CD; Security Sticker<\/td>\n<\/tr>\n<\/tbody>\n<\/table>\n<\/dd>\n<dt class=\"js-accordion__toggle accordion__toggle\">WYPOSA\u017bENIE DODATKOWE<\/dt>\n<dd class=\"js-accordion__content\">\n<table class=\"datalist datalist--divided-inset\">\n<tbody>\n<tr>\n<td>Dost\u0119pne akcesoria<\/td>\n<td>Lampa (NP47LP); Modu\u0142 sieci bezprzewodowej WLAN NP05LM2 (Europa) \/ NP05LM4 (Rosja); Uniwersalne uchwyty sufitowe (PJ01UCM)<\/td>\n<\/tr>\n<\/tbody>\n<\/table>\n<\/dd>\n<\/dl>\n","protected":false},"excerpt":{"rendered":"<div class=\"columns medium-6 product-features\">\n<table class=\"datalist datalist--divided-fullwidth\">\n<tbody>\n<tr>\n<td>Typ<\/td>\n<td>LCD<\/td>\n<\/tr>\n<tr>\n<td>Jasno\u015b\u0107  [AL]<\/td>\n<td>3800<\/td>\n<\/tr>\n<tr>\n<td>Rozdzielczo\u015b\u0107<\/td>\n<td>1280 x 800<\/td>\n<\/tr>\n<tr>\n<td>\u0179r\u00f3d\u0142o \u015bwiat\u0142a<\/td>\n<td>Lampy<\/td>\n<\/tr>\n<tr>\n<td>\u017bywotno\u015b\u0107 \u017ar\u00f3d\u0142a \u015bwiat\u0142a  [godz]<\/td>\n<td>20000<\/td>\n<\/tr>\n<tr>\n<td>Masa  [kg]<\/td>\n<td>3,2<\/td>\n<\/tr>\n<tr>\n<td>Kod produktu<\/td>\n<td>60005220<\/td>\n<\/tr>\n<\/tbody>\n<\/table>\n<\/div>\n","protected":false},"featured_media":705,"template":"","meta":{"inline_featured_image":false,"neve_meta_sidebar":"","neve_meta_container":"","neve_meta_enable_content_width":"off","neve_meta_content_width":100,"neve_meta_title_alignment":"","neve_meta_author_avatar":"","neve_post_elements_order":"","neve_meta_disable_header":"","neve_meta_disable_footer":"","neve_meta_disable_title":""},"pwb-brand":[28],"product_cat":[31],"product_tag":[],"yoast_head":"<!-- This site is optimized with the Yoast SEO plugin v22.6 - https:\/\/yoast.com\/wordpress\/plugins\/seo\/ -->\n<title>NEC ME383W - Projektor - Monitory Komercyjne Monitory komercyjne<\/title>\n<meta name=\"robots\" content=\"index, follow, max-snippet:-1, max-image-preview:large, max-video-preview:-1\" \/>\n<link rel=\"canonical\" href=\"https:\/\/monitorykomercyjne.pl\/index.php\/produkt\/nec-me383w-projektor\/\" \/>\n<meta property=\"og:locale\" content=\"pl_PL\" \/>\n<meta property=\"og:type\" content=\"article\" \/>\n<meta property=\"og:title\" content=\"NEC ME383W - Projektor - Monitory Komercyjne Monitory komercyjne\" \/>\n<meta property=\"og:description\" content=\"TypLCDJasno\u015b\u0107 [AL]3800Rozdzielczo\u015b\u01071280 x 800\u0179r\u00f3d\u0142o \u015bwiat\u0142aLampy\u017bywotno\u015b\u0107 \u017ar\u00f3d\u0142a \u015bwiat\u0142a [godz]20000Masa [kg]3,2Kod produktu60005220\" \/>\n<meta property=\"og:url\" content=\"https:\/\/monitorykomercyjne.pl\/index.php\/produkt\/nec-me383w-projektor\/\" \/>\n<meta property=\"og:site_name\" content=\"Monitory Komercyjne\" \/>\n<meta property=\"article:modified_time\" content=\"2024-05-09T07:39:45+00:00\" \/>\n<meta property=\"og:image\" content=\"https:\/\/monitorykomercyjne.pl\/wp-content\/uploads\/2024\/03\/NEC-ME383W4-1.jpg\" \/>\n\t<meta property=\"og:image:width\" content=\"1600\" \/>\n\t<meta property=\"og:image:height\" content=\"1200\" \/>\n\t<meta property=\"og:image:type\" content=\"image\/jpeg\" \/>\n<meta name=\"twitter:card\" content=\"summary_large_image\" \/>\n<meta name=\"twitter:label1\" content=\"Szacowany czas czytania\" \/>\n\t<meta name=\"twitter:data1\" content=\"4 minuty\" \/>\n<script type=\"application\/ld+json\" class=\"yoast-schema-graph\">{\"@context\":\"https:\/\/schema.org\",\"@graph\":[{\"@type\":\"WebPage\",\"@id\":\"https:\/\/monitorykomercyjne.pl\/index.php\/produkt\/nec-me383w-projektor\/\",\"url\":\"https:\/\/monitorykomercyjne.pl\/index.php\/produkt\/nec-me383w-projektor\/\",\"name\":\"NEC ME383W - Projektor - Monitory Komercyjne Monitory komercyjne\",\"isPartOf\":{\"@id\":\"https:\/\/monitorykomercyjne.pl\/#website\"},\"primaryImageOfPage\":{\"@id\":\"https:\/\/monitorykomercyjne.pl\/index.php\/produkt\/nec-me383w-projektor\/#primaryimage\"},\"image\":{\"@id\":\"https:\/\/monitorykomercyjne.pl\/index.php\/produkt\/nec-me383w-projektor\/#primaryimage\"},\"thumbnailUrl\":\"https:\/\/monitorykomercyjne.pl\/wp-content\/uploads\/2024\/03\/NEC-ME383W4-1.jpg\",\"datePublished\":\"2024-03-05T14:11:16+00:00\",\"dateModified\":\"2024-05-09T07:39:45+00:00\",\"breadcrumb\":{\"@id\":\"https:\/\/monitorykomercyjne.pl\/index.php\/produkt\/nec-me383w-projektor\/#breadcrumb\"},\"inLanguage\":\"pl-PL\",\"potentialAction\":[{\"@type\":\"ReadAction\",\"target\":[\"https:\/\/monitorykomercyjne.pl\/index.php\/produkt\/nec-me383w-projektor\/\"]}]},{\"@type\":\"ImageObject\",\"inLanguage\":\"pl-PL\",\"@id\":\"https:\/\/monitorykomercyjne.pl\/index.php\/produkt\/nec-me383w-projektor\/#primaryimage\",\"url\":\"https:\/\/monitorykomercyjne.pl\/wp-content\/uploads\/2024\/03\/NEC-ME383W4-1.jpg\",\"contentUrl\":\"https:\/\/monitorykomercyjne.pl\/wp-content\/uploads\/2024\/03\/NEC-ME383W4-1.jpg\",\"width\":1600,\"height\":1200},{\"@type\":\"BreadcrumbList\",\"@id\":\"https:\/\/monitorykomercyjne.pl\/index.php\/produkt\/nec-me383w-projektor\/#breadcrumb\",\"itemListElement\":[{\"@type\":\"ListItem\",\"position\":1,\"name\":\"Strona g\u0142\u00f3wna\",\"item\":\"https:\/\/monitorykomercyjne.pl\/\"},{\"@type\":\"ListItem\",\"position\":2,\"name\":\"Produkty\",\"item\":\"https:\/\/monitorykomercyjne.pl\/index.php\/produkty\/\"},{\"@type\":\"ListItem\",\"position\":3,\"name\":\"NEC ME383W &#8211; Projektor\"}]},{\"@type\":\"WebSite\",\"@id\":\"https:\/\/monitorykomercyjne.pl\/#website\",\"url\":\"https:\/\/monitorykomercyjne.pl\/\",\"name\":\"Monitory Komercyjne\",\"description\":\"\",\"potentialAction\":[{\"@type\":\"SearchAction\",\"target\":{\"@type\":\"EntryPoint\",\"urlTemplate\":\"https:\/\/monitorykomercyjne.pl\/?s={search_term_string}\"},\"query-input\":\"required name=search_term_string\"}],\"inLanguage\":\"pl-PL\"}]}<\/script>\n<!-- \/ Yoast SEO plugin. -->","yoast_head_json":{"title":"NEC ME383W - Projektor - Monitory Komercyjne Monitory komercyjne","robots":{"index":"index","follow":"follow","max-snippet":"max-snippet:-1","max-image-preview":"max-image-preview:large","max-video-preview":"max-video-preview:-1"},"canonical":"https:\/\/monitorykomercyjne.pl\/index.php\/produkt\/nec-me383w-projektor\/","og_locale":"pl_PL","og_type":"article","og_title":"NEC ME383W - Projektor - Monitory Komercyjne Monitory komercyjne","og_description":"TypLCDJasno\u015b\u0107 [AL]3800Rozdzielczo\u015b\u01071280 x 800\u0179r\u00f3d\u0142o \u015bwiat\u0142aLampy\u017bywotno\u015b\u0107 \u017ar\u00f3d\u0142a \u015bwiat\u0142a [godz]20000Masa [kg]3,2Kod produktu60005220","og_url":"https:\/\/monitorykomercyjne.pl\/index.php\/produkt\/nec-me383w-projektor\/","og_site_name":"Monitory Komercyjne","article_modified_time":"2024-05-09T07:39:45+00:00","og_image":[{"width":1600,"height":1200,"url":"https:\/\/monitorykomercyjne.pl\/wp-content\/uploads\/2024\/03\/NEC-ME383W4-1.jpg","type":"image\/jpeg"}],"twitter_card":"summary_large_image","twitter_misc":{"Szacowany czas czytania":"4 minuty"},"schema":{"@context":"https:\/\/schema.org","@graph":[{"@type":"WebPage","@id":"https:\/\/monitorykomercyjne.pl\/index.php\/produkt\/nec-me383w-projektor\/","url":"https:\/\/monitorykomercyjne.pl\/index.php\/produkt\/nec-me383w-projektor\/","name":"NEC ME383W - Projektor - Monitory Komercyjne Monitory komercyjne","isPartOf":{"@id":"https:\/\/monitorykomercyjne.pl\/#website"},"primaryImageOfPage":{"@id":"https:\/\/monitorykomercyjne.pl\/index.php\/produkt\/nec-me383w-projektor\/#primaryimage"},"image":{"@id":"https:\/\/monitorykomercyjne.pl\/index.php\/produkt\/nec-me383w-projektor\/#primaryimage"},"thumbnailUrl":"https:\/\/monitorykomercyjne.pl\/wp-content\/uploads\/2024\/03\/NEC-ME383W4-1.jpg","datePublished":"2024-03-05T14:11:16+00:00","dateModified":"2024-05-09T07:39:45+00:00","breadcrumb":{"@id":"https:\/\/monitorykomercyjne.pl\/index.php\/produkt\/nec-me383w-projektor\/#breadcrumb"},"inLanguage":"pl-PL","potentialAction":[{"@type":"ReadAction","target":["https:\/\/monitorykomercyjne.pl\/index.php\/produkt\/nec-me383w-projektor\/"]}]},{"@type":"ImageObject","inLanguage":"pl-PL","@id":"https:\/\/monitorykomercyjne.pl\/index.php\/produkt\/nec-me383w-projektor\/#primaryimage","url":"https:\/\/monitorykomercyjne.pl\/wp-content\/uploads\/2024\/03\/NEC-ME383W4-1.jpg","contentUrl":"https:\/\/monitorykomercyjne.pl\/wp-content\/uploads\/2024\/03\/NEC-ME383W4-1.jpg","width":1600,"height":1200},{"@type":"BreadcrumbList","@id":"https:\/\/monitorykomercyjne.pl\/index.php\/produkt\/nec-me383w-projektor\/#breadcrumb","itemListElement":[{"@type":"ListItem","position":1,"name":"Strona g\u0142\u00f3wna","item":"https:\/\/monitorykomercyjne.pl\/"},{"@type":"ListItem","position":2,"name":"Produkty","item":"https:\/\/monitorykomercyjne.pl\/index.php\/produkty\/"},{"@type":"ListItem","position":3,"name":"NEC ME383W &#8211; Projektor"}]},{"@type":"WebSite","@id":"https:\/\/monitorykomercyjne.pl\/#website","url":"https:\/\/monitorykomercyjne.pl\/","name":"Monitory Komercyjne","description":"","potentialAction":[{"@type":"SearchAction","target":{"@type":"EntryPoint","urlTemplate":"https:\/\/monitorykomercyjne.pl\/?s={search_term_string}"},"query-input":"required name=search_term_string"}],"inLanguage":"pl-PL"}]}},"brands":[{"id":28,"name":"SharpNEC","slug":"sharpnec"}],"_links":{"self":[{"href":"https:\/\/monitorykomercyjne.pl\/index.php\/wp-json\/wp\/v2\/product\/703"}],"collection":[{"href":"https:\/\/monitorykomercyjne.pl\/index.php\/wp-json\/wp\/v2\/product"}],"about":[{"href":"https:\/\/monitorykomercyjne.pl\/index.php\/wp-json\/wp\/v2\/types\/product"}],"wp:featuredmedia":[{"embeddable":true,"href":"https:\/\/monitorykomercyjne.pl\/index.php\/wp-json\/wp\/v2\/media\/705"}],"wp:attachment":[{"href":"https:\/\/monitorykomercyjne.pl\/index.php\/wp-json\/wp\/v2\/media?parent=703"}],"wp:term":[{"taxonomy":"pwb-brand","embeddable":true,"href":"https:\/\/monitorykomercyjne.pl\/index.php\/wp-json\/wp\/v2\/pwb-brand?post=703"},{"taxonomy":"product_cat","embeddable":true,"href":"https:\/\/monitorykomercyjne.pl\/index.php\/wp-json\/wp\/v2\/product_cat?post=703"},{"taxonomy":"product_tag","embeddable":true,"href":"https:\/\/monitorykomercyjne.pl\/index.php\/wp-json\/wp\/v2\/product_tag?post=703"}],"curies":[{"name":"wp","href":"https:\/\/api.w.org\/{rel}","templated":true}]}}