{"id":721,"date":"2024-03-06T09:04:47","date_gmt":"2024-03-06T08:04:47","guid":{"rendered":"https:\/\/monitorykomercyjne.pl\/?post_type=product&#038;p=721"},"modified":"2024-05-09T09:39:45","modified_gmt":"2024-05-09T07:39:45","slug":"nec-p554u-projektor","status":"publish","type":"product","link":"https:\/\/monitorykomercyjne.pl\/index.php\/produkt\/nec-p554u-projektor\/","title":{"rendered":"NEC P554U &#8211; Projektor"},"content":{"rendered":"<section id=\"overview\" class=\"row\">\n<div class=\"columns medium-6\">\n<p><!-- ossproductdescstart --><\/p>\n<p><b>Nowa jako\u015b\u0107 wyk\u0142ad\u00f3w i\u00a0spotka\u0144<\/b><\/p>\n<p>Projektor NEC P554U zapewnia jasno\u015b\u0107 do 5300\u00a0ANSI lumen\u00f3w na potrzeby pomieszcze\u0144 konferencyjnych i\u00a0edukacyjnych. Oferuje bezproblemow\u0105 prac\u0119 przez ponad 5\u00a0lat* przy niskich kosztach utrzymania, cechuje si\u0119 d\u0142ugim okresem eksploatacji lampy i\u00a0jest wyposa\u017cony w\u00a0opatentowane przez firm\u0119 NEC zabezpieczenie panelu LCD przed kurzem. NEC P554U doskonale zast\u0119puje wcze\u015bniejsze modele dzi\u0119ki tym samym opcjom monta\u017cowym, a\u00a0szeroki zakres powi\u0119kszania u\u0142atwia dopasowanie projekcji do ju\u017c zainstalowanego ekranu. Technologia LCD gwarantuje naturalne barwy o\u00a0wysokim kontra\u015bcie, a\u00a0du\u017cy zakres przesuwania obiektywu w\u00a0poziomie i\u00a0w\u00a0pionie przek\u0142ada si\u0119 na znaczn\u0105 elastyczno\u015b\u0107 przy instalacji. Dzi\u0119ki niewielkiemu zu\u017cyciu energii model NEC P554U cechuje si\u0119 niskimi ca\u0142kowitymi kosztami ponoszonymi przez w\u0142a\u015bciciela (TCO) i\u00a0pomaga ograniczy\u0107 emisje dwutlenku w\u0119gla.<\/p>\n<p>Aby zwi\u0119kszy\u0107 efektywno\u015b\u0107 i\u00a0mo\u017cliwo\u015b\u0107 wsp\u00f3\u0142pracy podczas spotka\u0144 i\u00a0wyk\u0142ad\u00f3w, mo\u017cna uzupe\u0142ni\u0107 system o\u00a0opcjonalne rozwi\u0105zanie NEC MultiPresenter i\u00a0wsp\u00f3\u0142dzieli\u0107 tre\u015bci pochodz\u0105ce nawet z\u00a016\u00a0urz\u0105dze\u0144! Dodatkowe \u017ar\u00f3d\u0142o zasilania nie jest konieczne, poniewa\u017c urz\u0105dzenie MultiPresenter jest zasilane z\u00a0gniazda USB.<\/p>\n<p>*\u00a0przy pracy 8\u00a0godzin na dob\u0119, 200\u00a0dni w\u00a0roku<\/p>\n<p><!-- ossproductdescend --><\/p>\n<\/div>\n<div class=\"columns medium-6\">\n<h3>Korzy\u015bci<\/h3>\n<ul>\n<li><b>Profesjonalna, kt\u00f3ra dostosowuje si\u0119 do potrzeb u\u017cytkownika <\/b> \u2013uniwersalne parametry projekcji pozwalaj\u0105 na ustawienie projektora w prosty spos\u00f3b, u\u0142atwiaj\u0105c w\u00a0ten spos\u00f3b instalacj\u0119 i\u00a0potencjalnie redukuj\u0105c koszty konfiguracji.<\/li>\n<li><b>Wysoka jasno\u015b\u0107<\/b> \u2013dla najlepszej jako\u015bci obrazu w jasnych pomieszczeniach.<\/li>\n<li><b>Oszcz\u0119dno\u015bci finansowe dzi\u0119ki zarz\u0105dzaniu urz\u0105dzeniami<\/b> \u2013mniejsze nak\u0142ady pracy dzi\u0119ki administrowaniu wszystkimi pod\u0142\u0105czonymi urz\u0105dzeniami NEC z\u00a0poziomu jednego, centralnego punktu poprzez programowe narz\u0119dzie NaViSet Administrator\u00a02.<\/li>\n<li><b>Minimalizacja koszt\u00f3w ponoszonych przez w\u0142a\u015bciciela <\/b> \u2013dzi\u0119ki d\u0142ugiemu okresowi eksploatacji lamp i d\u0142ugim odst\u0119pom mi\u0119dzy wymianami filtr\u00f3w.<\/li>\n<li><b>Ekonomiczna wymiana<\/b> \u2013wcze\u015bniejszych instalacji z\u00a0modelem NEC P w\u00a0celu poprawy jako\u015bci obrazu na potrzeby wyk\u0142ad\u00f3w i\u00a0prezentacji, bez konieczno\u015bci regulowania uchwytu \u015bciennego.<\/li>\n<\/ul>\n<\/div>\n<\/section>\n<dl id=\"speciList\" class=\"js-accordion\">\n<dt class=\"js-accordion__toggle accordion__toggle\">PARAMETRY OPTYCZNE<\/dt>\n<dd class=\"js-accordion__content\">\n<table class=\"datalist datalist--divided-inset\">\n<tbody>\n<tr>\n<td>Technologia projekcji<\/td>\n<td>3LCD Technology<\/td>\n<\/tr>\n<tr>\n<td>Rozdzielczo\u015b\u0107 natywna<\/td>\n<td>\n<div class=\"productSpecRes productSpecRes--columns\">1920 x 1200 (WUXGA)<\/div>\n<\/td>\n<\/tr>\n<tr>\n<td>Kontrast <sup>1<\/sup><\/td>\n<td>20000:1<\/td>\n<\/tr>\n<tr>\n<td>Jasno\u015b\u0107 <sup>1<\/sup><\/td>\n<td>5300 ANSI lumen\u00f3w w trybie normalnym \/ 3200 w trybie eko; 5600 w trybie centre<\/td>\n<\/tr>\n<tr>\n<td>Moc lampy<\/td>\n<td>330 W UHP AC<\/td>\n<\/tr>\n<tr>\n<td>\u017bywotno\u015b\u0107 \u017ar\u00f3d\u0142a \u015bwiat\u0142a [godz.]<\/td>\n<td>4000 (8000 tryb eko)<\/td>\n<\/tr>\n<tr>\n<td>Obiektyw<\/td>\n<td>F= 1,5\u20132,08, f= 17,2\u201327,7 mm<\/td>\n<\/tr>\n<tr>\n<td>Przesuwanie obiektywu<\/td>\n<td>H:\u00b10,15, V:+0,55,-0<\/td>\n<\/tr>\n<tr>\n<td>Korekcja zniekszta\u0142ce\u0144 trapezowych<\/td>\n<td>+\/-15\u00b0 w\u00a0poziomie (r\u0119cznie) \/ +\/-30\u00b0 w\u00a0pionie (r\u0119cznie)<\/td>\n<\/tr>\n<tr>\n<td>Wsp\u00f3\u0142czynnik projekcji<\/td>\n<td>1.2 \u2013 2 : 1<\/td>\n<\/tr>\n<tr>\n<td>Odleg\u0142o\u015b\u0107 projekcji [m]<\/td>\n<td>0.8 \u2013 12.9<\/td>\n<\/tr>\n<tr>\n<td>Wielko\u015b\u0107 (przek\u0105tna) ekranu [cm] \/ [cale]<\/td>\n<td>Maksymalnie: 762 \/ 300&#8243;; Minimalnie: 76 \/ 30&#8243;<\/td>\n<\/tr>\n<tr>\n<td>Zoom<\/td>\n<td>1 &#8211; 1.6; R\u0119czny<\/td>\n<\/tr>\n<tr>\n<td>Regulacja ogniskowej<\/td>\n<td>R\u0119czne<\/td>\n<\/tr>\n<tr>\n<td>Obs\u0142ugiwane rozdzielczo\u015bci<\/td>\n<td>\n<div class=\"productSpecRes productSpecRes--columns\">Maksymalnie 1920 x 1200 \u2014 (WUXGA)<\/div>\n<\/td>\n<\/tr>\n<tr>\n<td>Cz\u0119stotliwo\u015b\u0107<\/td>\n<td>Pionowa: 50 \u2013 120 Hz; Pozioma: 15\u2013100 kHz (RGB: 24 kHz)<\/td>\n<\/tr>\n<\/tbody>\n<\/table>\n<\/dd>\n<dt class=\"js-accordion__toggle accordion__toggle\">MO\u017bLIWO\u015aCI POD\u0141\u0104CZANIA<\/dt>\n<dd class=\"js-accordion__content\">\n<table class=\"datalist datalist--divided-inset\">\n<tbody>\n<tr>\n<td>Komputer (analogowe)<\/td>\n<td>Wej\u015bcie: 1 x Mini D-sub 15 pin<br \/>\nWyj\u015bcie: 1 x Mini D-sub 15 pin<\/td>\n<\/tr>\n<tr>\n<td>Cyfrowe<\/td>\n<td>Wej\u015bcie: 1 x HDBaseT; 2 x HDMI\u2122 (g\u0142\u0119bia koloru, synchronizacja obrazu i d\u017awi\u0119ku) z HDCP<\/td>\n<\/tr>\n<tr>\n<td>Sygna\u0142 video<\/td>\n<td>Wej\u015bcie: 1 x RCA<\/td>\n<\/tr>\n<tr>\n<td>Audio<\/td>\n<td>Wej\u015bcie: 1 x 3,5 mm wej\u015bcie Stereo Mini Jack; 1 x RCA Stereo dla sygna\u0142u wideo oraz S-Video; 2 x HDMI audio<br \/>\nWyj\u015bcie: 1 x 3.5 mm Stereo Mini Jack (variable)<\/td>\n<\/tr>\n<tr>\n<td>Control<\/td>\n<td>Wej\u015bcie: 1 x D-Sub 9 pin (RS-232) (m\u0119skie)<\/td>\n<\/tr>\n<tr>\n<td>LAN<\/td>\n<td>1 x RJ45<\/td>\n<\/tr>\n<tr>\n<td>USB<\/td>\n<td>1 x Type A (USB 2.0 high speed); 1 x Type B<\/td>\n<\/tr>\n<tr>\n<td>Video<\/td>\n<td>NTSC 3,58; NTSC 4,43; PAL; PAL-M; PAL-N; PAL60; SECAM<\/td>\n<\/tr>\n<\/tbody>\n<\/table>\n<\/dd>\n<dt class=\"js-accordion__toggle accordion__toggle\">FUNKCJE PILOTA<\/dt>\n<dd class=\"js-accordion__content\">\n<table class=\"datalist datalist--divided-inset\">\n<tbody>\n<tr>\n<td>Funkcje pilota<\/td>\n<td>Automatyczne dostosowanie geometrii obrazu; Dostosowanie obrazu; funkcja lupy; funkcja stop klatki; Help-function; Kontrola audio; Korekcja efektu trapezowego; Nawigacja (g\u00f3ra, d\u00f3\u0142, lewy, prawy); Numer ID; Picture Mute; Power (On-OFF); Prezentacja i sterowanie myszk\u0105; Proporcje obrazu; Sterowanie trybem ECO; Strona (nast\u0119pna, poprzednia); Wyb\u00f3r \u017cr\u00f3d\u0142a sygna\u0142u<\/td>\n<\/tr>\n<\/tbody>\n<\/table>\n<\/dd>\n<dt class=\"js-accordion__toggle accordion__toggle\">PARAMETRY ELEKTRYCZNE<\/dt>\n<dd class=\"js-accordion__content\">\n<table class=\"datalist datalist--divided-inset\">\n<tbody>\n<tr>\n<td>Zasilanie<\/td>\n<td>100-240 V AC; 50 &#8211; 60 Hz<\/td>\n<\/tr>\n<tr>\n<td>Pob\u00f3r mocy [W]<\/td>\n<td>431 (Normal) \/ 277 (ECO) \/ 2,1 (Network Stand-by) \/ 0,17 (Stand-by)<\/td>\n<\/tr>\n<\/tbody>\n<\/table>\n<\/dd>\n<dt class=\"js-accordion__toggle accordion__toggle\">PARAMETRY MECHANICZNE<\/dt>\n<dd class=\"js-accordion__content\">\n<table class=\"datalist datalist--divided-inset\">\n<tbody>\n<tr>\n<td>Wymiary [mm]<\/td>\n<td>420 x 133 x 322 (bez n\u00f3\u017cek i obiektywu)<\/td>\n<\/tr>\n<tr>\n<td>Waga [kg]<\/td>\n<td>4.8<\/td>\n<\/tr>\n<tr>\n<td>Poziom szumu [dB (A)]<\/td>\n<td>34 \/ 37 (Eco \/ Normal)<\/td>\n<\/tr>\n<\/tbody>\n<\/table>\n<\/dd>\n<dt class=\"js-accordion__toggle accordion__toggle\">WARUNKI OTOCZENIA<\/dt>\n<dd class=\"js-accordion__content\">\n<table class=\"datalist datalist--divided-inset\">\n<tbody>\n<tr>\n<td>Temperatura otoczenia podczes pracy [\u00b0C]<\/td>\n<td>5 do 40<\/td>\n<\/tr>\n<tr>\n<td>Wilgotno\u015b\u0107 otoczenia podczas pracy [%]<\/td>\n<td>20 do 80 non-condensing<\/td>\n<\/tr>\n<tr>\n<td>Temperatura przy przechowywaniu [\u00b0C]<\/td>\n<td>-10 do 50<\/td>\n<\/tr>\n<tr>\n<td>Wilgotno\u015b\u0107 przy przechowywaniu [%]<\/td>\n<td>20 do 80 non-condensing<\/td>\n<\/tr>\n<\/tbody>\n<\/table>\n<\/dd>\n<dt class=\"js-accordion__toggle accordion__toggle\">ERGONOMIA<\/dt>\n<dd class=\"js-accordion__content\">\n<table class=\"datalist datalist--divided-inset\">\n<tbody>\n<tr>\n<td>Bezpiecze\u0144stwo i ergonomia<\/td>\n<td>CE; ErP; RoHS; T\u00fcV GS<\/td>\n<\/tr>\n<tr>\n<td>G\u0142o\u015bniki [W]<\/td>\n<td>1 x 20 (mono)<\/td>\n<\/tr>\n<\/tbody>\n<\/table>\n<\/dd>\n<dt class=\"js-accordion__toggle accordion__toggle\">DODATKOWE FUNKCJE<\/dt>\n<dd class=\"js-accordion__content\">\n<table class=\"datalist datalist--divided-inset\">\n<tbody>\n<tr>\n<td>Cechy Specjalne<\/td>\n<td>Automatyczny start i automatyczne wy\u0142\u0105czanie; Automatyczny tryb ECO; Blokada klawiszy OSD; Funkcja Direct Power-Off; Funkcja identyfikatora sterowania (Control ID); Funkcja lupy; Funkcja wirtualnego pilota; Gniazdo zabezpieczaj\u0105ce typu K-Slot; Help Function; Kontrast 20000:1 z technologi\u0105 Iris; Korekcja zniekszta\u0142ce\u0144 poduszkowych; Lens Shift (vertical 0 max\/55 max, horizontal \u00b1 15 max.); Licznik Carbon savings; Menu OSD w 27 j\u0119zykach; NaViSet Administrator 2; Opcjalane logo u\u017cytkownika; Plansza kontrolna; R\u0119czna regulacja kompensacji koloru \u015bciany; Sterowanie przez przegl\u0105dark\u0119 WWW; Symulacja standardu DICOM; Szybki start; Timer czasu wy\u0142\u0105czenia; Unikalne funkcje ograniczenia poboru energii; Zabezpieczenie has\u0142em<\/td>\n<\/tr>\n<\/tbody>\n<\/table>\n<\/dd>\n<dt class=\"js-accordion__toggle accordion__toggle\">FUNKCJE EKO<\/dt>\n<dd class=\"js-accordion__content\">\n<table class=\"datalist datalist--divided-inset\">\n<tbody>\n<tr>\n<td>Wydajno\u015b\u0107 energetyczna<\/td>\n<td>Automatyczny tryb ECO; Tryb oszcz\u0119dzania energii: 0,4\u00a0W; Zielony przycisk na pilocie ECO i AV mute<\/td>\n<\/tr>\n<tr>\n<td>Materia\u0142y ekologiczne<\/td>\n<td>Instrukcje do pobrania w wersji elektronicznej; Opakowania Eko<\/td>\n<\/tr>\n<tr>\n<td>Normy ekologiczne<\/td>\n<td>Zgodno\u015b\u0107 z ErP; Zgodno\u015b\u0107 z RoHs<\/td>\n<\/tr>\n<\/tbody>\n<\/table>\n<\/dd>\n<dt class=\"js-accordion__toggle accordion__toggle\">GWARANCJA<\/dt>\n<dd class=\"js-accordion__content\">\n<table class=\"datalist datalist--divided-inset\">\n<tbody>\n<tr>\n<td>Na projektor<\/td>\n<td>Serwis w ca\u0142ej Europie przez 3 lata<\/td>\n<\/tr>\n<tr>\n<td>\u0179r\u00f3d\u0142o \u015bwiat\u0142a<\/td>\n<td>6 miesi\u0119cy, maksymalnie. 1000 godzin<\/td>\n<\/tr>\n<\/tbody>\n<\/table>\n<\/dd>\n<dt class=\"js-accordion__toggle accordion__toggle\">ZAWARTO\u015a\u0106 OPAKOWANIA<\/dt>\n<dd class=\"js-accordion__content\">\n<table class=\"datalist datalist--divided-inset\">\n<tbody>\n<tr>\n<td>Zawarto\u015b\u0107 opakowania<\/td>\n<td>Kabel Sygna\u0142owy Mini D-SUB (1,8 m); Kabel zasilaj\u0105cy (1,8 m); Kr\u00f3tka instrukcja obs\u0142ugi; Oprogramowanie narz\u0119dziowe; Pilot (RD-448E); Projektor; Users Manual<\/td>\n<\/tr>\n<\/tbody>\n<\/table>\n<\/dd>\n<dt class=\"js-accordion__toggle accordion__toggle\">WYPOSA\u017bENIE DODATKOWE<\/dt>\n<dd class=\"js-accordion__content\">\n<table class=\"datalist datalist--divided-inset\">\n<tbody>\n<tr>\n<td>Dost\u0119pne akcesoria<\/td>\n<td>Lampa (NP44LP); MultiPresenter Stick; Os\u0142ona na przew\u00f3d (NP12CV); Uniwersalne uchwyty sufitowe (PJ01UCM)<\/td>\n<\/tr>\n<\/tbody>\n<\/table>\n<\/dd>\n<\/dl>\n","protected":false},"excerpt":{"rendered":"<div class=\"columns medium-6 product-features\">\n<table class=\"datalist datalist--divided-fullwidth\">\n<tbody>\n<tr>\n<td>Typ<\/td>\n<td>LCD<\/td>\n<\/tr>\n<tr>\n<td>Jasno\u015b\u0107  [AL]<\/td>\n<td>5300<\/td>\n<\/tr>\n<tr>\n<td>Rozdzielczo\u015b\u0107<\/td>\n<td>1920 x 1200<\/td>\n<\/tr>\n<tr>\n<td>\u0179r\u00f3d\u0142o \u015bwiat\u0142a<\/td>\n<td>Lampy<\/td>\n<\/tr>\n<tr>\n<td>\u017bywotno\u015b\u0107 \u017ar\u00f3d\u0142a \u015bwiat\u0142a  [godz]<\/td>\n<td>8000<\/td>\n<\/tr>\n<tr>\n<td>Masa  [kg]<\/td>\n<td>4,8<\/td>\n<\/tr>\n<tr>\n<td>Kod produktu<\/td>\n<td>60004329<\/td>\n<\/tr>\n<\/tbody>\n<\/table>\n<\/div>\n","protected":false},"featured_media":722,"template":"","meta":{"inline_featured_image":false,"neve_meta_sidebar":"","neve_meta_container":"","neve_meta_enable_content_width":"off","neve_meta_content_width":100,"neve_meta_title_alignment":"","neve_meta_author_avatar":"","neve_post_elements_order":"","neve_meta_disable_header":"","neve_meta_disable_footer":"","neve_meta_disable_title":""},"pwb-brand":[28],"product_cat":[31],"product_tag":[],"yoast_head":"<!-- This site is optimized with the Yoast SEO plugin v22.6 - https:\/\/yoast.com\/wordpress\/plugins\/seo\/ -->\n<title>NEC P554U - Projektor - Monitory Komercyjne Monitory komercyjne<\/title>\n<meta name=\"robots\" content=\"index, follow, max-snippet:-1, max-image-preview:large, max-video-preview:-1\" \/>\n<link rel=\"canonical\" href=\"https:\/\/monitorykomercyjne.pl\/index.php\/produkt\/nec-p554u-projektor\/\" \/>\n<meta property=\"og:locale\" content=\"pl_PL\" \/>\n<meta property=\"og:type\" content=\"article\" \/>\n<meta property=\"og:title\" content=\"NEC P554U - Projektor - Monitory Komercyjne Monitory komercyjne\" \/>\n<meta property=\"og:description\" content=\"TypLCDJasno\u015b\u0107 [AL]5300Rozdzielczo\u015b\u01071920 x 1200\u0179r\u00f3d\u0142o \u015bwiat\u0142aLampy\u017bywotno\u015b\u0107 \u017ar\u00f3d\u0142a \u015bwiat\u0142a [godz]8000Masa [kg]4,8Kod produktu60004329\" \/>\n<meta property=\"og:url\" content=\"https:\/\/monitorykomercyjne.pl\/index.php\/produkt\/nec-p554u-projektor\/\" \/>\n<meta property=\"og:site_name\" content=\"Monitory Komercyjne\" \/>\n<meta property=\"article:modified_time\" content=\"2024-05-09T07:39:45+00:00\" \/>\n<meta property=\"og:image\" content=\"https:\/\/monitorykomercyjne.pl\/wp-content\/uploads\/2024\/03\/NEC-P554U1.jpg\" \/>\n\t<meta property=\"og:image:width\" content=\"1600\" \/>\n\t<meta property=\"og:image:height\" content=\"1200\" \/>\n\t<meta property=\"og:image:type\" content=\"image\/jpeg\" \/>\n<meta name=\"twitter:card\" content=\"summary_large_image\" \/>\n<meta name=\"twitter:label1\" content=\"Szacowany czas czytania\" \/>\n\t<meta name=\"twitter:data1\" content=\"4 minuty\" \/>\n<script type=\"application\/ld+json\" class=\"yoast-schema-graph\">{\"@context\":\"https:\/\/schema.org\",\"@graph\":[{\"@type\":\"WebPage\",\"@id\":\"https:\/\/monitorykomercyjne.pl\/index.php\/produkt\/nec-p554u-projektor\/\",\"url\":\"https:\/\/monitorykomercyjne.pl\/index.php\/produkt\/nec-p554u-projektor\/\",\"name\":\"NEC P554U - Projektor - Monitory Komercyjne Monitory komercyjne\",\"isPartOf\":{\"@id\":\"https:\/\/monitorykomercyjne.pl\/#website\"},\"primaryImageOfPage\":{\"@id\":\"https:\/\/monitorykomercyjne.pl\/index.php\/produkt\/nec-p554u-projektor\/#primaryimage\"},\"image\":{\"@id\":\"https:\/\/monitorykomercyjne.pl\/index.php\/produkt\/nec-p554u-projektor\/#primaryimage\"},\"thumbnailUrl\":\"https:\/\/monitorykomercyjne.pl\/wp-content\/uploads\/2024\/03\/NEC-P554U1.jpg\",\"datePublished\":\"2024-03-06T08:04:47+00:00\",\"dateModified\":\"2024-05-09T07:39:45+00:00\",\"breadcrumb\":{\"@id\":\"https:\/\/monitorykomercyjne.pl\/index.php\/produkt\/nec-p554u-projektor\/#breadcrumb\"},\"inLanguage\":\"pl-PL\",\"potentialAction\":[{\"@type\":\"ReadAction\",\"target\":[\"https:\/\/monitorykomercyjne.pl\/index.php\/produkt\/nec-p554u-projektor\/\"]}]},{\"@type\":\"ImageObject\",\"inLanguage\":\"pl-PL\",\"@id\":\"https:\/\/monitorykomercyjne.pl\/index.php\/produkt\/nec-p554u-projektor\/#primaryimage\",\"url\":\"https:\/\/monitorykomercyjne.pl\/wp-content\/uploads\/2024\/03\/NEC-P554U1.jpg\",\"contentUrl\":\"https:\/\/monitorykomercyjne.pl\/wp-content\/uploads\/2024\/03\/NEC-P554U1.jpg\",\"width\":1600,\"height\":1200},{\"@type\":\"BreadcrumbList\",\"@id\":\"https:\/\/monitorykomercyjne.pl\/index.php\/produkt\/nec-p554u-projektor\/#breadcrumb\",\"itemListElement\":[{\"@type\":\"ListItem\",\"position\":1,\"name\":\"Strona g\u0142\u00f3wna\",\"item\":\"https:\/\/monitorykomercyjne.pl\/\"},{\"@type\":\"ListItem\",\"position\":2,\"name\":\"Produkty\",\"item\":\"https:\/\/monitorykomercyjne.pl\/index.php\/produkty\/\"},{\"@type\":\"ListItem\",\"position\":3,\"name\":\"NEC P554U &#8211; Projektor\"}]},{\"@type\":\"WebSite\",\"@id\":\"https:\/\/monitorykomercyjne.pl\/#website\",\"url\":\"https:\/\/monitorykomercyjne.pl\/\",\"name\":\"Monitory Komercyjne\",\"description\":\"\",\"potentialAction\":[{\"@type\":\"SearchAction\",\"target\":{\"@type\":\"EntryPoint\",\"urlTemplate\":\"https:\/\/monitorykomercyjne.pl\/?s={search_term_string}\"},\"query-input\":\"required name=search_term_string\"}],\"inLanguage\":\"pl-PL\"}]}<\/script>\n<!-- \/ Yoast SEO plugin. -->","yoast_head_json":{"title":"NEC P554U - Projektor - Monitory Komercyjne Monitory komercyjne","robots":{"index":"index","follow":"follow","max-snippet":"max-snippet:-1","max-image-preview":"max-image-preview:large","max-video-preview":"max-video-preview:-1"},"canonical":"https:\/\/monitorykomercyjne.pl\/index.php\/produkt\/nec-p554u-projektor\/","og_locale":"pl_PL","og_type":"article","og_title":"NEC P554U - Projektor - Monitory Komercyjne Monitory komercyjne","og_description":"TypLCDJasno\u015b\u0107 [AL]5300Rozdzielczo\u015b\u01071920 x 1200\u0179r\u00f3d\u0142o \u015bwiat\u0142aLampy\u017bywotno\u015b\u0107 \u017ar\u00f3d\u0142a \u015bwiat\u0142a [godz]8000Masa [kg]4,8Kod produktu60004329","og_url":"https:\/\/monitorykomercyjne.pl\/index.php\/produkt\/nec-p554u-projektor\/","og_site_name":"Monitory Komercyjne","article_modified_time":"2024-05-09T07:39:45+00:00","og_image":[{"width":1600,"height":1200,"url":"https:\/\/monitorykomercyjne.pl\/wp-content\/uploads\/2024\/03\/NEC-P554U1.jpg","type":"image\/jpeg"}],"twitter_card":"summary_large_image","twitter_misc":{"Szacowany czas czytania":"4 minuty"},"schema":{"@context":"https:\/\/schema.org","@graph":[{"@type":"WebPage","@id":"https:\/\/monitorykomercyjne.pl\/index.php\/produkt\/nec-p554u-projektor\/","url":"https:\/\/monitorykomercyjne.pl\/index.php\/produkt\/nec-p554u-projektor\/","name":"NEC P554U - Projektor - Monitory Komercyjne Monitory komercyjne","isPartOf":{"@id":"https:\/\/monitorykomercyjne.pl\/#website"},"primaryImageOfPage":{"@id":"https:\/\/monitorykomercyjne.pl\/index.php\/produkt\/nec-p554u-projektor\/#primaryimage"},"image":{"@id":"https:\/\/monitorykomercyjne.pl\/index.php\/produkt\/nec-p554u-projektor\/#primaryimage"},"thumbnailUrl":"https:\/\/monitorykomercyjne.pl\/wp-content\/uploads\/2024\/03\/NEC-P554U1.jpg","datePublished":"2024-03-06T08:04:47+00:00","dateModified":"2024-05-09T07:39:45+00:00","breadcrumb":{"@id":"https:\/\/monitorykomercyjne.pl\/index.php\/produkt\/nec-p554u-projektor\/#breadcrumb"},"inLanguage":"pl-PL","potentialAction":[{"@type":"ReadAction","target":["https:\/\/monitorykomercyjne.pl\/index.php\/produkt\/nec-p554u-projektor\/"]}]},{"@type":"ImageObject","inLanguage":"pl-PL","@id":"https:\/\/monitorykomercyjne.pl\/index.php\/produkt\/nec-p554u-projektor\/#primaryimage","url":"https:\/\/monitorykomercyjne.pl\/wp-content\/uploads\/2024\/03\/NEC-P554U1.jpg","contentUrl":"https:\/\/monitorykomercyjne.pl\/wp-content\/uploads\/2024\/03\/NEC-P554U1.jpg","width":1600,"height":1200},{"@type":"BreadcrumbList","@id":"https:\/\/monitorykomercyjne.pl\/index.php\/produkt\/nec-p554u-projektor\/#breadcrumb","itemListElement":[{"@type":"ListItem","position":1,"name":"Strona g\u0142\u00f3wna","item":"https:\/\/monitorykomercyjne.pl\/"},{"@type":"ListItem","position":2,"name":"Produkty","item":"https:\/\/monitorykomercyjne.pl\/index.php\/produkty\/"},{"@type":"ListItem","position":3,"name":"NEC P554U &#8211; Projektor"}]},{"@type":"WebSite","@id":"https:\/\/monitorykomercyjne.pl\/#website","url":"https:\/\/monitorykomercyjne.pl\/","name":"Monitory Komercyjne","description":"","potentialAction":[{"@type":"SearchAction","target":{"@type":"EntryPoint","urlTemplate":"https:\/\/monitorykomercyjne.pl\/?s={search_term_string}"},"query-input":"required name=search_term_string"}],"inLanguage":"pl-PL"}]}},"brands":[{"id":28,"name":"SharpNEC","slug":"sharpnec"}],"_links":{"self":[{"href":"https:\/\/monitorykomercyjne.pl\/index.php\/wp-json\/wp\/v2\/product\/721"}],"collection":[{"href":"https:\/\/monitorykomercyjne.pl\/index.php\/wp-json\/wp\/v2\/product"}],"about":[{"href":"https:\/\/monitorykomercyjne.pl\/index.php\/wp-json\/wp\/v2\/types\/product"}],"wp:featuredmedia":[{"embeddable":true,"href":"https:\/\/monitorykomercyjne.pl\/index.php\/wp-json\/wp\/v2\/media\/722"}],"wp:attachment":[{"href":"https:\/\/monitorykomercyjne.pl\/index.php\/wp-json\/wp\/v2\/media?parent=721"}],"wp:term":[{"taxonomy":"pwb-brand","embeddable":true,"href":"https:\/\/monitorykomercyjne.pl\/index.php\/wp-json\/wp\/v2\/pwb-brand?post=721"},{"taxonomy":"product_cat","embeddable":true,"href":"https:\/\/monitorykomercyjne.pl\/index.php\/wp-json\/wp\/v2\/product_cat?post=721"},{"taxonomy":"product_tag","embeddable":true,"href":"https:\/\/monitorykomercyjne.pl\/index.php\/wp-json\/wp\/v2\/product_tag?post=721"}],"curies":[{"name":"wp","href":"https:\/\/api.w.org\/{rel}","templated":true}]}}